{"id":149747,"date":"2025-07-24T08:51:01","date_gmt":"2025-07-24T12:51:01","guid":{"rendered":"https:\/\/wfh.org\/?page_id=149747"},"modified":"2025-11-10T13:11:50","modified_gmt":"2025-11-10T18:11:50","slug":"forum-mondial","status":"publish","type":"page","link":"https:\/\/wfh.org\/fr\/forum-mondial\/","title":{"rendered":"Forum mondial 2025 de la FMH"},"content":{"rendered":"\t\t<div data-elementor-type=\"wp-page\" data-elementor-id=\"149747\" class=\"elementor elementor-149747 elementor-149746\" data-elementor-post-type=\"page\">\n\t\t\t\t\t\t<section class=\"elementor-section elementor-top-section elementor-element elementor-element-7c45cd1 elementor-section-full_width elementor-section-height-default elementor-section-height-default\" data-id=\"7c45cd1\" data-element_type=\"section\" data-e-type=\"section\" data-settings=\"{&quot;background_background&quot;:&quot;classic&quot;}\">\n\t\t\t\t\t\t\t<div class=\"elementor-background-overlay\"><\/div>\n\t\t\t\t\t\t\t<div class=\"elementor-container elementor-column-gap-default\">\n\t\t\t\t\t<div class=\"elementor-column elementor-col-33 elementor-top-column elementor-element elementor-element-b6ac915 elementor-hidden-tablet elementor-hidden-mobile\" data-id=\"b6ac915\" data-element_type=\"column\" data-e-type=\"column\">\n\t\t\t<div class=\"elementor-widget-wrap elementor-element-populated\">\n\t\t\t\t\t\t<section class=\"elementor-section elementor-inner-section elementor-element elementor-element-ae0c92c elementor-section-full_width elementor-hidden-tablet elementor-hidden-mobile elementor-section-height-default elementor-section-height-default\" data-id=\"ae0c92c\" data-element_type=\"section\" data-e-type=\"section\" data-settings=\"{&quot;motion_fx_motion_fx_scrolling&quot;:&quot;yes&quot;,&quot;sticky&quot;:&quot;top&quot;,&quot;sticky_offset&quot;:120,&quot;motion_fx_devices&quot;:[&quot;desktop&quot;,&quot;tablet&quot;,&quot;mobile&quot;],&quot;sticky_on&quot;:[&quot;desktop&quot;,&quot;tablet&quot;,&quot;mobile&quot;],&quot;sticky_effects_offset&quot;:0,&quot;sticky_anchor_link_offset&quot;:0}\">\n\t\t\t\t\t\t<div class=\"elementor-container elementor-column-gap-no\">\n\t\t\t\t\t<div class=\"elementor-column elementor-col-100 elementor-inner-column elementor-element elementor-element-f26253d\" data-id=\"f26253d\" data-element_type=\"column\" data-e-type=\"column\">\n\t\t\t<div class=\"elementor-widget-wrap elementor-element-populated\">\n\t\t\t\t\t\t<div class=\"elementor-element elementor-element-e9d1576 elementor-widget elementor-widget-heading\" data-id=\"e9d1576\" data-element_type=\"widget\" data-e-type=\"widget\" data-widget_type=\"heading.default\">\n\t\t\t\t<div class=\"elementor-widget-container\">\n\t\t\t\t\t<span class=\"elementor-heading-title elementor-size-default\">LIENS RAPIDES<\/span>\t\t\t\t<\/div>\n\t\t\t\t<\/div>\n\t\t\t\t<div class=\"elementor-element elementor-element-4086d0b elementor-widget elementor-widget-heading\" data-id=\"4086d0b\" data-element_type=\"widget\" data-e-type=\"widget\" data-widget_type=\"heading.default\">\n\t\t\t\t<div class=\"elementor-widget-container\">\n\t\t\t\t\t<span class=\"elementor-heading-title elementor-size-default\"><a href=\"#about\">\u00c0 propos du Forum mondial<\/a><\/span>\t\t\t\t<\/div>\n\t\t\t\t<\/div>\n\t\t\t\t<div class=\"elementor-element elementor-element-0e2aed8 elementor-widget elementor-widget-heading\" data-id=\"0e2aed8\" data-element_type=\"widget\" data-e-type=\"widget\" data-widget_type=\"heading.default\">\n\t\t\t\t<div class=\"elementor-widget-container\">\n\t\t\t\t\t<span class=\"elementor-heading-title elementor-size-default\"><a href=\"#welcome\">Communication gouvernementale<\/a><\/span>\t\t\t\t<\/div>\n\t\t\t\t<\/div>\n\t\t\t\t<div class=\"elementor-element elementor-element-7008180 elementor-widget elementor-widget-heading\" data-id=\"7008180\" data-element_type=\"widget\" data-e-type=\"widget\" data-widget_type=\"heading.default\">\n\t\t\t\t<div class=\"elementor-widget-container\">\n\t\t\t\t\t<span class=\"elementor-heading-title elementor-size-default\"><a href=\"#agenda\">Programme<\/a><\/span>\t\t\t\t<\/div>\n\t\t\t\t<\/div>\n\t\t\t\t<div class=\"elementor-element elementor-element-d741c2b elementor-widget elementor-widget-heading\" data-id=\"d741c2b\" data-element_type=\"widget\" data-e-type=\"widget\" data-widget_type=\"heading.default\">\n\t\t\t\t<div class=\"elementor-widget-container\">\n\t\t\t\t\t<span class=\"elementor-heading-title elementor-size-default\"><a href=\"#registration\">Informations sur l\u2019inscription<\/a><\/span>\t\t\t\t<\/div>\n\t\t\t\t<\/div>\n\t\t\t\t<div class=\"elementor-element elementor-element-5dc2daf elementor-widget elementor-widget-heading\" data-id=\"5dc2daf\" data-element_type=\"widget\" data-e-type=\"widget\" data-widget_type=\"heading.default\">\n\t\t\t\t<div class=\"elementor-widget-container\">\n\t\t\t\t\t<span class=\"elementor-heading-title elementor-size-default\"><a href=\"#committee\">Comit\u00e9 et conf\u00e9renciers<\/a><\/span>\t\t\t\t<\/div>\n\t\t\t\t<\/div>\n\t\t\t\t<div class=\"elementor-element elementor-element-2bc6c0f elementor-widget elementor-widget-heading\" data-id=\"2bc6c0f\" data-element_type=\"widget\" data-e-type=\"widget\" data-widget_type=\"heading.default\">\n\t\t\t\t<div class=\"elementor-widget-container\">\n\t\t\t\t\t<span class=\"elementor-heading-title elementor-size-default\"><a href=\"#venue\">Lieu<\/a><\/span>\t\t\t\t<\/div>\n\t\t\t\t<\/div>\n\t\t\t\t<div class=\"elementor-element elementor-element-421c644 elementor-widget elementor-widget-heading\" data-id=\"421c644\" data-element_type=\"widget\" data-e-type=\"widget\" data-widget_type=\"heading.default\">\n\t\t\t\t<div class=\"elementor-widget-container\">\n\t\t\t\t\t<span class=\"elementor-heading-title elementor-size-default\"><a href=\"#travel\">Voyage<\/a><\/span>\t\t\t\t<\/div>\n\t\t\t\t<\/div>\n\t\t\t\t<div class=\"elementor-element elementor-element-14b276a elementor-widget elementor-widget-heading\" data-id=\"14b276a\" data-element_type=\"widget\" data-e-type=\"widget\" data-widget_type=\"heading.default\">\n\t\t\t\t<div class=\"elementor-widget-container\">\n\t\t\t\t\t<span class=\"elementor-heading-title elementor-size-default\"><a href=\"#news\">Actualit\u00e9s du Forum mondial<\/a><\/span>\t\t\t\t<\/div>\n\t\t\t\t<\/div>\n\t\t\t\t<div class=\"elementor-element elementor-element-69199cf elementor-widget elementor-widget-heading\" data-id=\"69199cf\" data-element_type=\"widget\" data-e-type=\"widget\" data-widget_type=\"heading.default\">\n\t\t\t\t<div class=\"elementor-widget-container\">\n\t\t\t\t\t<span class=\"elementor-heading-title elementor-size-default\"><a href=\"#sponsors\">Partenaires<\/a><\/span>\t\t\t\t<\/div>\n\t\t\t\t<\/div>\n\t\t\t\t<div class=\"elementor-element elementor-element-4638267 elementor-widget elementor-widget-html\" data-id=\"4638267\" data-element_type=\"widget\" data-e-type=\"widget\" data-widget_type=\"html.default\">\n\t\t\t\t<div class=\"elementor-widget-container\">\n\t\t\t\t\t<script>\r\n  \r\n  jQuery(document).ready(function($) {\r\n      \r\n        jQuery(\".accent_color\").css(\"color\",\"#ed174c!important\");\r\n});\r\n\r\n<\/script>\r\n\r\n<style>\r\n    #md_breadcrumbs .elementor-widget-container {\r\n        line-height: 1rem;\r\n    }\r\n<\/style>\r\n\t\t\t\t<\/div>\n\t\t\t\t<\/div>\n\t\t\t\t\t<\/div>\n\t\t<\/div>\n\t\t\t\t\t<\/div>\n\t\t<\/section>\n\t\t\t\t\t<\/div>\n\t\t<\/div>\n\t\t\t\t<div class=\"elementor-column elementor-col-33 elementor-top-column elementor-element elementor-element-b0c9893\" data-id=\"b0c9893\" data-element_type=\"column\" data-e-type=\"column\">\n\t\t\t<div class=\"elementor-widget-wrap elementor-element-populated\">\n\t\t\t\t\t\t<section class=\"elementor-section elementor-inner-section elementor-element elementor-element-cc6591f elementor-section-full_width elementor-section-height-default elementor-section-height-default\" data-id=\"cc6591f\" data-element_type=\"section\" data-e-type=\"section\" id=\"gf-header\" data-settings=\"{&quot;background_background&quot;:&quot;classic&quot;}\">\n\t\t\t\t\t\t<div class=\"elementor-container elementor-column-gap-default\">\n\t\t\t\t\t<div class=\"elementor-column elementor-col-100 elementor-inner-column elementor-element elementor-element-e6094b5\" data-id=\"e6094b5\" data-element_type=\"column\" data-e-type=\"column\">\n\t\t\t<div class=\"elementor-widget-wrap elementor-element-populated\">\n\t\t\t\t\t\t<div class=\"elementor-element elementor-element-1a56883 elementor-widget__width-inherit elementor-widget-mobile__width-inherit elementor-widget elementor-widget-html\" data-id=\"1a56883\" data-element_type=\"widget\" data-e-type=\"widget\" data-widget_type=\"html.default\">\n\t\t\t\t<div class=\"elementor-widget-container\">\n\t\t\t\t\t<div class=\"gf-header\">\r\n    <div class=\"header-overlay\">\r\n        <div class=\"globe\">\r\n             <img decoding=\"async\" src=\"\/wp-content\/uploads\/2025\/07\/gf2025-white-globe.png\">\r\n        <\/div>\r\n    <\/div>\r\n\r\n    <div style=\"position: relative\">\r\n        <div class=\"gf-logo\">\r\n            <img decoding=\"async\" src=\"https:\/\/wfh.org\/wp-content\/uploads\/2025\/07\/gf2025-logo-en.png\" style=\"width:100%\">\r\n        <\/div>\r\n\r\n        <div class=\"gf-text\">\r\n            <h3>Advances and access to safe treatment products for bleeding disorders<\/h3>\r\n\r\n            <p>13\u201314 novembre 2025<br>\r\n            Montr\u00e9al, Canada<\/p>\r\n        <\/div>\r\n\r\n\r\n        <div class=\"gf-button-row\">\r\n   \r\n            <div class=\"row-left\">\r\n                <!-- cta button -->\r\n                <a class=\"gfBtn\" href=\"https:\/\/wfh.org\/fr\/forum-mondial\/#registration\">\r\n                    S'INSCRIRE\r\n                <\/a>\r\n            <\/div>\r\n            <div class=\"row-right\">\r\n                <a href=\"\/fr\/\">\r\n                    <img decoding=\"async\" src=\"\/wp-content\/uploads\/2023\/06\/WFH-Logo_Tri-FR_W.png\">\r\n                <\/a>\r\n            <\/div>\r\n        <\/div>\r\n\r\n    <\/div>\r\n<\/div>\r\n\r\n<style>\r\n\r\n.header-overlay {\r\n    position: absolute;\r\n    background-image: linear-gradient(to right, #ffffff, #ffffff00 80%);\r\n    top: 0; bottom: 0; right: 0; left: 0;\r\n}\r\n\r\n.gf-button-row {\r\n    display: flex;\r\n    column-gap: 1rem;\r\n}\r\n.gf-button-row a {\r\n   \r\n}\r\n.globe {\r\n    position: relative;\r\n    height: 100%;\r\n}\r\n.globe img {\r\n    height: 100%;\r\n    width: auto;\r\n    overflow: hidden;\r\n    opacity: .85;\r\n}\r\n\r\n<\/style>\t\t\t\t<\/div>\n\t\t\t\t<\/div>\n\t\t\t\t\t<\/div>\n\t\t<\/div>\n\t\t\t\t\t<\/div>\n\t\t<\/section>\n\t\t\t\t<div class=\"elementor-element elementor-element-3bf99a9 elementor-widget elementor-widget-heading\" data-id=\"3bf99a9\" data-element_type=\"widget\" data-e-type=\"widget\" id=\"about\" data-widget_type=\"heading.default\">\n\t\t\t\t<div class=\"elementor-widget-container\">\n\t\t\t\t\t<h1 class=\"elementor-heading-title elementor-size-default\">Forum mondial de la FMH<\/h1>\t\t\t\t<\/div>\n\t\t\t\t<\/div>\n\t\t\t\t\t<\/div>\n\t\t<\/div>\n\t\t\t\t<div class=\"elementor-column elementor-col-33 elementor-top-column elementor-element elementor-element-9fffd7f elementor-hidden-tablet elementor-hidden-mobile\" data-id=\"9fffd7f\" data-element_type=\"column\" data-e-type=\"column\">\n\t\t\t<div class=\"elementor-widget-wrap elementor-element-populated\">\n\t\t\t\t\t\t<div class=\"elementor-element elementor-element-3e08aac elementor-widget elementor-widget-wpml-language-switcher\" data-id=\"3e08aac\" data-element_type=\"widget\" data-e-type=\"widget\" data-widget_type=\"wpml-language-switcher.default\">\n\t\t\t\t<div class=\"elementor-widget-container\">\n\t\t\t\t\t<div class=\"wpml-elementor-ls\"><p class=\"wpml-ls-statics-post_translations wpml-ls\">Aussi disponible en&nbsp;: \n<span role=\"navigation\">\n\t<span class=\"wpml-ls-slot-post_translations wpml-ls-item wpml-ls-item-en wpml-ls-first-item wpml-ls-item-legacy-post-translations\"><a href=\"https:\/\/wfh.org\/\" hreflang=\"en\" lang=\"en\" class=\"wpml-ls-link\" aria-label=\"Passer \u00e0 English\" title=\"Passer \u00e0 English\"><span class=\"wpml-ls-native\">English<\/span><\/a><\/span>\t<span class=\"wpml-ls-slot-post_translations wpml-ls-item wpml-ls-item-es wpml-ls-item-legacy-post-translations\"><a href=\"https:\/\/wfh.org\/es\/\" hreflang=\"es\" lang=\"es\" class=\"wpml-ls-link\" aria-label=\"Passer \u00e0 Espa\u00f1ol\" title=\"Passer \u00e0 Espa\u00f1ol\"><span class=\"wpml-ls-native\">Espa\u00f1ol<\/span><\/a><\/span>\t<span class=\"wpml-ls-slot-post_translations wpml-ls-item wpml-ls-item-ru wpml-ls-item-legacy-post-translations\"><a href=\"https:\/\/wfh.org\/ru\/\" hreflang=\"ru\" lang=\"ru\" class=\"wpml-ls-link\" aria-label=\"Passer \u00e0 \u0420\u0443\u0441\u0441\u043a\u0438\u0439\" title=\"Passer \u00e0 \u0420\u0443\u0441\u0441\u043a\u0438\u0439\"><span class=\"wpml-ls-native\">\u0420\u0443\u0441\u0441\u043a\u0438\u0439<\/span><\/a><\/span>\t<span class=\"wpml-ls-slot-post_translations wpml-ls-item wpml-ls-item-ja wpml-ls-item-legacy-post-translations\"><a href=\"https:\/\/wfh.org\/ja\/\" hreflang=\"ja\" lang=\"ja\" class=\"wpml-ls-link\" aria-label=\"Passer \u00e0 \u65e5\u672c\u8a9e\" title=\"Passer \u00e0 \u65e5\u672c\u8a9e\"><span class=\"wpml-ls-native\">\u65e5\u672c\u8a9e<\/span><\/a><\/span>\t<span class=\"wpml-ls-slot-post_translations wpml-ls-item wpml-ls-item-ar wpml-ls-last-item wpml-ls-item-legacy-post-translations\"><a href=\"https:\/\/wfh.org\/ar\/\" hreflang=\"ar\" lang=\"ar\" class=\"wpml-ls-link\" aria-label=\"Passer \u00e0 \u0627\u0644\u0639\u0631\u0628\u064a\u0629\" title=\"Passer \u00e0 \u0627\u0644\u0639\u0631\u0628\u064a\u0629\"><span class=\"wpml-ls-native\">\u0627\u0644\u0639\u0631\u0628\u064a\u0629<\/span><\/a><\/span><\/span>\n<\/p><\/div>\t\t\t\t<\/div>\n\t\t\t\t<\/div>\n\t\t\t\t<div class=\"elementor-element elementor-element-033df45 elementor-widget-divider--view-line elementor-widget elementor-widget-divider\" data-id=\"033df45\" data-element_type=\"widget\" data-e-type=\"widget\" data-widget_type=\"divider.default\">\n\t\t\t\t<div class=\"elementor-widget-container\">\n\t\t\t\t\t\t\t<div class=\"elementor-divider\">\n\t\t\t<span class=\"elementor-divider-separator\">\n\t\t\t\t\t\t<\/span>\n\t\t<\/div>\n\t\t\t\t\t\t<\/div>\n\t\t\t\t<\/div>\n\t\t\t\t<div class=\"elementor-element elementor-element-0fd013a elementor-align-start elementor-mobile-align-start elementor-icon-list--layout-traditional elementor-list-item-link-full_width elementor-widget elementor-widget-icon-list\" data-id=\"0fd013a\" data-element_type=\"widget\" data-e-type=\"widget\" data-widget_type=\"icon-list.default\">\n\t\t\t\t<div class=\"elementor-widget-container\">\n\t\t\t\t\t\t\t<ul class=\"elementor-icon-list-items\">\n\t\t\t\t\t\t\t<li class=\"elementor-icon-list-item\">\n\t\t\t\t\t\t\t\t\t\t\t<a href=\"#elementor-action%3Aaction%3Dpopup%3Aopen%26settings%3DeyJpZCI6MjUyNjksInRvZ2dsZSI6ZmFsc2V9\">\n\n\t\t\t\t\t\t\t\t\t\t\t\t<span class=\"elementor-icon-list-icon\">\n\t\t\t\t\t\t\t<svg xmlns=\"http:\/\/www.w3.org\/2000\/svg\" xmlns:xlink=\"http:\/\/www.w3.org\/1999\/xlink\" id=\"Component_32_3\" x=\"0px\" y=\"0px\" width=\"50.711px\" height=\"49.754px\" viewBox=\"0 0 50.711 49.754\" xml:space=\"preserve\"><linearGradient id=\"Path_1011_1_\" gradientUnits=\"userSpaceOnUse\" x1=\"5.8896\" y1=\"41.918\" x2=\"6.8896\" y2=\"41.918\" gradientTransform=\"matrix(50.711 0 0 -49.7563 -298.6762 2110.5713)\">\t<stop offset=\"0\" style=\"stop-color:#EC174C\"><\/stop>\t<stop offset=\"1\" style=\"stop-color:#1F3F78\"><\/stop><\/linearGradient><path id=\"Path_1011\" fill=\"url(#Path_1011_1_)\" d=\"M25.355,0c13.872-0.131,25.223,11.006,25.356,24.877 c-0.133,13.871-11.484,25.008-25.356,24.877C11.484,49.885,0.134,38.748,0,24.877C0.134,11.006,11.484-0.13,25.355,0z\"><\/path><g id=\"Group_6417\" transform=\"translate(14.217 11.485)\">\t<circle id=\"Ellipse_302\" fill=\"#FFFFFF\" cx=\"17.344\" cy=\"21.574\" r=\"4.481\"><\/circle>\t<circle id=\"Ellipse_306\" fill=\"#FFFFFF\" cx=\"1.51\" cy=\"12.885\" r=\"4.481\"><\/circle>\t<circle id=\"Ellipse_305\" fill=\"#FFFFFF\" cx=\"17.054\" cy=\"4.775\" r=\"4.481\"><\/circle>\t<line id=\"Line_61\" fill=\"none\" stroke=\"#FFFFFF\" stroke-width=\"2\" x1=\"17.117\" y1=\"21.459\" x2=\"1.646\" y2=\"13.751\"><\/line>\t<line id=\"Line_62\" fill=\"none\" stroke=\"#FFFFFF\" stroke-width=\"2\" x1=\"16.831\" y1=\"4.9\" x2=\"1.636\" y2=\"13.138\"><\/line><\/g><\/svg>\t\t\t\t\t\t<\/span>\n\t\t\t\t\t\t\t\t\t\t<span class=\"elementor-icon-list-text\">Partager avec un ami<\/span>\n\t\t\t\t\t\t\t\t\t\t\t<\/a>\n\t\t\t\t\t\t\t\t\t<\/li>\n\t\t\t\t\t\t<\/ul>\n\t\t\t\t\t\t<\/div>\n\t\t\t\t<\/div>\n\t\t\t\t<div class=\"elementor-element elementor-element-360e1cc sidebar-email-container elementor-widget elementor-widget-text-editor\" data-id=\"360e1cc\" data-element_type=\"widget\" data-e-type=\"widget\" data-widget_type=\"text-editor.default\">\n\t\t\t\t<div class=\"elementor-widget-container\">\n\t\t\t\t\t\t\t\t\t<p class=\"\"><b>Forum mondial de la FMH<\/b><br class=\"\" \/><a title=\"mailto:gpas@wfh.org\" href=\"mailto:gf@wfh.org\" target=\"_blank\" rel=\"noopener noreferrer\">gf@wfh.org<\/a><\/p>\n\t\t\t\t\t\t\t\t<\/div>\n\t\t\t\t<\/div>\n\t\t\t\t<div class=\"elementor-element elementor-element-107ef80 elementor-widget-divider--view-line elementor-widget elementor-widget-divider\" data-id=\"107ef80\" data-element_type=\"widget\" data-e-type=\"widget\" data-widget_type=\"divider.default\">\n\t\t\t\t<div class=\"elementor-widget-container\">\n\t\t\t\t\t\t\t<div class=\"elementor-divider\">\n\t\t\t<span class=\"elementor-divider-separator\">\n\t\t\t\t\t\t<\/span>\n\t\t<\/div>\n\t\t\t\t\t\t<\/div>\n\t\t\t\t<\/div>\n\t\t\t\t<div class=\"elementor-element elementor-element-cb8c756 elementor-widget elementor-widget-text-editor\" data-id=\"cb8c756\" data-element_type=\"widget\" data-e-type=\"widget\" data-widget_type=\"text-editor.default\">\n\t\t\t\t<div class=\"elementor-widget-container\">\n\t\t\t\t\t\t\t\t\t<p class=\"\"><b>ORGANIS\u00c9 PAR\u00a0:<\/b><br class=\"\" \/>F\u00e9d\u00e9ration mondiale de l\u2019h\u00e9mophilie<\/p>\t\t\t\t\t\t\t\t<\/div>\n\t\t\t\t<\/div>\n\t\t\t\t<div class=\"elementor-element elementor-element-4186705 elementor-widget elementor-widget-html\" data-id=\"4186705\" data-element_type=\"widget\" data-e-type=\"widget\" data-widget_type=\"html.default\">\n\t\t\t\t<div class=\"elementor-widget-container\">\n\t\t\t\t\t<script>\r\n\r\njQuery( \"#sharingicon\" ).click(function() {\r\n     jQuery( \"#sharingbtns\" ).toggle();\r\n});\r\n\r\n<\/script>\t\t\t\t<\/div>\n\t\t\t\t<\/div>\n\t\t\t\t\t<\/div>\n\t\t<\/div>\n\t\t\t\t\t<\/div>\n\t\t<\/section>\n\t\t\t\t<section class=\"elementor-section elementor-top-section elementor-element elementor-element-5ba2f6f elementor-section-full_width elementor-section-height-default elementor-section-height-default\" data-id=\"5ba2f6f\" data-element_type=\"section\" data-e-type=\"section\" data-settings=\"{&quot;background_background&quot;:&quot;classic&quot;}\">\n\t\t\t\t\t\t\t<div class=\"elementor-background-overlay\"><\/div>\n\t\t\t\t\t\t\t<div class=\"elementor-container elementor-column-gap-default\">\n\t\t\t\t\t<div class=\"elementor-column elementor-col-16 elementor-top-column elementor-element elementor-element-4a4ca0a elementor-hidden-mobile elementor-hidden-tablet\" data-id=\"4a4ca0a\" data-element_type=\"column\" data-e-type=\"column\">\n\t\t\t<div class=\"elementor-widget-wrap\">\n\t\t\t\t\t\t\t<\/div>\n\t\t<\/div>\n\t\t\t\t<div class=\"elementor-column elementor-col-66 elementor-top-column elementor-element elementor-element-2456a75\" data-id=\"2456a75\" data-element_type=\"column\" data-e-type=\"column\">\n\t\t\t<div class=\"elementor-widget-wrap elementor-element-populated\">\n\t\t\t\t\t\t<div class=\"elementor-element elementor-element-c1af391 clamp_p elementor-widget elementor-widget-text-editor\" data-id=\"c1af391\" data-element_type=\"widget\" data-e-type=\"widget\" data-widget_type=\"text-editor.default\">\n\t\t\t\t<div class=\"elementor-widget-container\">\n\t\t\t\t\t\t\t\t\t<p class=\"\">\u00c0 vos calendriers\u00a0! Le 14<sup>e<\/sup> Forum mondial de la F\u00e9d\u00e9ration mondiale de l\u2019h\u00e9mophilie (FMH) se tiendra en pr\u00e9sentiel les 13 et 14 novembre 2025 \u00e0 l\u2019h\u00f4tel William Gray dans la belle ville de Montr\u00e9al (Canada). Cette ann\u00e9e, le forum se concentrera sur les avanc\u00e9es et l\u2019acc\u00e8s aux produits th\u00e9rapeutiques pour les troubles de la coagulation.<\/p>\n\t\t\t\t\t\t\t\t<\/div>\n\t\t\t\t<\/div>\n\t\t\t\t<div class=\"elementor-element elementor-element-6699ec3 clamp_p elementor-widget elementor-widget-text-editor\" data-id=\"6699ec3\" data-element_type=\"widget\" data-e-type=\"widget\" data-widget_type=\"text-editor.default\">\n\t\t\t\t<div class=\"elementor-widget-container\">\n\t\t\t\t\t\t\t\t\t<p class=\"\">Le Forum mondial de la FMH est un \u00e9v\u00e9nement incontournable pour toute personne int\u00e9ress\u00e9e par les \u00e9volutions qui d\u00e9finissent la communaut\u00e9 mondiale des troubles de la coagulation aujourd\u2019hui. Les participant\u00b7es b\u00e9n\u00e9ficieront d\u2019une perspective globale sur les derni\u00e8res avanc\u00e9es dans les soins et auront l\u2019opportunit\u00e9 de discuter directement avec les expert\u00b7es de niveau international qui sont \u00e0 la pointe de l\u2019innovation dans notre domaine. Le Forum abordera de nombreux sujets essentiels et pressants, parmi lesquels :<\/p>\n<ul style=\"margin-bottom: 1em;\">\n<li>un r\u00e9capitulatif g\u00e9n\u00e9ral sur la s\u00e9curit\u00e9 et la surveillance ;<\/li>\n<li>un approfondissement sur les agents de r\u00e9\u00e9quilibrage ;<\/li>\n<li>les avanc\u00e9es dans les soins de la maladie de Willebrand ;<\/li>\n<li>les femmes et les filles atteintes d\u2019un trouble de la coagulation ;<\/li>\n<li>le paysage de la th\u00e9rapie g\u00e9nique en 2025 ;<\/li>\n<li>l\u2019interruption globale de la fabrication de certains produits ;<\/li>\n<li>les th\u00e9rapies et technologies \u00e9mergentes.<\/li>\n<\/ul>\n<p><\/p>\n<p class=\"\">Le Forum mondial sera copr\u00e9sid\u00e9 par le Dr Glenn Pierce (MD, PhD), vice-pr\u00e9sident m\u00e9dical de la FMH, et par Radoslaw Kaczmarek, pr\u00e9sident du Comit\u00e9 de la FMH sur la s\u00e9curit\u00e9, l\u2019approvisionnement et l\u2019acc\u00e8s aux produits.<\/p>\n<p><\/p>\n<p class=\"\">Nous avons h\u00e2te de vous retrouver \u00e0 Montr\u00e9al en novembre prochain !<\/p>\n<p><\/p>\n<p style=\"margin-top: 2rem;\"><em><strong>\u00c0 noter :<\/strong> le 14<sup>e<\/sup> Forum mondial de la FMH se tiendra exclusivement en anglais.<\/em><\/p>\n\t\t\t\t\t\t\t\t<\/div>\n\t\t\t\t<\/div>\n\t\t\t\t\t<\/div>\n\t\t<\/div>\n\t\t\t\t<div class=\"elementor-column elementor-col-16 elementor-top-column elementor-element elementor-element-5cd06a3\" data-id=\"5cd06a3\" data-element_type=\"column\" data-e-type=\"column\">\n\t\t\t<div class=\"elementor-widget-wrap elementor-element-populated\">\n\t\t\t\t\t\t<section class=\"elementor-section elementor-inner-section elementor-element elementor-element-4bf264a elementor-section-full_width elementor-section-height-default elementor-section-height-default\" data-id=\"4bf264a\" data-element_type=\"section\" data-e-type=\"section\" data-settings=\"{&quot;background_background&quot;:&quot;classic&quot;}\">\n\t\t\t\t\t\t<div class=\"elementor-container elementor-column-gap-no\">\n\t\t\t\t\t<div class=\"elementor-column elementor-col-100 elementor-inner-column elementor-element elementor-element-632b30e\" data-id=\"632b30e\" data-element_type=\"column\" data-e-type=\"column\">\n\t\t\t<div class=\"elementor-widget-wrap elementor-element-populated\">\n\t\t\t\t\t\t<div class=\"elementor-element elementor-element-1220c87 elementor-align-left btn-register-right elementor-widget elementor-widget-button\" data-id=\"1220c87\" data-element_type=\"widget\" data-e-type=\"widget\" data-widget_type=\"button.default\">\n\t\t\t\t<div class=\"elementor-widget-container\">\n\t\t\t\t\t\t\t\t\t<div class=\"elementor-button-wrapper\">\n\t\t\t\t\t<a class=\"elementor-button elementor-button-link elementor-size-xs\" href=\"https:\/\/na.eventscloud.com\/gf2025\" target=\"_blank\">\n\t\t\t\t\t\t<span class=\"elementor-button-content-wrapper\">\n\t\t\t\t\t\t<span class=\"elementor-button-icon\">\n\t\t\t\t<i aria-hidden=\"true\" class=\"fas fa-arrow-right\"><\/i>\t\t\t<\/span>\n\t\t\t\t\t\t\t\t\t<span class=\"elementor-button-text\">S'inscrire maintenant<\/span>\n\t\t\t\t\t<\/span>\n\t\t\t\t\t<\/a>\n\t\t\t\t<\/div>\n\t\t\t\t\t\t\t\t<\/div>\n\t\t\t\t<\/div>\n\t\t\t\t\t<\/div>\n\t\t<\/div>\n\t\t\t\t\t<\/div>\n\t\t<\/section>\n\t\t\t\t\t<\/div>\n\t\t<\/div>\n\t\t\t\t\t<\/div>\n\t\t<\/section>\n\t\t\t\t<section class=\"elementor-section elementor-top-section elementor-element elementor-element-f277011 elementor-section-full_width elementor-section-height-default elementor-section-height-default\" data-id=\"f277011\" data-element_type=\"section\" data-e-type=\"section\" id=\"welcome\" data-settings=\"{&quot;background_background&quot;:&quot;classic&quot;}\">\n\t\t\t\t\t\t\t<div class=\"elementor-background-overlay\"><\/div>\n\t\t\t\t\t\t\t<div class=\"elementor-container elementor-column-gap-default\">\n\t\t\t\t\t<div class=\"elementor-column elementor-col-50 elementor-top-column elementor-element elementor-element-70d17fe elementor-hidden-mobile elementor-hidden-tablet\" data-id=\"70d17fe\" data-element_type=\"column\" data-e-type=\"column\">\n\t\t\t<div class=\"elementor-widget-wrap\">\n\t\t\t\t\t\t\t<\/div>\n\t\t<\/div>\n\t\t\t\t<div class=\"elementor-column elementor-col-50 elementor-top-column elementor-element elementor-element-b7beec6\" data-id=\"b7beec6\" data-element_type=\"column\" data-e-type=\"column\">\n\t\t\t<div class=\"elementor-widget-wrap elementor-element-populated\">\n\t\t\t\t\t\t<div class=\"elementor-element elementor-element-14e99da clamp_h2 elementor-widget elementor-widget-heading\" data-id=\"14e99da\" data-element_type=\"widget\" data-e-type=\"widget\" data-widget_type=\"heading.default\">\n\t\t\t\t<div class=\"elementor-widget-container\">\n\t\t\t\t\t<h2 class=\"elementor-heading-title elementor-size-default\">COMMUNICATION GOUVERNEMENTALE<\/h2>\t\t\t\t<\/div>\n\t\t\t\t<\/div>\n\t\t\t\t<div class=\"elementor-element elementor-element-0a84b55 clamp_p elementor-widget elementor-widget-text-editor\" data-id=\"0a84b55\" data-element_type=\"widget\" data-e-type=\"widget\" data-widget_type=\"text-editor.default\">\n\t\t\t\t<div class=\"elementor-widget-container\">\n\t\t\t\t\t\t\t\t\t<p class=\"\">Fran\u00e7ois Legault, premier ministre du Qu\u00e9bec, souhaite chaleureusement la bienvenue \u00e0 tous les participants du 14<sup>e<\/sup> Forum mondial de la F\u00e9d\u00e9ration mondiale de l\u2019h\u00e9mophilie (FMH), que se tiendra cette ann\u00e9e \u00e0 Montr\u00e9al.<\/p>\n\t\t\t\t\t\t\t\t<\/div>\n\t\t\t\t<\/div>\n\t\t\t\t<div class=\"elementor-element elementor-element-3065dea elementor-widget__width-inherit elementor-widget elementor-widget-html\" data-id=\"3065dea\" data-element_type=\"widget\" data-e-type=\"widget\" data-widget_type=\"html.default\">\n\t\t\t\t<div class=\"elementor-widget-container\">\n\t\t\t\t\t<div class=\"gov-wrapper\" >\r\n    <a href=\"\/wp-content\/uploads\/2025\/08\/gf2025-message-du-premier-ministre.pdf\" target=\"_blank\"> <img decoding=\"async\" src=\"\/wp-content\/uploads\/2025\/08\/gf2025-message-du-premier-ministre-img.png\"  style=\"box-shadow: rgba(0, 0, 0, 0.15) 0px 5px 15px 0px;\" \/><\/a>\r\n    <p style=\"padding: 12px;\"><em>Lisez la lettre de Fran\u00e7ois Legault, premier ministre du Qu\u00e9bec.<\/em><\/p>\r\n<\/div>\r\n\r\n\r\n\r\n<style>\r\n.gov-wrapper {\r\n    width: 60%;\r\n    max-width: 450px\r\n}\r\n\r\n@media only screen and (max-width: 768px) {\r\n    .gov-wrapper {\r\n        width: 100%;\r\n    }\r\n    .gov-wrapper p {\r\n         text-align: center;\r\n    }\r\n}\r\n\r\n<\/style>\r\n\r\n\r\n\t\t\t\t<\/div>\n\t\t\t\t<\/div>\n\t\t\t\t\t<\/div>\n\t\t<\/div>\n\t\t\t\t\t<\/div>\n\t\t<\/section>\n\t\t\t\t<section class=\"elementor-section elementor-top-section elementor-element elementor-element-8c26847 elementor-section-full_width elementor-section-height-default elementor-section-height-default\" data-id=\"8c26847\" data-element_type=\"section\" data-e-type=\"section\" id=\"agenda\" data-settings=\"{&quot;background_background&quot;:&quot;classic&quot;}\">\n\t\t\t\t\t\t\t<div class=\"elementor-background-overlay\"><\/div>\n\t\t\t\t\t\t\t<div class=\"elementor-container elementor-column-gap-default\">\n\t\t\t\t\t<div class=\"elementor-column elementor-col-50 elementor-top-column elementor-element elementor-element-ea548bb elementor-hidden-mobile elementor-hidden-tablet\" data-id=\"ea548bb\" data-element_type=\"column\" data-e-type=\"column\">\n\t\t\t<div class=\"elementor-widget-wrap\">\n\t\t\t\t\t\t\t<\/div>\n\t\t<\/div>\n\t\t\t\t<div class=\"elementor-column elementor-col-50 elementor-top-column elementor-element elementor-element-4cbc385\" data-id=\"4cbc385\" data-element_type=\"column\" data-e-type=\"column\">\n\t\t\t<div class=\"elementor-widget-wrap elementor-element-populated\">\n\t\t\t\t\t\t<div class=\"elementor-element elementor-element-c47e38c clamp_h2 elementor-widget elementor-widget-heading\" data-id=\"c47e38c\" data-element_type=\"widget\" data-e-type=\"widget\" data-widget_type=\"heading.default\">\n\t\t\t\t<div class=\"elementor-widget-container\">\n\t\t\t\t\t<h2 class=\"elementor-heading-title elementor-size-default\">PROGRAMME<\/h2>\t\t\t\t<\/div>\n\t\t\t\t<\/div>\n\t\t\t\t<div class=\"elementor-element elementor-element-1e8a2f2 clamp_p elementor-widget elementor-widget-text-editor\" data-id=\"1e8a2f2\" data-element_type=\"widget\" data-e-type=\"widget\" data-widget_type=\"text-editor.default\">\n\t\t\t\t<div class=\"elementor-widget-container\">\n\t\t\t\t\t\t\t\t\t<p class=\"\">Ce forum de deux jours en pr\u00e9sentiel, qui se tiendra \u00e0 l\u2019h\u00f4tel William Gray de Montr\u00e9al, proposera des sessions pl\u00e9ni\u00e8res et p\u00e9dagogiques, ainsi que des \u00e9changes interactifs, tous sur le th\u00e8me des avanc\u00e9es et de l\u2019acc\u00e8s aux produits th\u00e9rapeutiques s\u00fbrs pour les troubles de la coagulation.<\/p>\n<p><!--p class=\"\">All session times are listed in EDT.<\/p-->\n\t\t\t\t\t\t\t\t<\/div>\n\t\t\t\t<\/div>\n\t\t\t\t<div class=\"elementor-element elementor-element-34d569d elementor-widget__width-inherit schedule-by-day-top elementor-widget elementor-widget-button\" data-id=\"34d569d\" data-element_type=\"widget\" data-e-type=\"widget\" data-widget_type=\"button.default\">\n\t\t\t\t<div class=\"elementor-widget-container\">\n\t\t\t\t\t\t\t\t\t<div class=\"elementor-button-wrapper\">\n\t\t\t\t\t<a class=\"elementor-button elementor-button-link elementor-size-sm\" href=\"\/wp-content\/uploads\/2025\/09\/gf2025-program-at-a-glance.png\" target=\"_blank\" data-elementor-open-lightbox=\"no\">\n\t\t\t\t\t\t<span class=\"elementor-button-content-wrapper\">\n\t\t\t\t\t\t\t\t\t<span class=\"elementor-button-text\">Programme en un coup d\u2019\u0153il<\/span>\n\t\t\t\t\t<\/span>\n\t\t\t\t\t<\/a>\n\t\t\t\t<\/div>\n\t\t\t\t\t\t\t\t<\/div>\n\t\t\t\t<\/div>\n\t\t\t\t<div class=\"elementor-element elementor-element-014ae0e elementor-widget elementor-widget-heading\" data-id=\"014ae0e\" data-element_type=\"widget\" data-e-type=\"widget\" data-widget_type=\"heading.default\">\n\t\t\t\t<div class=\"elementor-widget-container\">\n\t\t\t\t\t<h3 class=\"elementor-heading-title elementor-size-default\">Calendrier<\/h3>\t\t\t\t<\/div>\n\t\t\t\t<\/div>\n\t\t\t\t<div class=\"elementor-element elementor-element-60329e7 clamp_p elementor-widget elementor-widget-text-editor\" data-id=\"60329e7\" data-element_type=\"widget\" data-e-type=\"widget\" data-widget_type=\"text-editor.default\">\n\t\t\t\t<div class=\"elementor-widget-container\">\n\t\t\t\t\t\t\t\t\t<p class=\"\"><em><strong>* Le 14<sup>e<\/sup> Forum mondial de la FMH se tiendra exclusivement en anglais.<\/strong><\/em><\/p>\n\t\t\t\t\t\t\t\t<\/div>\n\t\t\t\t<\/div>\n\t\t\t\t<div class=\"elementor-element elementor-element-b80181f clamp_p elementor-widget elementor-widget-accordion\" data-id=\"b80181f\" data-element_type=\"widget\" data-e-type=\"widget\" data-widget_type=\"accordion.default\">\n\t\t\t\t<div class=\"elementor-widget-container\">\n\t\t\t\t\t\t\t<div class=\"elementor-accordion\">\n\t\t\t\t\t\t\t<div class=\"elementor-accordion-item\">\n\t\t\t\t\t<div id=\"elementor-tab-title-1921\" class=\"elementor-tab-title\" data-tab=\"1\" role=\"button\" aria-controls=\"elementor-tab-content-1921\" aria-expanded=\"false\">\n\t\t\t\t\t\t\t\t\t\t\t\t\t<span class=\"elementor-accordion-icon elementor-accordion-icon-right\" aria-hidden=\"true\">\n\t\t\t\t\t\t\t\t\t\t\t\t\t\t\t<span class=\"elementor-accordion-icon-closed\"><i class=\"fas fa-chevron-down\"><\/i><\/span>\n\t\t\t\t\t\t\t\t<span class=\"elementor-accordion-icon-opened\"><i class=\"fas fa-chevron-up\"><\/i><\/span>\n\t\t\t\t\t\t\t\t\t\t\t\t\t\t<\/span>\n\t\t\t\t\t\t\t\t\t\t\t\t<a class=\"elementor-accordion-title\" tabindex=\"0\"><div class=\"cal-title\"><p class=\"cal-day\">&nbsp;&nbsp;JOUR 1<\/p><p class=\"cal-title-line\">|<p class=\"cal-date\">13 novembre 2025<\/p><\/div><\/a>\n\t\t\t\t\t<\/div>\n\t\t\t\t\t<div id=\"elementor-tab-content-1921\" class=\"elementor-tab-content elementor-clearfix\" data-tab=\"1\" role=\"region\" aria-labelledby=\"elementor-tab-title-1921\"><div style=\"margin: 0;\">\t\t<div data-elementor-type=\"section\" data-elementor-id=\"155535\" class=\"elementor elementor-155535\" data-elementor-post-type=\"elementor_library\">\n\t\t\t\t\t<section class=\"elementor-section elementor-top-section elementor-element elementor-element-b59aacf elementor-section-full_width elementor-section-height-default elementor-section-height-default\" data-id=\"b59aacf\" data-element_type=\"section\" data-e-type=\"section\">\n\t\t\t\t\t\t<div class=\"elementor-container elementor-column-gap-no\">\n\t\t\t\t\t<div class=\"elementor-column elementor-col-100 elementor-top-column elementor-element elementor-element-3d4407cc\" data-id=\"3d4407cc\" data-element_type=\"column\" data-e-type=\"column\">\n\t\t\t<div class=\"elementor-widget-wrap elementor-element-populated\">\n\t\t\t\t\t\t<div class=\"elementor-element elementor-element-34059572 elementor-widget elementor-widget-html\" data-id=\"34059572\" data-element_type=\"widget\" data-e-type=\"widget\" data-widget_type=\"html.default\">\n\t\t\t\t<div class=\"elementor-widget-container\">\n\t\t\t\t\t<p style=\"padding-bottom: 1rem\">Day 1 will set the stage with discussions on safety and surveillance, highlighting the evolving risks in hemophilia care. Sessions will also address the longstanding gaps in women\u2019s care and will provide updates on treatment and outcomes in von Willebrand disease. In the afternoon, the focus shifts to the global readiness for rebalancing agents and concludes with a discussion on product availability and sustainable access worldwide.<\/p>\r\n\r\n<div class=\"row\">\r\n    <div class=\"col-sm-12 col-md-3\">\r\n         <h3 class=\"cal-time\">8:00&nbsp;&ndash;&nbsp;8:10<\/h3>\r\n    <\/div>\r\n    <div class=\"col-sm-11 col-md-8\">\r\n        <h3>OPENING PLENARY<\/h3>\r\n        <p class=\"cal-header\">Welcome remarks<\/p>\r\n        <p class=\"cal-speaker\"><span data-toggle=\"modal\" data-target=\"#cgarrido\">Cesar Garrido<\/span>, President, World Federation of Hemophilia, Venezuela<\/p>\r\n        <p class=\"cal-header\">Opening remarks<\/p>\r\n        <p class=\"cal-speaker\"><span data-toggle=\"modal\" data-target=\"#gpierce\">Glenn Pierce<\/span>, VP Medical, World Federation of Hemophilia, U.S.A.<\/p>\r\n        <p class=\"cal-speaker\"><span data-toggle=\"modal\" data-target=\"#rkaczmarek\">Radek Kaczmarek<\/span>, Chair, WFH Coagulation Product Safety, Supply, and Access (CPSSA) Committee, U.S.A.<\/p>\r\n    <\/div>\r\n  \r\n<\/div>\r\n\r\n\r\n<hr class=\"cal-hr\" \/>\r\n\r\n<div class=\"row\">\r\n    <div class=\"col-sm-12 col-md-3\">\r\n        <h3 class=\"cal-time\">8:10&nbsp;&ndash;&nbsp;9:15<\/h3>\r\n    <\/div>\r\n    <div class=\"col-sm-11 col-md-8\">\r\n        <h3>SAFETY AND SURVEILLANCE<\/h3>\r\n        <p class=\"cal-header\">Moderator<\/p>\r\n        <p class=\"cal-speaker\"><span data-toggle=\"modal\" data-target=\"#mskinner\">Mark Skinner<\/span>, President and Chief Executive Officer, Institute for Policy Advancement Ltd, U.S.A.<\/p>\r\n        \r\n         <p class=\"cal-header\">Safety of plasma and Prescription Drug Monitoring Programs \u2013 an update on old and new threats and safety measures<\/p>\r\n        <p class=\"cal-speaker\"><span data-toggle=\"modal\" data-target=\"#tkreil\">Thomas R. Kreil<\/span>, Associate Professor of Virology, Medical University of Vienna \/ Vice President, Global Pathogen Safety, Takeda, Austria<\/p>\r\n        \r\n        <p class=\"cal-header\">Hemophilia surveillance: potential implications of US government decisions<\/p>\r\n        <p class=\"cal-speaker\"><span data-toggle=\"modal\" data-target=\"#sgrossman\">Steven Grossman<\/span>, President, HPS Group, LLC, U.S.A.<\/p>\r\n\r\n       \r\n    <\/div>\r\n    \r\n<\/div>\r\n\r\n<hr class=\"cal-hr\" \/>\r\n\r\n<div class=\"row\">\r\n    <div class=\"col-sm-12 col-md-3\">\r\n        <h3 class=\"cal-time\">9:15&nbsp;&ndash;&nbsp;10:25<\/h3>\r\n    <\/div>\r\n    <div class=\"col-sm-11 col-md-8\">\r\n        <h3>BIAS AND GAPS IN WOMEN\u2019S CARE<\/h3>\r\n        <p class=\"cal-header\">Moderator<\/p>\r\n        <p class=\"cal-speaker\"><span data-toggle=\"modal\" data-target=\"#drotellini\">Dawn Rotellini<\/span>, BOD Lay member, World Federation of Hemophilia, Chief Operating Officer, National Bleeding Disorders Foundation<\/p>\r\n        \r\n        <p class=\"cal-header\">Sexism in diagnosis of iron deficiency<\/p>\r\n        <p class=\"cal-speaker\"><span data-toggle=\"modal\" data-target=\"#aweyand\">Angela Weyand<\/span>, Associate Professor, Department of Pediatrics, University of Michigan, U.S.A<\/p>\r\n\r\n        <p class=\"cal-header\">Inclusion in clinical trials<\/p>\r\n        <p class=\"cal-speaker\"><span data-toggle=\"modal\" data-target=\"#sseremetis\">Stephanie Seremetis<\/span>, Novo Nordisk, U.S.A<\/p>\r\n        \r\n        <p class=\"cal-header\">Lived Experiences of Women with Bleeding Disorders<\/p>\r\n        <p class=\"cal-speaker\"><span data-toggle=\"modal\" data-target=\"#msholzberg\">Michelle Sholzberg<\/span>, Division Head of Hematology Oncology \/ Medical Director of Coagulation Laboratory \/ Director of Hemequity Lab &#038; Hematology-Oncology Clinical Research Group, St. Michael&rsquo;s Hospital, Canada <\/p>\r\n        \r\n        <p class=\"cal-header\">Women with hemophilia: the impact of new nomenclature on care<\/p>\r\n        <p class=\"cal-speaker\"><span data-toggle=\"modal\" data-target=\"#rsidonio\">Robert Sidonio<\/span>, Pediatric Hematologist, Aflac Cancer and Blood Disorders Center, U.S.A<\/p>\r\n    <\/div>\r\n   \r\n<\/div>\r\n\r\n<hr class=\"cal-hr\" \/>\r\n\r\n<div class=\"row cal-break\">\r\n    <div class=\"col-sm-12 col-md-3\">\r\n         <h3 class=\"cal-time\">10:25&nbsp;&ndash;&nbsp;10:55<\/h3>\r\n    <\/div>\r\n    <div class=\"col-sm-12 col-md-9\">\r\n        <h3>BREAK<\/h3>\r\n    <\/div>\r\n<\/div>\r\n\r\n<hr class=\"cal-hr\" \/>\r\n\r\n<div class=\"row\">\r\n    <div class=\"col-sm-12 col-md-3\">\r\n        <h3 class=\"cal-time\">10:55&nbsp;&ndash;&nbsp;12:20<\/h3>\r\n    <\/div>\r\n    <div class=\"col-sm-11 col-md-8\">\r\n        <h3>VON WILLEBRAND DISEASE<\/h3>\r\n        <p class=\"cal-header\">Moderator<\/p>\r\n        <p class=\"cal-speaker\"><span data-toggle=\"modal\" data-target=\"#tbathfield\">Tatiana Bathfield<\/span>, BOD Lay member, World Federation of Hemophilia Founding member \/ Secretary, Haemophilia Association of Mauritius, Mauritius<\/p>\r\n        \r\n        <p class=\"cal-header\">von Willebrand Disease: prevalence &amp; access to prophylaxis in VWD post guidelines<\/p> \r\n        <p class=\"cal-speaker\"><span data-toggle=\"modal\" data-target=\"#nconnell\">Nathan Connell<\/span>, Chief of Medicine, Brigham and Women&rsquo;s Faulkner Hospital, U.S.A.<\/p>\r\n        \r\n        <p class=\"cal-header\">Making von Willebrand Disease simpler<\/p>\r\n        <p class=\"cal-speaker\"><span data-toggle=\"modal\" data-target=\"#egouider\">Emna Gouider<\/span>, Vice-President NMO, World Federation of Hemophilia \/ Chief, Hemophilia Center, Aziza Othmana Hospital, Tunisia<\/p>\r\n        \r\n        <p class=\"cal-header\">Core outcomes for von Willebrand Disease and tools to measure them<\/p>\r\n        <p class=\"cal-speaker\"><span data-toggle=\"modal\" data-target=\"#eclearfield\">Elizabeth Clearfield<\/span>, Senior Research Manager, Institute for Policy Advancement Limited, U.S.A<\/p> \r\n        \r\n        <p class=\"cal-header\">How will future treatments change lives?<\/p>\r\n        <p class=\"cal-speaker\"><span data-toggle=\"modal\" data-target=\"#dlillicrap\">David Lillicrap<\/span>, Professor, Queen&rsquo;s University, Canada<\/p>\r\n    <\/div>\r\n  \r\n<\/div>\r\n\r\n<hr class=\"cal-hr\" \/>\r\n\r\n<div class=\"row cal-break\">\r\n    <div class=\"col-sm-12 col-md-3\">\r\n         <h3 class=\"cal-time\">12:20&nbsp;&ndash;&nbsp;13:30<\/h3>\r\n    <\/div>\r\n    <div class=\"col-sm-12 col-md-9\">\r\n        <h3>LUNCH<\/h3>\r\n    <\/div>\r\n<\/div>\r\n\r\n<hr class=\"cal-hr\" \/>\r\n\r\n<div class=\"row\">\r\n    <div class=\"col-sm-12 col-md-3\">\r\n        <h3 class=\"cal-time\">13:30&nbsp;&ndash;&nbsp;15:35<\/h3>\r\n    <\/div>\r\n    <div class=\"col-sm-11 col-md-8\">\r\n        <h3>IS THE WORLD READY FOR REBALANCING AGENTS?<\/h3>\r\n       \r\n        <p class=\"cal-header\">Moderator<\/p>\r\n        <p class=\"cal-speaker\"><span data-toggle=\"modal\" data-target=\"#egouider\">Emna Gouider<\/span>, Vice-President NMO, World Federation of Hemophilia \/ Chief, Hemophilia Center, Aziza Othmana Hospital, Tunisia<\/p>\r\n        \r\n        <p class=\"cal-header\">Overview &#8211; marstacimab, concizumab, fitusiran (trial results, practical implications, breakthrough bleed management)<\/p> \r\n        <p class=\"cal-speaker\"><span data-toggle=\"modal\" data-target=\"#jmahlangu\">Johnny Mahlangu<\/span> <span style=\"font-style: normal\">(virtual)<\/span>, Professor and Head of Department, University of the Witwatersrand and NHLS, South Africa<\/p>\r\n        \r\n        <p class=\"cal-header\">Safety margin &#8211; marstacimab, concizumab, fitusiran<\/p>\r\n        <p class=\"cal-speaker\"><span data-toggle=\"modal\" data-target=\"#mmakris\">Mike Makris<\/span>, Professor, University of Sheffield, United Kingdom<\/p>\r\n        \r\n        <p class=\"cal-header\">Laboratory needs &#8211; what&rsquo;s new and different, and barriers to use for lower-middle income country and upper-middle income country<\/p>\r\n        <p class=\"cal-speaker\"><span data-toggle=\"modal\" data-target=\"#smontalvao\">Silmara Montalvao<\/span>, Head of Laboratory, Haemostasis Diagnosis and Research, UNICAMP, Brazil<\/p>\r\n        \r\n        <p class=\"cal-header\">Procurement for all products<\/p>\r\n        <p class=\"cal-speaker\"><span data-toggle=\"modal\" data-target=\"#bomahony\">Brian O&rsquo;Mahony<\/span>, Chief Executive, Irish Haemophilia Society, Ireland\r\n        <\/p>\r\n    <\/div>\r\n    \r\n<\/div>\r\n\r\n<hr class=\"cal-hr\" \/>\r\n\r\n<div class=\"row cal-break\">\r\n    <div class=\"col-sm-12 col-md-3\">\r\n         <h3 class=\"cal-time\">14:20&nbsp;&ndash;&nbsp;14:30<\/h3>\r\n    <\/div>\r\n    <div class=\"col-sm-12 col-md-9\">\r\n        <h3>BREAK<\/h3>\r\n    <\/div>\r\n<\/div>\r\n\r\n<hr class=\"cal-hr\" \/>\r\n\r\n<div class=\"row\">\r\n    <div class=\"col-sm-12 col-md-3\"><\/div>\r\n    <div class=\"col-sm-11 col-md-8\">\r\n        <p class=\"cal-header\">Patient perspective<\/p>\r\n        <p class=\"cal-speaker\"><span data-toggle=\"modal\" data-target=\"#esuwantaroj\">Ekawat Suwantaroj<\/span>, BOD Lay member, World Federation of Hemophilia \/ Vice President, Thai Hemophilia Patient Club, Thailand<\/p>\r\n        \r\n        <p class=\"cal-header\">Use of rebalancing agents in rare bleeding disorders<\/p> \r\n        <p class=\"cal-speaker\"><span data-toggle=\"modal\" data-target=\"#mmancuso\">Maria Elisa Mancuso<\/span>, Senior Hematology Consultant, Center for Thrombosis and Hemorrhagic Diseases, IRCCS Humanitas Research Hospital, Italy<\/p>\r\n        \r\n        <p class=\"cal-header\">Discussion &amp; debate<\/p>\r\n        <p class=\"cal-speaker\"><span>All speakers<\/span><\/p>\r\n    <\/div>\r\n\r\n<\/div>\r\n\r\n<hr class=\"cal-hr\" \/>\r\n\r\n<div class=\"row cal-break\">\r\n    <div class=\"col-sm-12 col-md-3\">\r\n         <h3 class=\"cal-time\">15:35&nbsp;&ndash;&nbsp;16:00<\/h3>\r\n    <\/div>\r\n    <div class=\"col-sm-12 col-md-9\">\r\n        <h3>BREAK<\/h3>\r\n    <\/div>\r\n<\/div>\r\n\r\n<hr class=\"cal-hr\" \/>\r\n\r\n<div class=\"row\">\r\n    <div class=\"col-sm-12 col-md-3\">\r\n        <h3 class=\"cal-time\">16:00&nbsp;&ndash;&nbsp;17:05<\/h3>\r\n    <\/div>\r\n    <div class=\"col-sm-11 col-md-8\">\r\n        <h3>AVAILABILITY OF PRODUCTS<\/h3>\r\n        <p class=\"cal-header\">Moderator<\/p>\r\n        <p class=\"cal-speaker\"><span data-toggle=\"modal\" data-target=\"#bomahony\">Brian O\u2019Mahony<\/span>, Chief Executive, Irish Haemophilia Society, Ireland<\/p>\r\n        \r\n        <p class=\"cal-header\">Global trend in product usage (including plasma-derived FVIII and FIX)<\/p> \r\n        <p class=\"cal-speaker\"><span data-toggle=\"modal\" data-target=\"#probert\">Patrick Robert<\/span>, Consultant, Marketing Research Bureau, U.S.A<\/p>\r\n        \r\n        <p class=\"cal-header\">Why are new or potential hemophilia products discontinued?<\/p>\r\n        <p class=\"cal-speaker\"><span data-toggle=\"modal\" data-target=\"#rkaczmarek\">Radek Kaczmarek<\/span>, Chair, WFH Coagulation Product Safety, Supply, and Access (CPSSA) Committee, U.S.A.<\/p>\r\n        \r\n        <p class=\"cal-header\">Is access to all products necessary or sustainable to achieve treatment for all?<\/p>\r\n        <p class=\"cal-speaker\"><span data-toggle=\"modal\" data-target=\"#gpierce\">Glenn Pierce<\/span>, VP Medical, World Federation of Hemophilia, U.S.A.<\/p>\r\n        <p class=\"cal-speaker\"><span data-toggle=\"modal\" data-target=\"#bomahony\">Brian O\u2019Mahony<\/span>, Chief Executive, Irish Haemophilia Society, Ireland<\/p>\r\n        \r\n        <p class=\"cal-header\">Discussion<\/p>\r\n        <p class=\"cal-speaker\"><span>All speakers<\/span><\/p>\r\n    <\/div>\r\n<\/div>\r\n\r\n<hr class=\"cal-hr\" \/>\r\n\r\n<div class=\"row\">\r\n    <div class=\"col-sm-12 col-md-3\">\r\n         <h3 class=\"cal-time\">19:00&nbsp;&ndash;&nbsp;21:00<\/h3>\r\n    <\/div>\r\n    <div class=\"col-sm-11 col-md-8\">\r\n        <h3>NETWORKING RECEPTION<\/h3>\r\n        <p class=\"cal-header\">Edward Ballroom<\/p>\r\n        \r\n        \r\n    <\/div>\r\n  \r\n<\/div>\r\n\t\t\t\t<\/div>\n\t\t\t\t<\/div>\n\t\t\t\t\t<\/div>\n\t\t<\/div>\n\t\t\t\t\t<\/div>\n\t\t<\/section>\n\t\t\t\t<\/div>\n\t\t<\/div>\n<\/div>\n\t\t\t\t<\/div>\n\t\t\t\t\t\t\t<div class=\"elementor-accordion-item\">\n\t\t\t\t\t<div id=\"elementor-tab-title-1922\" class=\"elementor-tab-title\" data-tab=\"2\" role=\"button\" aria-controls=\"elementor-tab-content-1922\" aria-expanded=\"false\">\n\t\t\t\t\t\t\t\t\t\t\t\t\t<span class=\"elementor-accordion-icon elementor-accordion-icon-right\" aria-hidden=\"true\">\n\t\t\t\t\t\t\t\t\t\t\t\t\t\t\t<span class=\"elementor-accordion-icon-closed\"><i class=\"fas fa-chevron-down\"><\/i><\/span>\n\t\t\t\t\t\t\t\t<span class=\"elementor-accordion-icon-opened\"><i class=\"fas fa-chevron-up\"><\/i><\/span>\n\t\t\t\t\t\t\t\t\t\t\t\t\t\t<\/span>\n\t\t\t\t\t\t\t\t\t\t\t\t<a class=\"elementor-accordion-title\" tabindex=\"0\"><div class=\"cal-title\"><p class=\"cal-day\">&nbsp;&nbsp;JOUR 2<\/p><p class=\"cal-title-line\">|<p class=\"cal-date\">14 novembre 2025<\/p><\/div><\/a>\n\t\t\t\t\t<\/div>\n\t\t\t\t\t<div id=\"elementor-tab-content-1922\" class=\"elementor-tab-content elementor-clearfix\" data-tab=\"2\" role=\"region\" aria-labelledby=\"elementor-tab-title-1922\"><div style=\"margin: 0;\">\t\t<div data-elementor-type=\"section\" data-elementor-id=\"155534\" class=\"elementor elementor-155534\" data-elementor-post-type=\"elementor_library\">\n\t\t\t\t\t<section class=\"elementor-section elementor-top-section elementor-element elementor-element-23a18dc elementor-section-full_width elementor-section-height-default elementor-section-height-default\" data-id=\"23a18dc\" data-element_type=\"section\" data-e-type=\"section\">\n\t\t\t\t\t\t<div class=\"elementor-container elementor-column-gap-no\">\n\t\t\t\t\t<div class=\"elementor-column elementor-col-100 elementor-top-column elementor-element elementor-element-eac5240\" data-id=\"eac5240\" data-element_type=\"column\" data-e-type=\"column\">\n\t\t\t<div class=\"elementor-widget-wrap elementor-element-populated\">\n\t\t\t\t\t\t<div class=\"elementor-element elementor-element-0510778 elementor-widget elementor-widget-html\" data-id=\"0510778\" data-element_type=\"widget\" data-e-type=\"widget\" data-widget_type=\"html.default\">\n\t\t\t\t<div class=\"elementor-widget-container\">\n\t\t\t\t\t<p style=\"padding-bottom: 1rem\">Day 2 begins with a keynote on how artificial intelligence could reshape hemophilia care. Participants will then explore the potential impact of AI on WFH programs, followed by presentations on access to gene therapy, innovation, and gene editing. The Forum wraps up with a showcase of the next generation of breakthrough treatments.<\/p>\r\n\r\n<div class=\"row\">\r\n    <div class=\"col-sm-12 col-md-3\">\r\n         <h3 class=\"cal-time\">8:00&nbsp;&ndash;&nbsp;8:50<\/h3>\r\n    <\/div>\r\n    <div class=\"col-sm-11 col-md-8\">\r\n        <h3>KEYNOTE<\/h3>\r\n        <p class=\"cal-header\">Moderator<\/p>\r\n        <p class=\"cal-speaker\"><span data-toggle=\"modal\" data-target=\"#mmakris\">Mike Makris<\/span>, Professor, University of Sheffield, United Kingdom<\/p>\r\n        \r\n        \r\n        <p class=\"cal-header\">Impact of artificial intelligence on hemophilia care<\/p>\r\n        <p class=\"cal-speaker\"><span data-toggle=\"modal\" data-target=\"#chermans\">Cedric Hermans<\/span>, BOD Medical member, World Federation of Hemophilia, Belgium<\/p>\r\n    <\/div>\r\n    \r\n<\/div>\r\n\r\n\r\n<hr class=\"cal-hr\" \/>\r\n\r\n<div class=\"row\">\r\n    <div class=\"col-sm-12 col-md-3\">\r\n        <h3 class=\"cal-time\">8:50&nbsp;&ndash;&nbsp;9:55<\/h3>\r\n    <\/div>\r\n    <div class=\"col-sm-11 col-md-8\">\r\n        <h3>WFH PROGRAMS<\/h3>\r\n        <p class=\"cal-header\">Moderator<\/p>\r\n        <p class=\"cal-speaker\"><span data-toggle=\"modal\" data-target=\"#abaumann\">Alain Baumann<\/span>, CEO, World Federation of Hemophilia, Canada<\/p>\r\n        \r\n        <p class=\"cal-header\">Moderator<\/p>\r\n        <p class=\"cal-speaker\"><span data-toggle=\"modal\" data-target=\"#mmarinic\">Marko Marinic<\/span>, BOD Lay member, World Federation of Hemophilia \/ President, Croatian Haemophilia Society<\/p>\r\n\r\n        <p class=\"cal-header\">Impact of WFH programs in Pakistan<\/p>\r\n        <p class=\"cal-speaker\"><span data-toggle=\"modal\" data-target=\"#dcoffin\">Donna Coffin<\/span>, Director, Data and Research, World Federation of Hemophilia, Canada<\/p>\r\n        \r\n        <p class=\"cal-header\">Impact of humanitarian aid on long-term sustainability<\/p>\r\n        <p class=\"cal-speaker\"><span data-toggle=\"modal\" data-target=\"#ahaffar\">Assad Haffar<\/span>, Director, Humanitarian Aid and Medical Training, World Federation of Hemophilia, Canada<\/p>\r\n        \r\n        <p class=\"cal-header\">Effective Advocacy: Leading to Milestone Revisions to WHO Essential Medicines List<\/p>\r\n        <p class=\"cal-speaker\"><span data-toggle=\"modal\" data-target=\"#smekhuzla\">Salome Mekhuzla<\/span>, Director, Global Development, World Federation of Hemophilia, Canada<\/p>\r\n        \r\n         <p class=\"cal-header\">Shared Decision Making &#8211; Best practices statement<\/p>\r\n        <p class=\"cal-speaker\"><span data-toggle=\"modal\" data-target=\"#dcoffin\">Donna Coffin<\/span>, Director, Data and Research, World Federation of Hemophilia, Canada<\/p>\r\n    <\/div>\r\n    \r\n<\/div>\r\n\r\n<hr class=\"cal-hr\" \/>\r\n\r\n<div class=\"row cal-break\">\r\n    <div class=\"col-sm-12 col-md-3\">\r\n         <h3 class=\"cal-time\">9:55&nbsp;&ndash;&nbsp;10:25<\/h3>\r\n    <\/div>\r\n    <div class=\"col-sm-12 col-md-9\">\r\n        <h3>BREAK<\/h3>\r\n    <\/div>\r\n<\/div>\r\n\r\n<hr class=\"cal-hr\" \/>\r\n\r\n<div class=\"row\">\r\n    <div class=\"col-sm-12 col-md-3\">\r\n        <h3 class=\"cal-time\">10:25&nbsp;&ndash;&nbsp;11:50<\/h3>\r\n    <\/div>\r\n    <div class=\"col-sm-11 col-md-8\">\r\n        <h3>GENE THERAPY AND NEW TECHNOLOGY ACCESS<\/h3>\r\n        <p class=\"cal-header\">Moderator<\/p>\r\n        <p class=\"cal-speaker\"><span data-toggle=\"modal\" data-target=\"#rkaczmarek\">Radek Kaczmarek<\/span>, Chair, WFH Coagulation Product Safety, Supply, and Acccess (CPSSA) Comittee, U.S.A.<\/p>\r\n        \r\n         <p class=\"cal-header\">2025 status of gene therapy: is AAV the answer?<\/p>\r\n        <p class=\"cal-speaker\"><span data-toggle=\"modal\" data-target=\"#bsamelsonjones\">Ben Samelson-Jones<\/span>, Assistant Professor, Division of Hematology, Children&rsquo;s Hospital of Philadelphia, U.S.A.<\/p>\r\n        \r\n         <p class=\"cal-header\">Dream of a cure \/ Concern about continued innovation<\/p>\r\n        <p class=\"cal-speaker\"><span data-toggle=\"modal\" data-target=\"#mskinner\">Mark Skinner<\/span>, President and Chief Executive Officer, Institute for Policy Advancement Ltd, U.S.A.<\/p>\r\n        \r\n        <p class=\"cal-header\">Prospects for self sufficiency in China<\/p>\r\n        <p class=\"cal-speaker\"><span data-toggle=\"modal\" data-target=\"#ryang\">Renchi Yang (virtual)<\/span>, Head of Thrombosis and Hemostasis Centre, Institute of Hematology and Blood Diseases Hospital, China<\/p>\r\n\r\n        <p class=\"cal-header\">Prospects for self sufficiency in India<\/p>\r\n        <p class=\"cal-speaker\"><span data-toggle=\"modal\" data-target=\"#asrivastava\">Alok Srivastava<\/span>, Head, Haematology Research Unit, St. John&rsquo;s Research Institute, India<\/p>\r\n        \r\n        <p class=\"cal-header\">Safety aspects of gene editing<\/p>\r\n        <p class=\"cal-speaker\"><span data-toggle=\"modal\" data-target=\"#gpierce\">Glenn Pierce<\/span>, VP Medical, World Federation of Hemophilia, U.S.A.<\/p>\r\n        \r\n        <p class=\"cal-header\">Discussion \u2013 benefits and risks<\/p>\r\n        <p class=\"cal-speaker\"><span>All speakers<\/span><\/p>\r\n    <\/div>\r\n\r\n<\/div>\r\n\r\n<hr class=\"cal-hr\" \/>\r\n\r\n<div class=\"row cal-break\">\r\n    <div class=\"col-sm-12 col-md-3\">\r\n         <h3 class=\"cal-time\">11:50&nbsp;&ndash;&nbsp;12:45<\/h3>\r\n    <\/div>\r\n    <div class=\"col-sm-12 col-md-9\">\r\n        <h3>LUNCH<\/h3>\r\n    <\/div>\r\n<\/div>\r\n\r\n<hr class=\"cal-hr\" \/>\r\n\r\n<div class=\"row\">\r\n    <div class=\"col-sm-12 col-md-3\">\r\n        <h3 class=\"cal-time\">12:45&nbsp;&ndash;&nbsp;14:55<\/h3>\r\n    <\/div>\r\n    <div class=\"col-sm-11 col-md-8\">\r\n        <h3>NEXT ROUND OF INNOVATIONS<\/h3>\r\n       \r\n        <p class=\"cal-header\">Moderator<\/p>\r\n        <p class=\"cal-speaker\"><span data-toggle=\"modal\" data-target=\"#gpierce\">Glenn Pierce<\/span>, VP Medical, World Federation of Hemophilia, U.S.A.<\/p>\r\n        \r\n        <p class=\"cal-header\">Moderator<\/p>\r\n        <p class=\"cal-speaker\"><span data-toggle=\"modal\" data-target=\"#mmancuso\">Maria Elisa Mancuso<\/span>, Senior Hematology Consultant, Center for Thrombosis and Hemorrhagic Diseases, IRCCS Humanitas Research Hospital, Italy<\/p>\r\n        \r\n        <p class=\"cal-header\">HMB-002 for VWD<\/p>\r\n        <p class=\"cal-speaker\"><span data-toggle=\"modal\" data-target=\"#crea\">Catherine Rea<\/span>, Vice President of Clinical Research, Hemab Therapeutics, U.S.A.<\/p>\r\n        \r\n        <p class=\"cal-header\">VGA039 for VWD<\/p>\r\n        <p class=\"cal-speaker\"><span data-toggle=\"modal\" data-target=\"#bkim\">Benjamin Kim<\/span>, Vice President, Clinical Development, Star Therapeutics, Vega Therapeutics, U.S.A.<\/p>\r\n        \r\n        <p class=\"cal-header\">Use of transposons in gene therapy for hemophilia<\/p>\r\n        <p class=\"cal-speaker\"><span data-toggle=\"modal\" data-target=\"#afriedland\">Ari Friedland<\/span>, Typewriter Therapeutics, U.S.A.<\/p>\r\n        \r\n        <p class=\"cal-header\">Risk of inhibitor in AAV-FVIII gene therapy trials <\/p>\r\n        <p class=\"cal-speaker\"><span data-toggle=\"modal\" data-target=\"#dmatino\">Davide Matino<\/span>, Assistant Professor, McMaster University, Mc Master University, Canada<\/p>\r\n        \r\n        <p class=\"cal-header\">Treatment of inhibitors with gene therapy<\/p>\r\n        <p class=\"cal-speaker\"><span data-toggle=\"modal\" data-target=\"#ghayakawa\">Gabriela Yamaguti-Hayakawa<\/span>, Hematologist, Hemocentro UNICAMP, Brazil<\/p>\r\n        \r\n        <p class=\"cal-header\">inno8<\/p>\r\n        <p class=\"cal-speaker\"><span data-toggle=\"modal\" data-target=\"#jlund\">Jacob Lund<\/span>, Scientific director, Novo Nordisk, Denmark <\/p>\r\n        \r\n    <\/div>\r\n    \r\n  \r\n<\/div>\r\n\r\n<hr class=\"cal-hr\" \/>\r\n\r\n<div class=\"row cal-break\">\r\n    <div class=\"col-sm-12 col-md-3\">\r\n         <h3 class=\"cal-time\">13:45&nbsp;&ndash;&nbsp;13:55<\/h3>\r\n    <\/div>\r\n    <div class=\"col-sm-12 col-md-9\">\r\n        <h3>BREAK<\/h3>\r\n    <\/div>\r\n<\/div>\r\n\r\n<hr class=\"cal-hr\" \/>\r\n\r\n<div class=\"row\">\r\n    <div class=\"col-sm-12 col-md-3\"><\/div>\r\n    <div class=\"col-sm-11 col-md-8\">\r\n        <p class=\"cal-header\">AAV SPK8011-QQ: update on progress and plans (preclinical efficacy, safety data, and clinical plans)<\/p>\r\n        <p class=\"cal-speaker\"><span data-toggle=\"modal\" data-target=\"#ncompagno\">Nicolo Compagno<\/span>, F. Hoffman-la Roche Ag, Switzerland<\/p>\r\n        \r\n        <p class=\"cal-header\">Novel FVIII Secretion Via Non-Viral Vector DNA Medicine Platform<\/p> \r\n        <p class=\"cal-speaker\"><span data-toggle=\"modal\" data-target=\"#lhumeau\">Laurent Humeau<\/span>, Chief Scientific Officer, Inovio, U.S.A.<\/p>\r\n        \r\n        <p class=\"cal-header\">Gene editing using B lymphocytes<\/p>\r\n        <p class=\"cal-speaker\"><span data-toggle=\"modal\" data-target=\"#mwang\">Michael Wang<\/span>, Vice President, Clinical Development, Be Biopharma, U.S.A.<\/p>\r\n        \r\n        <p class=\"cal-header\">AAV-ET3 safety &#038; efficacy<\/p>\r\n        <p class=\"cal-speaker\"><span data-toggle=\"modal\" data-target=\"#scrary\">Shelley Crary<\/span>, U.S.A.<\/p>\r\n        \r\n        \r\n        <p class=\"cal-header\">FVIII gene editing with improved Cas enzymes<\/p>\r\n        <p class=\"cal-speaker\"><span data-toggle=\"modal\" data-target=\"#abrooks\">Alan Brooks<\/span>, Head of Preclinical, Metagenomi, U.S.A.<\/p>\r\n    <\/div>\r\n    \r\n<\/div>\r\n\r\n<hr class=\"cal-hr\" \/>\r\n\r\n<div class=\"row\">\r\n    <div class=\"col-sm-12 col-md-3\">\r\n        <h3 class=\"cal-time\">14:55&nbsp;&ndash;&nbsp;15:15<\/h3>\r\n    <\/div>\r\n    <div class=\"col-sm-11 col-md-8\">\r\n        <h3>CLOSING: CLOSING REMARKS<\/h3>\r\n        <p class=\"cal-speaker\"><span data-toggle=\"modal\" data-target=\"#gpierce\">Glenn Pierce<\/span>, VP Medical, World Federation of Hemophilia, U.S.A.<\/p>\r\n        <p class=\"cal-speaker\"><span data-toggle=\"modal\" data-target=\"#rkaczmarek\">Radek Kaczmarek<\/span>, Chair, WFH Coagulation Product Safety, Supply, and Acccess (CPSSA) Comittee, U.S.A.<\/p>\r\n        \r\n       \r\n    <\/div>\r\n\r\n<\/div>\r\n\r\n\t\t\t\t<\/div>\n\t\t\t\t<\/div>\n\t\t\t\t\t<\/div>\n\t\t<\/div>\n\t\t\t\t\t<\/div>\n\t\t<\/section>\n\t\t\t\t<\/div>\n\t\t<\/div>\n<\/div>\n\t\t\t\t<\/div>\n\t\t\t\t\t\t\t\t<\/div>\n\t\t\t\t\t\t<\/div>\n\t\t\t\t<\/div>\n\t\t\t\t<div class=\"elementor-element elementor-element-547d9bd elementor-widget elementor-widget-html\" data-id=\"547d9bd\" data-element_type=\"widget\" data-e-type=\"widget\" data-widget_type=\"html.default\">\n\t\t\t\t<div class=\"elementor-widget-container\">\n\t\t\t\t\t<div class=\"row legend\">\r\n    <!--div class=\"col-md-12\" style=\"display:flex;grid-gap: .8rem;padding-bottom: 6px\">\r\n\t    <i class=\"fa fa-asterisk\"><\/i>\r\n\t    <p style=\"text-wrap:balance; margin: 0\">By invitation only<\/p>\r\n\t<\/div-->\r\n\t<!--div class=\"col-md-12\" style=\"display:flex;grid-gap: .8rem;padding-bottom: 6px\">\r\n\t    <img decoding=\"async\" src=\"https:\/\/wfh.org\/wp-content\/uploads\/2025\/05\/headphones-indigo.svg\" \/>\r\n\t    <p style=\"text-wrap-style: pretty; margin: 0\">Interpretation available in <strong>English, Spanish, French, Arabic, Russian, German, Portuguese, Chinese (Mandarin), Hindi & Urdu<\/strong><\/p>\r\n\t<\/div-->\r\n\t<div class=\"col-md-12\" style=\"display:flex;grid-gap: .8rem;padding-bottom: 6px\">\r\n\t    <i class=\"fa fa-clock-o\"><\/i>\r\n\t    <p style=\"text-wrap:balance; margin: 0\">Toutes les heures sont indiqu\u00e9es en heure normale de l\u2019Est (HNE)<\/p>\r\n\t<\/div>\r\n    <div class=\"col-md-12\" style=\"display:flex;grid-gap: .8rem;padding-bottom: 6px\">\r\n\t    <i class=\"fa fa-info-circle\"><\/i>\r\n\t    <p style=\"text-wrap:balance; margin: 0\">Le programme est sujet \u00e0 modification<\/p>\r\n\t<\/div>\r\n<\/div>\r\n    \t\r\n\r\n<script>\r\njQuery(document).ready(function($) {\r\n    var delay = 700;\r\n    setTimeout(function() {\r\n        $('.elementor-tab-title').removeClass('elementor-active');\r\n        $('.elementor-tab-content').css('display', 'none'); }, delay);\r\n});\r\n<\/script>\t\t\t\t<\/div>\n\t\t\t\t<\/div>\n\t\t\t\t<div class=\"elementor-element elementor-element-c16caa8 elementor-hidden-desktop elementor-hidden-tablet elementor-hidden-mobile elementor-widget elementor-widget-html\" data-id=\"c16caa8\" data-element_type=\"widget\" data-e-type=\"widget\" data-widget_type=\"html.default\">\n\t\t\t\t<div class=\"elementor-widget-container\">\n\t\t\t\t\t<!-- gallery grid -->\r\n<div class=\"row\">\r\n    \r\n<div class=\"social-col col-md-6\">\r\n    <div class=\"social-wrapper\">\r\n        <div class=\"img-container\" style=\"background-image: url('https:\/\/wfh.org\/wp-content\/uploads\/2023\/10\/Networking.png');\">\r\n            <div class=\"overlay\"><\/div>\r\n        <\/div>\r\n        <div class=\"social-text\">\r\n            <div>   \r\n            <h3>Networking dinner reception<\/h3>\r\n\r\n            <\/div>\r\n            <div style=\"padding-top:1rem;padding-bottom:1rem\">\r\n            <p class=\"clamp_p\">Mingle, connect, and build valuable connections at our exclusive networking dinner reception while savouring some of Montreal\u2019s renowned culinary delights!<\/p>\r\n            \r\n            <\/div>    \r\n            <a href=\"https:\/\/na.eventscloud.com\/gf2025\" target=\"_blank\"><button class=\"social-btn\">Register now\u00a0\u00a0><\/button><\/a>\r\n        <\/div>\r\n    <\/div>\r\n<\/div>\r\n    \r\n<!--div class=\"social-col col-md-6\">\r\n    <div class=\"social-wrapper\">\r\n        <div class=\"img-container\" style=\"background-image: url('https:\/\/wfh.org\/wp-content\/uploads\/2023\/10\/Morning_Walk.png');\">\r\n               \r\n            <div class=\"overlay\"><\/div>\r\n        <\/div>\r\n        <div class=\"social-text\">\r\n        \r\n            <h3>Energizing morning powerwalk<\/h3>\r\n          \r\n            <div style=\"padding-top:1rem;padding-bottom:1rem\">\r\n                <p class=\"clamp_p\">Join us for a dynamic early morning power walk to kick off day two of the WFH Global Forum. Kick-start your morning and demonstrate your commitment and support for the global bleeding disorders community. <\/p>\r\n            <\/div>    \r\n            <a href=\"https:\/\/wfh.org\/wp-content\/uploads\/2023\/10\/Global_Forum_Power_Walk_2023.pdf\" target=\"_blank\"><button class=\"social-btn\" >Learn More \u00a0\u00a0><\/button><\/a>\r\n        <\/div>\r\n    <\/div>\r\n<\/div-->\r\n    \r\n\r\n<\/div>\r\n\r\n\r\n\t\t\t\t<\/div>\n\t\t\t\t<\/div>\n\t\t\t\t\t<\/div>\n\t\t<\/div>\n\t\t\t\t\t<\/div>\n\t\t<\/section>\n\t\t\t\t<section class=\"elementor-section elementor-top-section elementor-element elementor-element-0b188c6 elementor-section-full_width elementor-section-height-default elementor-section-height-default\" data-id=\"0b188c6\" data-element_type=\"section\" data-e-type=\"section\" data-settings=\"{&quot;background_background&quot;:&quot;classic&quot;}\">\n\t\t\t\t\t\t\t<div class=\"elementor-background-overlay\"><\/div>\n\t\t\t\t\t\t\t<div class=\"elementor-container elementor-column-gap-default\">\n\t\t\t\t\t<div class=\"elementor-column elementor-col-50 elementor-top-column elementor-element elementor-element-7fef2cb elementor-hidden-tablet elementor-hidden-mobile\" data-id=\"7fef2cb\" data-element_type=\"column\" data-e-type=\"column\">\n\t\t\t<div class=\"elementor-widget-wrap\">\n\t\t\t\t\t\t\t<\/div>\n\t\t<\/div>\n\t\t\t\t<div class=\"elementor-column elementor-col-50 elementor-top-column elementor-element elementor-element-6ce7803\" data-id=\"6ce7803\" data-element_type=\"column\" data-e-type=\"column\">\n\t\t\t<div class=\"elementor-widget-wrap elementor-element-populated\">\n\t\t\t\t\t\t<section class=\"elementor-section elementor-inner-section elementor-element elementor-element-3a03cc5 elementor-section-full_width elementor-section-height-default elementor-section-height-default\" data-id=\"3a03cc5\" data-element_type=\"section\" data-e-type=\"section\" data-settings=\"{&quot;background_background&quot;:&quot;classic&quot;}\">\n\t\t\t\t\t\t<div class=\"elementor-container elementor-column-gap-default\">\n\t\t\t\t\t<div class=\"elementor-column elementor-col-100 elementor-inner-column elementor-element elementor-element-29112af\" data-id=\"29112af\" data-element_type=\"column\" data-e-type=\"column\" data-settings=\"{&quot;background_background&quot;:&quot;classic&quot;}\">\n\t\t\t<div class=\"elementor-widget-wrap elementor-element-populated\">\n\t\t\t\t\t\t<div class=\"elementor-element elementor-element-a0b4256 elementor-widget elementor-widget-heading\" data-id=\"a0b4256\" data-element_type=\"widget\" data-e-type=\"widget\" data-widget_type=\"heading.default\">\n\t\t\t\t<div class=\"elementor-widget-container\">\n\t\t\t\t\t<h4 class=\"elementor-heading-title elementor-size-default\">R\u00e9ception de r\u00e9seautage<\/h4>\t\t\t\t<\/div>\n\t\t\t\t<\/div>\n\t\t\t\t<div class=\"elementor-element elementor-element-ff4610e clamp_p elementor-widget elementor-widget-text-editor\" data-id=\"ff4610e\" data-element_type=\"widget\" data-e-type=\"widget\" data-widget_type=\"text-editor.default\">\n\t\t\t\t<div class=\"elementor-widget-container\">\n\t\t\t\t\t\t\t\t\t<p class=\"\">Rencontrez d\u2019autres personnes et cr\u00e9ez des liens forts lors de notre d\u00eener exclusif de r\u00e9seautage, tout en savourant certaines des d\u00e9licieuses sp\u00e9cialit\u00e9s qui font la r\u00e9putation de Montr\u00e9al&nbsp;!<\/p><hr style=\"border-top: 1px dashed #ffffff; width: 85%; margin: 0 0 1rem 0;\" \/><p class=\"\">13 novembre&nbsp;&nbsp;19:00 \u2013 21:00\u00a0\u00a0<br class=\"\" \/>Lieu&nbsp;: Edward Ballroom<\/p>\t\t\t\t\t\t\t\t<\/div>\n\t\t\t\t<\/div>\n\t\t\t\t<div class=\"elementor-element elementor-element-1ec01a8 elementor-align-left elementor-widget elementor-widget-button\" data-id=\"1ec01a8\" data-element_type=\"widget\" data-e-type=\"widget\" data-widget_type=\"button.default\">\n\t\t\t\t<div class=\"elementor-widget-container\">\n\t\t\t\t\t\t\t\t\t<div class=\"elementor-button-wrapper\">\n\t\t\t\t\t<a class=\"elementor-button elementor-button-link elementor-size-sm\" href=\"https:\/\/na.eventscloud.com\/gf2025\" target=\"_blank\">\n\t\t\t\t\t\t<span class=\"elementor-button-content-wrapper\">\n\t\t\t\t\t\t<span class=\"elementor-button-icon\">\n\t\t\t\t<i aria-hidden=\"true\" class=\"fas fa-arrow-right\"><\/i>\t\t\t<\/span>\n\t\t\t\t\t\t\t\t\t<span class=\"elementor-button-text\">S'inscrire maintenant<\/span>\n\t\t\t\t\t<\/span>\n\t\t\t\t\t<\/a>\n\t\t\t\t<\/div>\n\t\t\t\t\t\t\t\t<\/div>\n\t\t\t\t<\/div>\n\t\t\t\t\t<\/div>\n\t\t<\/div>\n\t\t\t\t\t<\/div>\n\t\t<\/section>\n\t\t\t\t\t<\/div>\n\t\t<\/div>\n\t\t\t\t\t<\/div>\n\t\t<\/section>\n\t\t\t\t<section class=\"elementor-section elementor-top-section elementor-element elementor-element-9ba45ac elementor-section-full_width elementor-section-height-default elementor-section-height-default\" data-id=\"9ba45ac\" data-element_type=\"section\" data-e-type=\"section\" id=\"registration\" data-settings=\"{&quot;background_background&quot;:&quot;classic&quot;}\">\n\t\t\t\t\t\t\t<div class=\"elementor-background-overlay\"><\/div>\n\t\t\t\t\t\t\t<div class=\"elementor-container elementor-column-gap-default\">\n\t\t\t\t\t<div class=\"elementor-column elementor-col-16 elementor-top-column elementor-element elementor-element-824d0e2 elementor-hidden-mobile elementor-hidden-tablet\" data-id=\"824d0e2\" data-element_type=\"column\" data-e-type=\"column\">\n\t\t\t<div class=\"elementor-widget-wrap\">\n\t\t\t\t\t\t\t<\/div>\n\t\t<\/div>\n\t\t\t\t<div class=\"elementor-column elementor-col-66 elementor-top-column elementor-element elementor-element-08a29a2\" data-id=\"08a29a2\" data-element_type=\"column\" data-e-type=\"column\">\n\t\t\t<div class=\"elementor-widget-wrap elementor-element-populated\">\n\t\t\t\t\t\t<div class=\"elementor-element elementor-element-7ef327e clamp_h2 elementor-widget elementor-widget-heading\" data-id=\"7ef327e\" data-element_type=\"widget\" data-e-type=\"widget\" data-widget_type=\"heading.default\">\n\t\t\t\t<div class=\"elementor-widget-container\">\n\t\t\t\t\t<h2 class=\"elementor-heading-title elementor-size-default\">INFORMATIONS SUR L'INSCRIPTION<\/h2>\t\t\t\t<\/div>\n\t\t\t\t<\/div>\n\t\t\t\t<div class=\"elementor-element elementor-element-8a11a9f clamp_p elementor-widget elementor-widget-text-editor\" data-id=\"8a11a9f\" data-element_type=\"widget\" data-e-type=\"widget\" data-widget_type=\"text-editor.default\">\n\t\t\t\t<div class=\"elementor-widget-container\">\n\t\t\t\t\t\t\t\t\t<p class=\"\">Le Forum mondial de la FMH aura lieu en pr\u00e9sentiel \u00e0 Montr\u00e9al (Canada).<br class=\"\"><strong>Les inscriptions sont d\u00e9sormais ouvertes !<\/strong><\/p><p class=\"\">Envoyez un courriel \u00e0 l\u2019adresse <a href=\"mailto:gf@wfh.org\">gf@wfh.org<\/a> pour les r\u00e9servations de groupes de 10 personnes et plus.<\/p>\t\t\t\t\t\t\t\t<\/div>\n\t\t\t\t<\/div>\n\t\t\t\t<div class=\"elementor-element elementor-element-6114e54 clamp_p elementor-widget elementor-widget-text-editor\" data-id=\"6114e54\" data-element_type=\"widget\" data-e-type=\"widget\" data-widget_type=\"text-editor.default\">\n\t\t\t\t<div class=\"elementor-widget-container\">\n\t\t\t\t\t\t\t\t\t<p class=\"\"><em><strong>\u00c0 noter :<\/strong> le 14<sup>e<\/sup> Forum mondial de la FMH se tiendra exclusivement en anglais.<\/em><\/p>\n\t\t\t\t\t\t\t\t<\/div>\n\t\t\t\t<\/div>\n\t\t\t\t\t<\/div>\n\t\t<\/div>\n\t\t\t\t<div class=\"elementor-column elementor-col-16 elementor-top-column elementor-element elementor-element-8f0b98b\" data-id=\"8f0b98b\" data-element_type=\"column\" data-e-type=\"column\">\n\t\t\t<div class=\"elementor-widget-wrap elementor-element-populated\">\n\t\t\t\t\t\t<section class=\"elementor-section elementor-inner-section elementor-element elementor-element-d19c2b8 elementor-section-full_width elementor-section-height-default elementor-section-height-default\" data-id=\"d19c2b8\" data-element_type=\"section\" data-e-type=\"section\" data-settings=\"{&quot;background_background&quot;:&quot;classic&quot;}\">\n\t\t\t\t\t\t<div class=\"elementor-container elementor-column-gap-no\">\n\t\t\t\t\t<div class=\"elementor-column elementor-col-100 elementor-inner-column elementor-element elementor-element-c385553\" data-id=\"c385553\" data-element_type=\"column\" data-e-type=\"column\">\n\t\t\t<div class=\"elementor-widget-wrap elementor-element-populated\">\n\t\t\t\t\t\t<div class=\"elementor-element elementor-element-b0838f4 elementor-align-left btn-register-right elementor-widget elementor-widget-button\" data-id=\"b0838f4\" data-element_type=\"widget\" data-e-type=\"widget\" data-widget_type=\"button.default\">\n\t\t\t\t<div class=\"elementor-widget-container\">\n\t\t\t\t\t\t\t\t\t<div class=\"elementor-button-wrapper\">\n\t\t\t\t\t<a class=\"elementor-button elementor-button-link elementor-size-xs\" href=\"https:\/\/na.eventscloud.com\/gf2025\" target=\"_blank\">\n\t\t\t\t\t\t<span class=\"elementor-button-content-wrapper\">\n\t\t\t\t\t\t<span class=\"elementor-button-icon\">\n\t\t\t\t<i aria-hidden=\"true\" class=\"fas fa-arrow-right\"><\/i>\t\t\t<\/span>\n\t\t\t\t\t\t\t\t\t<span class=\"elementor-button-text\">S'inscrire maintenant<\/span>\n\t\t\t\t\t<\/span>\n\t\t\t\t\t<\/a>\n\t\t\t\t<\/div>\n\t\t\t\t\t\t\t\t<\/div>\n\t\t\t\t<\/div>\n\t\t\t\t\t<\/div>\n\t\t<\/div>\n\t\t\t\t\t<\/div>\n\t\t<\/section>\n\t\t\t\t\t<\/div>\n\t\t<\/div>\n\t\t\t\t\t<\/div>\n\t\t<\/section>\n\t\t\t\t<section class=\"elementor-section elementor-top-section elementor-element elementor-element-b33dfed elementor-section-full_width elementor-section-height-default elementor-section-height-default\" data-id=\"b33dfed\" data-element_type=\"section\" data-e-type=\"section\" data-settings=\"{&quot;background_background&quot;:&quot;classic&quot;}\">\n\t\t\t\t\t\t\t<div class=\"elementor-background-overlay\"><\/div>\n\t\t\t\t\t\t\t<div class=\"elementor-container elementor-column-gap-default\">\n\t\t\t\t\t<div class=\"elementor-column elementor-col-16 elementor-top-column elementor-element elementor-element-62a36cf elementor-hidden-mobile elementor-hidden-tablet\" data-id=\"62a36cf\" data-element_type=\"column\" data-e-type=\"column\">\n\t\t\t<div class=\"elementor-widget-wrap\">\n\t\t\t\t\t\t\t<\/div>\n\t\t<\/div>\n\t\t\t\t<div class=\"elementor-column elementor-col-66 elementor-top-column elementor-element elementor-element-f3c3384\" data-id=\"f3c3384\" data-element_type=\"column\" data-e-type=\"column\">\n\t\t\t<div class=\"elementor-widget-wrap elementor-element-populated\">\n\t\t\t\t\t\t<div class=\"elementor-element elementor-element-d202a9f elementor-widget-divider--view-line elementor-widget elementor-widget-divider\" data-id=\"d202a9f\" data-element_type=\"widget\" data-e-type=\"widget\" data-widget_type=\"divider.default\">\n\t\t\t\t<div class=\"elementor-widget-container\">\n\t\t\t\t\t\t\t<div class=\"elementor-divider\">\n\t\t\t<span class=\"elementor-divider-separator\">\n\t\t\t\t\t\t<\/span>\n\t\t<\/div>\n\t\t\t\t\t\t<\/div>\n\t\t\t\t<\/div>\n\t\t\t\t<div class=\"elementor-element elementor-element-6e9218b elementor-widget elementor-widget-heading\" data-id=\"6e9218b\" data-element_type=\"widget\" data-e-type=\"widget\" data-widget_type=\"heading.default\">\n\t\t\t\t<div class=\"elementor-widget-container\">\n\t\t\t\t\t<h3 class=\"elementor-heading-title elementor-size-default\">Frais d\u2019inscription<\/h3>\t\t\t\t<\/div>\n\t\t\t\t<\/div>\n\t\t\t\t<div class=\"elementor-element elementor-element-3b1645d elementor-widget elementor-widget-html\" data-id=\"3b1645d\" data-element_type=\"widget\" data-e-type=\"widget\" data-widget_type=\"html.default\">\n\t\t\t\t<div class=\"elementor-widget-container\">\n\t\t\t\t\t<div style=\"overflow: auto; font-family:'Avenir Heavy',sans-serif;\">\r\n<table>\r\n<thead>\r\n\r\n<tr>\r\n    <td><strong>CAT\u00c9GORIE<\/strong><\/td>\r\n    <td style=\"text-align: center;\" nowrap=\"nowrap\"><strong>FRAIS D\u2019INSCRIPTION<\/strong><\/td>\r\n    <\/tr>\r\n<\/thead>\r\n<tbody>\r\n<tr>\r\n    <td nowrap=\"nowrap\"><strong>Industrie<\/strong><\/td>\r\n    <td style=\"text-align: right; padding-right: 10%;\">1\u00a0030\u00a0$<\/td>\r\n<\/tr>\r\n<tr>\r\n    <td nowrap=\"nowrap\"><strong>D\u00e9l\u00e9gu\u00e9<\/strong><\/td>\r\n    <td style=\"text-align: right; padding-right: 10%;\">788\u00a0$<\/td>\r\n<\/tr>\r\n\r\n<tr>\r\n    <td nowrap=\"nowrap\"><strong>Professions param\u00e9dicales<\/strong><\/td>\r\n    <td style=\"text-align: right; padding-right: 10%;\">479\u00a0$<\/td>\r\n<\/tr>\r\n\r\n<tr>\r\n    <td nowrap=\"nowrap\"><strong>Agence gouvernementale<\/strong><\/td>\r\n    <td style=\"text-align: right; padding-right: 10%;\">257\u00a0$<\/td>\r\n<\/tr>\r\n\r\n<tr>\r\n    <td><strong>D\u00e9fenseur de la communaut\u00e9 \/ Personnel ONM \/ B\u00e9n\u00e9vole<\/strong><\/td>\r\n    <td style=\"text-align: right; padding-right: 10%;\">257\u00a0$<\/td>\r\n<\/tr>\r\n\r\n<tr>\r\n    <td><strong>Jeune chercheur \/ \u00c9tudiant<\/strong><\/td>\r\n    <td style=\"text-align: right; padding-right: 10%;\">257\u00a0$<\/td>\r\n<\/tr>\r\n\r\n\r\n<tr>\r\n    <td><strong>Personne atteinte d\u2019un trouble de la coagulation \/ Membre de la famille<\/strong><\/td>\r\n    <td style=\"text-align: right; padding-right: 10%;\">154\u00a0$<\/td>\r\n<\/tr>\r\n\r\n\r\n\r\n<\/tbody>\r\n<\/table>\r\n<\/div>\r\n\r\n<p style=\"font-family: 'Avenir Heavy',sans-serif; color: #6c757d; font-size: 1rem; text-align: left; line-height: 1.2em;\"><em>Les frais d'inscription sont indiqu\u00e9s en USD.<\/em><\/p>\r\n\r\n\r\n\t\t\t\t<\/div>\n\t\t\t\t<\/div>\n\t\t\t\t<div class=\"elementor-element elementor-element-d544175 elementor-widget elementor-widget-heading\" data-id=\"d544175\" data-element_type=\"widget\" data-e-type=\"widget\" data-widget_type=\"heading.default\">\n\t\t\t\t<div class=\"elementor-widget-container\">\n\t\t\t\t\t<h3 class=\"elementor-heading-title elementor-size-default\">Les frais d\u2019inscription comprennent&nbsp;:<\/h3>\t\t\t\t<\/div>\n\t\t\t\t<\/div>\n\t\t\t\t<div class=\"elementor-element elementor-element-610f130 clamp_p elementor-widget elementor-widget-text-editor\" data-id=\"610f130\" data-element_type=\"widget\" data-e-type=\"widget\" data-widget_type=\"text-editor.default\">\n\t\t\t\t<div class=\"elementor-widget-container\">\n\t\t\t\t\t\t\t\t\t<div class=\"cat-container\">\r\n<div class=\"abs-cat\"><i class=\"fa fa-check-square\"><\/i><span style=\"padding-left: 5px;\">l\u2019acc\u00e8s \u00e0 toutes les sessions<\/span><\/div><div class=\"abs-cat\"><i class=\"fa fa-check-square\"><\/i><span style=\"padding-left: 5px;\">l\u2019acc\u00e8s en ligne au programme d\u00e9finitif<\/span><\/div><div class=\"abs-cat\"><i class=\"fa fa-check-square\"><\/i><span style=\"padding-left: 5px;\">le petit-d\u00e9jeuner quotidien<\/span><\/div><div class=\"abs-cat\"><i class=\"fa fa-check-square\"><\/i><span style=\"padding-left: 5px;\">les pauses caf\u00e9 quotidiennes<\/span><\/div><div class=\"abs-cat\"><i class=\"fa fa-check-square\"><\/i><span style=\"padding-left: 5px;\">le d\u00e9jeuner quotidien<\/span><\/div><div class=\"abs-cat\"><i class=\"fa fa-check-square\"><\/i><span style=\"padding-left: 5px;\">un certificat de participation (sur demande)<\/span><\/div><div class=\"abs-cat\"><i class=\"fa fa-check-square\"><\/i><span style=\"padding-left: 5px;\">la r\u00e9ception de bienvenue<\/span><\/div><br><\/div>\t\t\t\t\t\t\t\t<\/div>\n\t\t\t\t<\/div>\n\t\t\t\t<div class=\"elementor-element elementor-element-ca5d7b2 clamp_p elementor-widget elementor-widget-accordion\" data-id=\"ca5d7b2\" data-element_type=\"widget\" data-e-type=\"widget\" data-widget_type=\"accordion.default\">\n\t\t\t\t<div class=\"elementor-widget-container\">\n\t\t\t\t\t\t\t<div class=\"elementor-accordion\">\n\t\t\t\t\t\t\t<div class=\"elementor-accordion-item\">\n\t\t\t\t\t<div id=\"elementor-tab-title-2121\" class=\"elementor-tab-title\" data-tab=\"1\" role=\"button\" aria-controls=\"elementor-tab-content-2121\" aria-expanded=\"false\">\n\t\t\t\t\t\t\t\t\t\t\t\t\t<span class=\"elementor-accordion-icon elementor-accordion-icon-right\" aria-hidden=\"true\">\n\t\t\t\t\t\t\t\t\t\t\t\t\t\t\t<span class=\"elementor-accordion-icon-closed\"><i class=\"fas fa-chevron-down\"><\/i><\/span>\n\t\t\t\t\t\t\t\t<span class=\"elementor-accordion-icon-opened\"><i class=\"fas fa-chevron-up\"><\/i><\/span>\n\t\t\t\t\t\t\t\t\t\t\t\t\t\t<\/span>\n\t\t\t\t\t\t\t\t\t\t\t\t<a class=\"elementor-accordion-title\" tabindex=\"0\">Changements et annulations d\u2019inscriptions<\/a>\n\t\t\t\t\t<\/div>\n\t\t\t\t\t<div id=\"elementor-tab-content-2121\" class=\"elementor-tab-content elementor-clearfix\" data-tab=\"1\" role=\"region\" aria-labelledby=\"elementor-tab-title-2121\"><p class=\"clamp_p\">Tout changement ou annulation de votre inscription doit \u00eatre signifi\u00e9 par \u00e9crit \u00e0 l\u2019adresse\u202f<a href=\"mailto:gf@wfh.org\">gf@wfh.org<\/a>. Une confirmation du changement ou de l\u2019annulation vous sera transmise.<\/p>\n<p><\/p>\n<p class=\"clamp_p\">Toutes les demandes sont soumises aux conditions suivantes\u00a0:<\/p>\n<ul class=\"clamp_p\" style=\"margin-bottom: 1.5em;\">\n<li>aucun changement de nom n\u2019est autoris\u00e9<\/li>\n<li>jusqu\u2019au vendredi 10 octobre 2025, un remboursement \u00e9quivalent \u00e0 75 % des frais d\u2019inscription sera accord\u00e9 ; apr\u00e8s le vendredi 10 octobre 2025, aucun remboursement ne sera accord\u00e9<\/li>\n<li>aucun remboursement des frais d\u2019inscription en cas d\u2019erreur de paiement ou de s\u00e9lection de la cat\u00e9gorie<\/li>\n<li>toute absence de participation \u00e0 l\u2019\u00e9v\u00e9nement est consid\u00e9r\u00e9e comme une annulation le jour de l\u2019\u00e9v\u00e9nement et entra\u00eene des frais d\u2019annulation de 100 %<\/li>\n<\/ul>\n<\/div>\n\t\t\t\t<\/div>\n\t\t\t\t\t\t\t\t<\/div>\n\t\t\t\t\t\t<\/div>\n\t\t\t\t<\/div>\n\t\t\t\t<div class=\"elementor-element elementor-element-15a3877 clamp_p elementor-widget elementor-widget-text-editor\" data-id=\"15a3877\" data-element_type=\"widget\" data-e-type=\"widget\" data-widget_type=\"text-editor.default\">\n\t\t\t\t<div class=\"elementor-widget-container\">\n\t\t\t\t\t\t\t\t\t<p class=\"\">Pour toute question relative aux inscriptions, contactez <a href=\"mailto:gf@wfh.org\" target=\"_blank\" rel=\"noopener\">gf@wfh.org<\/a>.<\/p>\n\t\t\t\t\t\t\t\t<\/div>\n\t\t\t\t<\/div>\n\t\t\t\t\t<\/div>\n\t\t<\/div>\n\t\t\t\t<div class=\"elementor-column elementor-col-16 elementor-top-column elementor-element elementor-element-820270b\" data-id=\"820270b\" data-element_type=\"column\" data-e-type=\"column\">\n\t\t\t<div class=\"elementor-widget-wrap\">\n\t\t\t\t\t\t\t<\/div>\n\t\t<\/div>\n\t\t\t\t\t<\/div>\n\t\t<\/section>\n\t\t\t\t<section class=\"elementor-section elementor-top-section elementor-element elementor-element-0fe6dbb elementor-section-full_width elementor-section-height-default elementor-section-height-default\" data-id=\"0fe6dbb\" data-element_type=\"section\" data-e-type=\"section\" id=\"committee\" data-settings=\"{&quot;background_background&quot;:&quot;classic&quot;}\">\n\t\t\t\t\t\t\t<div class=\"elementor-background-overlay\"><\/div>\n\t\t\t\t\t\t\t<div class=\"elementor-container elementor-column-gap-default\">\n\t\t\t\t\t<div class=\"elementor-column elementor-col-50 elementor-top-column elementor-element elementor-element-0afc7be elementor-hidden-tablet elementor-hidden-mobile\" data-id=\"0afc7be\" data-element_type=\"column\" data-e-type=\"column\">\n\t\t\t<div class=\"elementor-widget-wrap\">\n\t\t\t\t\t\t\t<\/div>\n\t\t<\/div>\n\t\t\t\t<div class=\"elementor-column elementor-col-50 elementor-top-column elementor-element elementor-element-2cf73a5\" data-id=\"2cf73a5\" data-element_type=\"column\" data-e-type=\"column\">\n\t\t\t<div class=\"elementor-widget-wrap elementor-element-populated\">\n\t\t\t\t\t\t<div class=\"elementor-element elementor-element-14b57e6 clamp_h2 elementor-widget elementor-widget-heading\" data-id=\"14b57e6\" data-element_type=\"widget\" data-e-type=\"widget\" data-widget_type=\"heading.default\">\n\t\t\t\t<div class=\"elementor-widget-container\">\n\t\t\t\t\t<h2 class=\"elementor-heading-title elementor-size-default\">COMIT\u00c9 ET CONF\u00c9RENCIERS<\/h2>\t\t\t\t<\/div>\n\t\t\t\t<\/div>\n\t\t\t\t<div class=\"elementor-element elementor-element-c5bcc2b clamp_p elementor-widget elementor-widget-text-editor\" data-id=\"c5bcc2b\" data-element_type=\"widget\" data-e-type=\"widget\" data-widget_type=\"text-editor.default\">\n\t\t\t\t<div class=\"elementor-widget-container\">\n\t\t\t\t\t\t\t\t\t<p class=\"\">D\u00e9couvrez les membres du Comit\u00e9 de programme du Forum mondial et les conf\u00e9renciers\u00a0:<\/p>\n\t\t\t\t\t\t\t\t<\/div>\n\t\t\t\t<\/div>\n\t\t\t\t<div class=\"elementor-element elementor-element-ae9b072 elementor-widget elementor-widget-html\" data-id=\"ae9b072\" data-element_type=\"widget\" data-e-type=\"widget\" data-widget_type=\"html.default\">\n\t\t\t\t<div class=\"elementor-widget-container\">\n\t\t\t\t\t<div id=\"cmteContainer\">\r\n     <p id=\"all\" class=\"cmte-tab selected\" onclick=\"filterSelection('all')\">Afficher tout<\/p>\r\n    <p id=\"committee\" class=\"cmte-tab\" onclick=\"filterSelection('committee')\">Membres du comit\u00e9<\/p>\r\n     <p id=\"speakers\" class=\"cmte-tab\" onclick=\"filterSelection('speaker')\">Conf\u00e9renciers<\/p>\r\n    \r\n<\/div>\t\t\t\t<\/div>\n\t\t\t\t<\/div>\n\t\t\t\t<div class=\"elementor-element elementor-element-8ff4ea6 elementor-widget elementor-widget-html\" data-id=\"8ff4ea6\" data-element_type=\"widget\" data-e-type=\"widget\" data-widget_type=\"html.default\">\n\t\t\t\t<div class=\"elementor-widget-container\">\n\t\t\t\t\t<!-- gallery grid -->\r\n<div class=\"row\">\r\n    \r\n    <!-- Glenn Pierce -->  \r\n    <div class=\"cmte-col committee\">\r\n        <div class=\"content\" data-toggle=\"modal\" data-target=\"#gpierce\">\r\n            <div class=\"img-container\">\r\n                <img decoding=\"async\" src=\"\/wp-content\/uploads\/2025\/07\/Pierce-Glenn.jpg\" style=\"object-position: 50% 0;\">\r\n                <div class=\"overlay\"><\/div>\r\n            <\/div>\r\n            <div class=\"cmte-text\">\r\n                <h4 class=\"cmte-name\">Glenn Pierce<\/h4>\r\n                <p class=\"cmte-role\"><span style=\"font-weight: 600\">Co-pr\u00e9sident<\/span><br>\u00c9tats-Unis<\/p>\r\n                <button class=\"cmte-btn\" data-toggle=\"modal\" data-target=\"#gpierce\" >Voir le profil\u00a0\u00a0<i class=\"fas fa-chevron-right\"><\/i><\/button>\r\n            <\/div>\r\n        <\/div>\r\n    <\/div>\r\n     \r\n   <!-- Radek Kaczmarek -->\r\n    <div class=\"cmte-col committee\">\r\n        <div class=\"content\" data-toggle=\"modal\" data-target=\"#rkaczmarek\">\r\n            <div class=\"img-container\">\r\n                <img decoding=\"async\" src=\"\/wp-content\/uploads\/2025\/07\/Kaczmarek-Radek.jpg\" class=\"img-responsive\" >\r\n                <div class=\"overlay\"><\/div>\r\n            <\/div>\r\n            <div class=\"cmte-text\">\r\n                <h4 class=\"cmte-name\">Radek Kaczmarek<\/h4>\r\n                <p class=\"cmte-role\"><span style=\"font-weight: 600\">Co-pr\u00e9sident<\/span><br>\u00c9tats-Unis<\/p>\r\n                <button class=\"cmte-btn\" data-toggle=\"modal\" data-target=\"#rkaczmarek\">Voir le profil\u00a0\u00a0<i class=\"fas fa-chevron-right\"><\/i><\/button>\r\n            <\/div>\r\n        <\/div>\r\n    <\/div>\r\n    \r\n    \r\n    <!-- Tatiana Bathfield -->\r\n    <div class=\"cmte-col committee\">\r\n        <div class=\"content\" data-toggle=\"modal\" data-target=\"#tbathfield\">\r\n            <div class=\"img-container\">\r\n                <img decoding=\"async\" src=\"\/wp-content\/uploads\/2024\/10\/Bathfield-Tatiana.jpg\" class=\"img-responsive\" style=\"object-position: 50% 70%;\">\r\n                <div class=\"overlay\"><\/div>\r\n            <\/div>\r\n            <div class=\"cmte-text\">\r\n                <h4 class=\"cmte-name\">Tatiana Bathfield<\/h4>\r\n                <p class=\"cmte-role\"><span style=\"font-weight: 600\">Membre du comit\u00e9<\/span><br>Maurice<\/p>\r\n                <button class=\"cmte-btn\" data-toggle=\"modal\" data-target=\"#tbathfield\">Voir le profil\u00a0\u00a0<i class=\"fas fa-chevron-right\"><\/i><\/button>\r\n            <\/div>\r\n        <\/div>\r\n    <\/div>\r\n\r\n    <!-- Alan Brooks  -->\r\n    <div class=\"cmte-col speaker\">\r\n        <div class=\"content\" data-toggle=\"modal\" data-target=\"#abrooks\">\r\n            <div class=\"img-container\">\r\n                <img decoding=\"async\" src=\"\/wp-content\/uploads\/2025\/10\/Brooks-Alan.jpg\">\r\n                <div class=\"overlay\"><\/div>\r\n            <\/div>\r\n            <div class=\"cmte-text\">\r\n                <h4 class=\"cmte-name\">Alan Brooks<\/h4>\r\n                <p class=\"cmte-role\"><span style=\"font-weight: 600\">Conf\u00e9rencier<\/span><br>\u00c9tats-Unis<\/p>\r\n                <button class=\"cmte-btn\" data-toggle=\"modal\" data-target=\"#abrooks\" >Voir le profil\u00a0\u00a0<i class=\"fas fa-chevron-right\"><\/i><\/button>\r\n            <\/div>\r\n        <\/div>\r\n    <\/div>\r\n    \r\n\r\n  <!-- Elizabeth Clearfield  -->\r\n    <div class=\"cmte-col speaker\">\r\n        <div class=\"content\" data-toggle=\"modal\" data-target=\"#eclearfield\">\r\n            <div class=\"img-container\">\r\n                <img decoding=\"async\" src=\"\/wp-content\/uploads\/2025\/09\/Clearfield-Elizabeth.jpg\">\r\n                <div class=\"overlay\"><\/div>\r\n            <\/div>\r\n            <div class=\"cmte-text\">\r\n                <h4 class=\"cmte-name\">Elizabeth Clearfield<\/h4>\r\n                <p class=\"cmte-role\"><span style=\"font-weight: 600\">Conf\u00e9rencier<\/span><br>\u00c9tats-Unis<\/p>\r\n                <button class=\"cmte-btn\" data-toggle=\"modal\" data-target=\"#eclearfield\" >Voir le profil\u00a0\u00a0<i class=\"fas fa-chevron-right\"><\/i><\/button>\r\n            <\/div>\r\n        <\/div>\r\n    <\/div>\r\n    \r\n    <!-- Donna Coffin -->\r\n    <div class=\"cmte-col speaker\">\r\n        <div class=\"content\" data-toggle=\"modal\" data-target=\"#dcoffin\">\r\n            <div class=\"img-container\">\r\n                <img decoding=\"async\" src=\"\/wp-content\/uploads\/2023\/06\/Donna-Coffin_2022_square.jpg\">\r\n                <div class=\"overlay\"><\/div>\r\n            <\/div>\r\n            <div class=\"cmte-text\">\r\n                <h4 class=\"cmte-name\">Donna Coffin<\/h4>\r\n                <p class=\"cmte-role\"><span style=\"font-weight: 600\">Conf\u00e9rencier<\/span><br>Canada<\/p>\r\n                <button class=\"cmte-btn\" data-toggle=\"modal\" data-target=\"#dcoffin\" >Voir le profil\u00a0\u00a0<i class=\"fas fa-chevron-right\"><\/i><\/button>\r\n            <\/div>\r\n        <\/div>\r\n    <\/div>\r\n\r\n   <!-- Nicolo Compagno -->\r\n    <div class=\"cmte-col speaker\">\r\n        <div class=\"content\" data-toggle=\"modal\" data-target=\"#ncompagno\">\r\n            <div class=\"img-container\">\r\n                <img decoding=\"async\" src=\"\/wp-content\/uploads\/2025\/09\/Compagno-Nicolo.jpg\">\r\n                <div class=\"overlay\"><\/div>\r\n            <\/div>\r\n            <div class=\"cmte-text\">\r\n                <h4 class=\"cmte-name\">Nicol\u00f2 Compagno<\/h4>\r\n                <p class=\"cmte-role\"><span style=\"font-weight: 600\">Conf\u00e9rencier<\/span><br>Suisse<\/p>\r\n                <button class=\"cmte-btn\" data-toggle=\"modal\" data-target=\"#ncompagno\" >Voir le profil\u00a0\u00a0<i class=\"fas fa-chevron-right\"><\/i><\/button>\r\n            <\/div>\r\n        <\/div>\r\n    <\/div>\r\n    \r\n    <!-- Nathan Connell -->\r\n    <div class=\"cmte-col speaker\">\r\n        <div class=\"content\" data-toggle=\"modal\" data-target=\"#nconnell\">\r\n            <div class=\"img-container\">\r\n                <img decoding=\"async\" src=\"\/wp-content\/uploads\/2023\/06\/Nathan-Connell_2023_square.jpg\">\r\n                <div class=\"overlay\"><\/div>\r\n            <\/div>\r\n            <div class=\"cmte-text\">\r\n                <h4 class=\"cmte-name\">Nathan Connell<\/h4>\r\n                <p class=\"cmte-role\"><span style=\"font-weight: 600\">Conf\u00e9rencier<\/span><br>\u00c9tats-Unis<\/p>\r\n                <button class=\"cmte-btn\" data-toggle=\"modal\" data-target=\"#nconnell\">Voir le profil\u00a0\u00a0<i class=\"fas fa-chevron-right\"><\/i><\/button>\r\n            <\/div>\r\n        <\/div>\r\n    <\/div>\r\n\r\n    <!-- Shelley Crary -->\r\n    <div class=\"cmte-col speaker\">\r\n        <div class=\"content\" data-toggle=\"modal\" data-target=\"#scrary\">\r\n            <div class=\"img-container\">\r\n                <img decoding=\"async\" src=\"\/wp-content\/uploads\/2025\/09\/Crary-Shelley.jpg\">\r\n                <div class=\"overlay\"><\/div>\r\n            <\/div>\r\n            <div class=\"cmte-text\">\r\n                <h4 class=\"cmte-name\">Shelley Crary<\/h4>\r\n                <p class=\"cmte-role\"><span style=\"font-weight: 600\">Conf\u00e9rencier<\/span><br>\u00c9tats-Unis<\/p>\r\n                <button class=\"cmte-btn\" data-toggle=\"modal\" data-target=\"#scrary\" >Voir le profil\u00a0\u00a0<i class=\"fas fa-chevron-right\"><\/i><\/button>\r\n            <\/div>\r\n        <\/div>\r\n    <\/div>\r\n\r\n    <!-- Ari Friedland  -->\r\n    <div class=\"cmte-col speaker\">\r\n        <div class=\"content\" data-toggle=\"modal\" data-target=\"#afriedland\">\r\n            <div class=\"img-container\">\r\n                <img decoding=\"async\" src=\"\/wp-content\/uploads\/2025\/09\/Friedland-Ari.jpg\">\r\n                <div class=\"overlay\"><\/div>\r\n            <\/div>\r\n            <div class=\"cmte-text\">\r\n                <h4 class=\"cmte-name\">Ari Friedland<\/h4>\r\n                <p class=\"cmte-role\"><span style=\"font-weight: 600\">Conf\u00e9rencier<\/span><br>\u00c9tats-Unis<\/p>\r\n                <button class=\"cmte-btn\" data-toggle=\"modal\" data-target=\"#afriedland\">Voir le profil\u00a0\u00a0<i class=\"fas fa-chevron-right\"><\/i><\/button>\r\n            <\/div>\r\n        <\/div>\r\n    <\/div>\r\n    \r\n    \r\n    \r\n    <!-- Cesar Garrido -->\r\n    <div class=\"cmte-col committee\">\r\n        <div class=\"content\" data-toggle=\"modal\" data-target=\"#cgarrido\">\r\n            <div class=\"img-container\">\r\n                <img decoding=\"async\" src=\"\/wp-content\/uploads\/2023\/06\/Garrido-Cesar.jpg\">\r\n                <div class=\"overlay\"><\/div>\r\n            <\/div>\r\n            <div class=\"cmte-text\">\r\n                <h4 class=\"cmte-name\">Cesar Garrido<\/h4>\r\n                <p class=\"cmte-role\"><span style=\"font-weight: 600\">Membre du comit\u00e9<\/span><br>Venezuela<\/p>\r\n                <button class=\"cmte-btn\" data-toggle=\"modal\" data-target=\"#cgarrido\" >Voir le profil\u00a0\u00a0<i class=\"fas fa-chevron-right\"><\/i><\/button>\r\n            <\/div>\r\n        <\/div>\r\n    <\/div>\r\n    \r\n    <!-- Emna Gouider -->\r\n    <div class=\"cmte-col committee speaker\">\r\n        <div class=\"content\" data-toggle=\"modal\" data-target=\"#egouider\">\r\n            <div class=\"img-container\">\r\n                <img decoding=\"async\" src=\"\/wp-content\/uploads\/2024\/10\/Gouider-Emna.jpg\">\r\n                <div class=\"overlay\"><\/div>\r\n            <\/div>\r\n            <div class=\"cmte-text\">\r\n                <h4 class=\"cmte-name\">Emna Gouider<\/h4>\r\n                <p class=\"cmte-role\"><span style=\"font-weight: 600\">Membre du comit\u00e9, conf\u00e9rencier<\/span><br>Tunisie<\/p>\r\n                <button class=\"cmte-btn\" data-toggle=\"modal\" data-target=\"#egouider\" >Voir le profil\u00a0\u00a0<i class=\"fas fa-chevron-right\"><\/i><\/button>\r\n            <\/div>\r\n        <\/div>\r\n    <\/div>\r\n\r\n    <!-- Steven Grossman -->\r\n    <div class=\"cmte-col speaker\">\r\n        <div class=\"content\" data-toggle=\"modal\" data-target=\"#sgrossman\">\r\n            <div class=\"img-container\">\r\n                <img decoding=\"async\" src=\"\/wp-content\/uploads\/2025\/09\/Grossman-Steven-1.jpg\">\r\n                <div class=\"overlay\"><\/div>\r\n            <\/div>\r\n            <div class=\"cmte-text\">\r\n                <h4 class=\"cmte-name\">Steven Grossman<\/h4>\r\n                <p class=\"cmte-role\"><span style=\"font-weight: 600\">Conf\u00e9rencier<\/span><br>\u00c9tats-Unis<\/p>\r\n                <button class=\"cmte-btn\" data-toggle=\"modal\" data-target=\"#sgrossman\" >Voir le profil\u00a0\u00a0<i class=\"fas fa-chevron-right\"><\/i><\/button>\r\n            <\/div>\r\n        <\/div>\r\n    <\/div>\r\n    \r\n    <!-- Assad Haffar -->\r\n    <div class=\"cmte-col speaker\">\r\n        <div class=\"content\" data-toggle=\"modal\" data-target=\"#ahaffar\">\r\n            <div class=\"img-container\">\r\n                <img decoding=\"async\" src=\"\/wp-content\/uploads\/2023\/09\/Haffar-Assad.jpg\" style=\"object-position: 50% 10%;\">\r\n                <div class=\"overlay\"><\/div>\r\n            <\/div>\r\n            <div class=\"cmte-text\">\r\n                <h4 class=\"cmte-name\">Assad Haffar<\/h4>\r\n                <p class=\"cmte-role\"><span style=\"font-weight: 600\">Conf\u00e9rencier<\/span><br>Canada<\/p>\r\n                <button class=\"cmte-btn\" data-toggle=\"modal\" data-target=\"#ahaffar\">Voir le profil\u00a0\u00a0<i class=\"fas fa-chevron-right\"><\/i><\/button>\r\n            <\/div>\r\n        <\/div>\r\n    <\/div>\r\n    \r\n    <!-- Cedric Hermans -->\r\n    <div class=\"cmte-col committee speaker\">\r\n        <div class=\"content\" data-toggle=\"modal\" data-target=\"#chermans\">\r\n            <div class=\"img-container\">\r\n                <img decoding=\"async\" src=\"\/wp-content\/uploads\/2025\/06\/Cedric-Hermans.jpg\" class=\"img-responsive\" style=\"object-position: 50% 10%\">\r\n                <div class=\"overlay\"><\/div>\r\n            <\/div>\r\n            <div class=\"cmte-text\">\r\n                <h4 class=\"cmte-name\">Cedric Hermans<\/h4>\r\n                <p class=\"cmte-role\"><span style=\"font-weight: 600\">Membre du comit\u00e9, conf\u00e9rencier<\/span><br>Belgique<\/p>\r\n                <button class=\"cmte-btn\" data-toggle=\"modal\" data-target=\"#chermans\" >Voir le profil\u00a0\u00a0<i class=\"fas fa-chevron-right\"><\/i><\/button>\r\n            <\/div>\r\n        <\/div>\r\n    <\/div>\r\n\r\n    <!-- Laurent Humeau -->\r\n    <div class=\"cmte-col speaker\">\r\n        <div class=\"content\" data-toggle=\"modal\" data-target=\"#lhumeau\">\r\n            <div class=\"img-container\">\r\n                <img decoding=\"async\" src=\"\/wp-content\/uploads\/2025\/10\/Humeau-Laurent.jpg\">\r\n                <div class=\"overlay\"><\/div>\r\n            <\/div>\r\n            <div class=\"cmte-text\">\r\n                <h4 class=\"cmte-name\">Laurent Humeau<\/h4>\r\n                <p class=\"cmte-role\"><span style=\"font-weight: 600\">Conf\u00e9rencier<\/span><br>\u00c9tats-Unis<\/p>\r\n                <button class=\"cmte-btn\" data-toggle=\"modal\" data-target=\"#lhumeau\" >Voir le profil\u00a0\u00a0<i class=\"fas fa-chevron-right\"><\/i><\/button>\r\n            <\/div>\r\n        <\/div>\r\n    <\/div>\r\n    \r\n   <!-- Michael Kelly >\r\n    <div class=\"cmte-col speaker\">\r\n        <div class=\"content\" data-toggle=\"modal\" data-target=\"#mkelly\">\r\n            <div class=\"img-container\">\r\n                <img decoding=\"async\" src=\"\/wp-content\/uploads\/2025\/10\/Kelly-Michael.jpg\">\r\n                <div class=\"overlay\"><\/div>\r\n            <\/div>\r\n            <div class=\"cmte-text\">\r\n                <h4 class=\"cmte-name\">Michael Kelly<\/h4>\r\n                <p class=\"cmte-role\"><span style=\"font-weight: 600\">Conf\u00e9rencier<\/span><br>\u00c9tats-Unis<\/p>\r\n                <button class=\"cmte-btn\" data-toggle=\"modal\" data-target=\"#mkelly\" >Voir le profil\u00a0\u00a0<i class=\"fas fa-chevron-right\"><\/i><\/button>\r\n            <\/div>\r\n        <\/div>\r\n    <\/div-->\r\n\r\n    <!-- Benjamin Kim -->\r\n    <div class=\"cmte-col speaker\">\r\n        <div class=\"content\" data-toggle=\"modal\" data-target=\"#bkim\">\r\n            <div class=\"img-container\">\r\n                <img decoding=\"async\" src=\"\/wp-content\/uploads\/2025\/08\/Kim-Benjamin.jpg\">\r\n                <div class=\"overlay\"><\/div>\r\n            <\/div>\r\n            <div class=\"cmte-text\">\r\n                <h4 class=\"cmte-name\">Benjamin Kim<\/h4>\r\n                <p class=\"cmte-role\"><span style=\"font-weight: 600\">Conf\u00e9rencier<\/span><br>\u00c9tats-Unis<\/p>\r\n                <button class=\"cmte-btn\" data-toggle=\"modal\" data-target=\"#bkim\" >Voir le profil\u00a0\u00a0<i class=\"fas fa-chevron-right\"><\/i><\/button>\r\n            <\/div>\r\n        <\/div>\r\n    <\/div>\r\n    \r\n    <!-- Thomas R. Kreil -->\r\n    <div class=\"cmte-col speaker\">\r\n        <div class=\"content\" data-toggle=\"modal\" data-target=\"#tkreil\">\r\n            <div class=\"img-container\">\r\n                <img decoding=\"async\" src=\"\/wp-content\/uploads\/2025\/08\/Kreil-Thomas.jpg\" style=\"object-position: 50% 0;\">\r\n                <div class=\"overlay\"><\/div>\r\n            <\/div>\r\n            <div class=\"cmte-text\">\r\n                <h4 class=\"cmte-name\">Thomas R. Kreil<\/h4>\r\n                <p class=\"cmte-role\"><span style=\"font-weight: 600\">Conf\u00e9rencier<\/span><br>Autriche<\/p>\r\n                <button class=\"cmte-btn\" data-toggle=\"modal\" data-target=\"#tkreil\" >Voir le profil\u00a0\u00a0<i class=\"fas fa-chevron-right\"><\/i><\/button>\r\n            <\/div>\r\n        <\/div>\r\n    <\/div>\r\n    \r\n    <!-- David Lillicrap -->\r\n    <div class=\"cmte-col speaker\">\r\n        <div class=\"content\" data-toggle=\"modal\" data-target=\"#dlillicrap\">\r\n            <div class=\"img-container\">\r\n                <img decoding=\"async\" src=\"\/wp-content\/uploads\/2023\/09\/Lillicrap-David-v2.jpg\" class=\"img-responsive\">\r\n                <div class=\"overlay\"><\/div>\r\n            <\/div>\r\n            <div class=\"cmte-text\">\r\n                <h4 class=\"cmte-name\">David Lillicrap<\/h4>\r\n                <p class=\"cmte-role\"><span style=\"font-weight: 600\">Conf\u00e9rencier<\/span><br>Canada<\/p>\r\n                <button class=\"cmte-btn\" data-toggle=\"modal\" data-target=\"#dlillicrap\">Voir le profil\u00a0\u00a0<i class=\"fas fa-chevron-right\"><\/i><\/button>\r\n            <\/div>\r\n        <\/div>\r\n    <\/div>\r\n\r\n  <!-- Jacob Lund -->\r\n    <div class=\"cmte-col speaker\">\r\n        <div class=\"content\" data-toggle=\"modal\" data-target=\"#jlund\">\r\n            <div class=\"img-container\">\r\n                <img decoding=\"async\" src=\"\/wp-content\/uploads\/2025\/09\/Lund-Jacob.jpg\">\r\n                <div class=\"overlay\"><\/div>\r\n            <\/div>\r\n            <div class=\"cmte-text\">\r\n                <h4 class=\"cmte-name\">Jacob Lund<\/h4>\r\n                <p class=\"cmte-role\"><span style=\"font-weight: 600\">Conf\u00e9rencier<\/span><br>Danemark<\/p>\r\n                <button class=\"cmte-btn\" data-toggle=\"modal\" data-target=\"#jlund\" >Voir le profil\u00a0\u00a0<i class=\"fas fa-chevron-right\"><\/i><\/button>\r\n            <\/div>\r\n        <\/div>\r\n    <\/div>\r\n\r\n    <!-- Johnny Mahlangu -->\r\n    <div class=\"cmte-col committee speaker\">\r\n        <div class=\"content\" data-toggle=\"modal\" data-target=\"#jmahlangu\">\r\n            <div class=\"img-container\">\r\n                <img decoding=\"async\" src=\"\/wp-content\/uploads\/2025\/07\/Mahlangu-Johnny.jpg\" style=\"object-position: 50% 10%;\">\r\n                <div class=\"overlay\"><\/div>\r\n            <\/div>\r\n            <div class=\"cmte-text\">\r\n                <h4 class=\"cmte-name\">Johnny Mahlangu<\/h4>\r\n                <p class=\"cmte-role\"><span style=\"font-weight: 600\">Membre du comit\u00e9, conf\u00e9rencier<\/span><br>Afrique du Sud<\/p>\r\n                <button class=\"cmte-btn\" data-toggle=\"modal\" data-target=\"#jmahlangu\">Voir le profil\u00a0\u00a0<i class=\"fas fa-chevron-right\"><\/i><\/button>\r\n            <\/div>\r\n        <\/div>\r\n    <\/div>\r\n\r\n    \r\n    <!-- Mike Makris -->\r\n    <div class=\"cmte-col committee speaker\">\r\n        <div class=\"content\" data-toggle=\"modal\" data-target=\"#mmakris\">\r\n            <div class=\"img-container\">\r\n                <img decoding=\"async\" src=\"\/wp-content\/uploads\/2023\/08\/Makris-Michael.jpg\">\r\n                <div class=\"overlay\"><\/div>\r\n            <\/div>\r\n            <div class=\"cmte-text\">\r\n                <h4 class=\"cmte-name\">Mike Makris<\/h4>\r\n                <p class=\"cmte-role\"><span style=\"font-weight: 600\">Membre du comit\u00e9, conf\u00e9rencier<\/span><br>Royaume-Uni<\/p>\r\n                <button class=\"cmte-btn\" data-toggle=\"modal\" data-target=\"#mmakris\" >Voir le profil\u00a0\u00a0<i class=\"fas fa-chevron-right\"><\/i><\/button>\r\n            <\/div>\r\n        <\/div>\r\n    <\/div>\r\n    \r\n\r\n    <!-- Maria Elisa Mancuso  -->\r\n    <div class=\"cmte-col committee speaker\">\r\n        <div class=\"content\" data-toggle=\"modal\" data-target=\"#mmancuso\">\r\n            <div class=\"img-container\">\r\n                <img decoding=\"async\" src=\"\/wp-content\/uploads\/2024\/10\/Mancuso-MariaElisa.jpg\" >\r\n                <div class=\"overlay\"><\/div>\r\n            <\/div>\r\n            <div class=\"cmte-text\">\r\n                <h4 class=\"cmte-name\">Maria Elisa Mancuso<\/h4>\r\n                <p class=\"cmte-role\"><span style=\"font-weight: 600\">Membre du comit\u00e9, conf\u00e9rencier<\/span><br>Italie<\/p>\r\n                <button class=\"cmte-btn\" data-toggle=\"modal\" data-target=\"#mmancuso\" >Voir le profil\u00a0\u00a0<i class=\"fas fa-chevron-right\"><\/i><\/button>\r\n            <\/div>\r\n        <\/div>\r\n    <\/div>\r\n    \r\n    <!-- Marko Marinic -->\r\n    <div class=\"cmte-col committee\">\r\n        <div class=\"content\" data-toggle=\"modal\" data-target=\"#mmarinic\">\r\n            <div class=\"img-container\">\r\n                <img decoding=\"async\" src=\"https:\/\/wfh.org\/wp-content\/uploads\/2025\/07\/Marinic-Marko.jpg\" class=\"img-responsive\">\r\n                <div class=\"overlay\"><\/div>\r\n            <\/div>\r\n            <div class=\"cmte-text\">\r\n                <h4 class=\"cmte-name\">Marko Marinic<\/h4>\r\n                <p class=\"cmte-role\"><span style=\"font-weight: 600\">Membre du comit\u00e9<\/span><br>Croatie<\/p>\r\n                <button class=\"cmte-btn\" data-toggle=\"modal\" data-target=\"#mmarinic\" >Voir le profil\u00a0\u00a0<i class=\"fas fa-chevron-right\"><\/i><\/button>\r\n            <\/div>\r\n        <\/div>\r\n    <\/div>\r\n    \r\n    <!-- Davide Matino  -->\r\n    <div class=\"cmte-col speaker\">\r\n        <div class=\"content\" data-toggle=\"modal\" data-target=\"#dmatino\">\r\n            <div class=\"img-container\">\r\n                <img decoding=\"async\" src=\"\/wp-content\/uploads\/2023\/10\/Davide-Matino_2023.jpg\">\r\n                <div class=\"overlay\"><\/div>\r\n            <\/div>\r\n            <div class=\"cmte-text\">\r\n                <h4 class=\"cmte-name\">Davide Matino<\/h4>\r\n                <p class=\"cmte-role\"><span style=\"font-weight: 600\">Conf\u00e9rencier<\/span><br>Canada<\/p>\r\n                <button class=\"cmte-btn\" data-toggle=\"modal\" data-target=\"#dmatino\">Voir le profil\u00a0\u00a0<i class=\"fas fa-chevron-right\"><\/i><\/button>\r\n            <\/div>\r\n        <\/div>\r\n    <\/div>\r\n    \r\n    \r\n    <!-- Salome Mekhuzla -->\r\n    <div class=\"cmte-col speaker\">\r\n        <div class=\"content\" data-toggle=\"modal\" data-target=\"#smekhuzla\">\r\n            <div class=\"img-container\">\r\n                <img decoding=\"async\" src=\"\/wp-content\/uploads\/2022\/10\/Salome-Mekhuzla.jpg\">\r\n                <div class=\"overlay\"><\/div>\r\n            <\/div>\r\n            <div class=\"cmte-text\">\r\n                <h4 class=\"cmte-name\">Salome Mekhuzla<\/h4>\r\n                <p class=\"cmte-role\"><span style=\"font-weight: 600\">Conf\u00e9rencier<\/span><br>Canada<\/p>\r\n                <button class=\"cmte-btn\" data-toggle=\"modal\" data-target=\"#smekhuzla\">Voir le profil\u00a0\u00a0<i class=\"fas fa-chevron-right\"><\/i><\/button>\r\n            <\/div>\r\n        <\/div>\r\n    <\/div>\r\n\r\n    <!-- Silmara Montalv\u00e3o  -->\r\n    <div class=\"cmte-col speaker\">\r\n        <div class=\"content\" data-toggle=\"modal\" data-target=\"#smontalvao\">\r\n            <div class=\"img-container\">\r\n                <img decoding=\"async\" src=\"\/wp-content\/uploads\/2025\/09\/Montalvao-Silmara.jpg\" style=\"object-position: 0;\">\r\n                <div class=\"overlay\"><\/div>\r\n            <\/div>\r\n            <div class=\"cmte-text\">\r\n                <h4 class=\"cmte-name\">Silmara Montalv\u00e3o<\/h4>\r\n                <p class=\"cmte-role\"><span style=\"font-weight: 600\">Conf\u00e9rencier<\/span><br>Br\u00e9sil<\/p>\r\n                <button class=\"cmte-btn\" data-toggle=\"modal\" data-target=\"#smontalvao\" >Voir le profil\u00a0\u00a0<i class=\"fas fa-chevron-right\"><\/i><\/button>\r\n            <\/div>\r\n        <\/div>\r\n    <\/div>\r\n    \r\n    <!-- Brian O'Mahony -->\r\n    <div class=\"cmte-col committee speaker\">\r\n        <div class=\"content\" data-toggle=\"modal\" data-target=\"#bomahony\">\r\n            <div class=\"img-container\">\r\n                <img decoding=\"async\" src=\"\/wp-content\/uploads\/2023\/08\/OMahony-Brian.jpg\" class=\"img-responsive\">\r\n                <div class=\"overlay\"><\/div>\r\n            <\/div>\r\n            <div class=\"cmte-text\">\r\n                <h4 class=\"cmte-name\">Brian O'Mahony<\/h4>\r\n                <p class=\"cmte-role\"><span style=\"font-weight: 600\">Membre du comit\u00e9, conf\u00e9rencier<\/span><br>Irlande<\/p>\r\n                <button class=\"cmte-btn\" data-toggle=\"modal\" data-target=\"#bomahony\" >Voir le profil\u00a0\u00a0<i class=\"fas fa-chevron-right\"><\/i><\/button>\r\n            <\/div>\r\n        <\/div>\r\n    <\/div>\r\n\r\n    <!-- Catherine Rea -->\r\n    <div class=\"cmte-col speaker\">\r\n        <div class=\"content\" data-toggle=\"modal\" data-target=\"#crea\">\r\n            <div class=\"img-container\">\r\n                <img decoding=\"async\" src=\"\/wp-content\/uploads\/2025\/11\/Rea-Catherine.jpg\" style=\"object-position: 50% 0\">\r\n                <div class=\"overlay\"><\/div>\r\n            <\/div>\r\n            <div class=\"cmte-text\">\r\n                <h4 class=\"cmte-name\">Catherine Rea<\/h4>\r\n                <p class=\"cmte-role\"><span style=\"font-weight: 600\">Conf\u00e9rencier<\/span><br>\u00c9tats-Unis<\/p>\r\n                <button class=\"cmte-btn\" data-toggle=\"modal\" data-target=\"#crea\" >Voir le profil\u00a0\u00a0<i class=\"fas fa-chevron-right\"><\/i><\/button>\r\n            <\/div>\r\n        <\/div>\r\n    <\/div>\r\n\r\n\r\n   <!-- Patrick Robert  -->\r\n    <div class=\"cmte-col speaker\">\r\n        <div class=\"content\" data-toggle=\"modal\" data-target=\"#probert\">\r\n            <div class=\"img-container\">\r\n                <img decoding=\"async\" src=\"\/wp-content\/uploads\/2025\/09\/Robert-Patrick.jpg\">\r\n                <div class=\"overlay\"><\/div>\r\n            <\/div>\r\n            <div class=\"cmte-text\">\r\n                <h4 class=\"cmte-name\">Patrick Robert<\/h4>\r\n                <p class=\"cmte-role\"><span style=\"font-weight: 600\">Conf\u00e9rencier<\/span><br>\u00c9tats-Unis<\/p>\r\n                <button class=\"cmte-btn\" data-toggle=\"modal\" data-target=\"#probert\" >Voir le profil\u00a0\u00a0<i class=\"fas fa-chevron-right\"><\/i><\/button>\r\n            <\/div>\r\n        <\/div>\r\n    <\/div>\r\n\r\n\t\r\n    <!-- Dawn Rotellini -->\r\n    <div class=\"cmte-col committee\">\r\n        <div class=\"content\" data-toggle=\"modal\" data-target=\"#drotellini\">\r\n            <div class=\"img-container\">\r\n                <img decoding=\"async\" src=\"\/wp-content\/uploads\/2023\/08\/Rotellini-Dawn.jpg\">\r\n                <div class=\"overlay\"><\/div>\r\n            <\/div>\r\n            <div class=\"cmte-text\">\r\n                <h4 class=\"cmte-name\">Dawn Rotellini<\/h4>\r\n                <p class=\"cmte-role\"><span style=\"font-weight: 600\">Membre du comit\u00e9<\/span><br>\u00c9tats-Unis<\/p>\r\n                <button class=\"cmte-btn\" data-toggle=\"modal\" data-target=\"#drotellini\" >Voir le profil\u00a0\u00a0<i class=\"fas fa-chevron-right\"><\/i><\/button>\r\n            <\/div>\r\n        <\/div>\r\n    <\/div>\r\n    \r\n    <!-- Ben Samelson-Jones -->\r\n    <div class=\"cmte-col speaker\">\r\n        <div class=\"content\" data-toggle=\"modal\" data-target=\"#bsamelsonjones\">\r\n            <div class=\"img-container\">\r\n                <img decoding=\"async\" src=\"\/wp-content\/uploads\/2025\/08\/Samelson-Jones-Benjamin.jpg\" style=\"object-position: 50% 10%;\">\r\n                <div class=\"overlay\"><\/div>\r\n            <\/div>\r\n            <div class=\"cmte-text\">\r\n                <h4 class=\"cmte-name\">Ben Samelson-Jones<\/h4>\r\n                <p class=\"cmte-role\"><span style=\"font-weight: 600\">Conf\u00e9rencier<\/span><br>\u00c9tats-Unis<\/p>\r\n                <button class=\"cmte-btn\" data-toggle=\"modal\" data-target=\"#bsamelsonjones\">Voir le profil\u00a0\u00a0<i class=\"fas fa-angle-right\"><\/i><\/button>\r\n            <\/div>\r\n        <\/div>\r\n    <\/div>\r\n    \r\n    <!-- Stephanie Seremetis -->\r\n    <div class=\"cmte-col speaker\">\r\n        <div class=\"content\" data-toggle=\"modal\" data-target=\"#sseremetis\">\r\n            <div class=\"img-container\">\r\n                <img decoding=\"async\" src=\"\/wp-content\/uploads\/2025\/09\/Seremetis-Stephanie.jpg\">\r\n                <div class=\"overlay\"><\/div>\r\n            <\/div>\r\n            <div class=\"cmte-text\">\r\n                <h4 class=\"cmte-name\">Stephanie Seremetis<\/h4>\r\n                <p class=\"cmte-role\"><span style=\"font-weight: 600\">Conf\u00e9rencier<\/span><br>\u00c9tats-Unis<\/p>\r\n                <button class=\"cmte-btn\" data-toggle=\"modal\" data-target=\"#sseremetis\" >Voir le profil\u00a0\u00a0<i class=\"fas fa-chevron-right\"><\/i><\/button>\r\n            <\/div>\r\n        <\/div>\r\n    <\/div>\r\n\r\n    <!-- Michelle Sholzberg  -->\r\n    <div class=\"cmte-col speaker\">\r\n        <div class=\"content\" data-toggle=\"modal\" data-target=\"#msholzberg\">\r\n            <div class=\"img-container\">\r\n                <img decoding=\"async\" src=\"\/wp-content\/uploads\/2025\/09\/Sholzberg-Michelle.jpg\">\r\n                <div class=\"overlay\"><\/div>\r\n            <\/div>\r\n            <div class=\"cmte-text\">\r\n                <h4 class=\"cmte-name\">Michelle Sholzberg<\/h4>\r\n                <p class=\"cmte-role\"><span style=\"font-weight: 600\">Conf\u00e9rencier<\/span><br>Canada<\/p>\r\n                <button class=\"cmte-btn\" data-toggle=\"modal\" data-target=\"#msholzberg\">Voir le profil\u00a0\u00a0<i class=\"fas fa-chevron-right\"><\/i><\/button>\r\n            <\/div>\r\n        <\/div>\r\n    <\/div>\r\n    \r\n    <!-- Robert Sidonio -->\r\n    <div class=\"cmte-col speaker\">\r\n        <div class=\"content\" data-toggle=\"modal\" data-target=\"#rsidonio\">\r\n            <div class=\"img-container\">\r\n                <img decoding=\"async\" src=\"\/wp-content\/uploads\/2023\/09\/Sidonio-Robert.jpg\">\r\n                <div class=\"overlay\"><\/div>\r\n            <\/div>\r\n            <div class=\"cmte-text\">\r\n                <h4 class=\"cmte-name\">Robert Sidonio<\/h4>\r\n                <p class=\"cmte-role\"><span style=\"font-weight: 600\">Conf\u00e9rencier<\/span><br>\u00c9tats-Unis<\/p>\r\n                <button class=\"cmte-btn\" data-toggle=\"modal\" data-target=\"#rsidonio\">Voir le profil\u00a0\u00a0<i class=\"fas fa-angle-right\"><\/i><\/button>\r\n            <\/div>\r\n        <\/div>\r\n    <\/div>\r\n    \r\n    \r\n    <!-- Mark W. Skinner -->\r\n    <div class=\"cmte-col committee speaker\">\r\n        <div class=\"content\" data-toggle=\"modal\" data-target=\"#mskinner\">\r\n            <div class=\"img-container\">\r\n                <img decoding=\"async\" src=\"\/wp-content\/uploads\/2023\/08\/Skinner-Mark.jpg\" class=\"img-responsive\" style=\"object-position: 50% 20%;\">\r\n                <div class=\"overlay\"><\/div>\r\n            <\/div>\r\n            <div class=\"cmte-text\">\r\n                <h4 class=\"cmte-name\">Mark W. Skinner<\/h4>\r\n                <p class=\"cmte-role\"><span style=\"font-weight: 600\">Membre du comit\u00e9, conf\u00e9rencier<\/span><br>\u00c9tats-Unis<\/p>\r\n                <button class=\"cmte-btn\" data-toggle=\"modal\" data-target=\"#mskinner\" >Voir le profil\u00a0\u00a0<i class=\"fas fa-chevron-right\"><\/i><\/button>\r\n            <\/div>\r\n        <\/div>\r\n    <\/div>\r\n    \r\n    <!-- Alok Srivastava -->\r\n    <div class=\"cmte-col speaker\">\r\n        <div class=\"content\" data-toggle=\"modal\" data-target=\"#asrivastava\">\r\n            <div class=\"img-container\">\r\n                <img decoding=\"async\" src=\"\/wp-content\/uploads\/2025\/06\/Alok-Srivastava.jpg\" class=\"img-responsive\" style=\"object-position: 50% 0%;\">\r\n                <div class=\"overlay\"><\/div>\r\n            <\/div>\r\n            <div class=\"cmte-text\">\r\n                <h4 class=\"cmte-name\">Alok Srivastava<\/h4>\r\n                <p class=\"cmte-role\"><span style=\"font-weight: 600\">Conf\u00e9rencier<\/span><br>Inde<\/p>\r\n                <button class=\"cmte-btn\" data-toggle=\"modal\" data-target=\"#asrivastava\" >Voir le profil\u00a0\u00a0<i class=\"fas fa-chevron-right\"><\/i><\/button>\r\n            <\/div>\r\n        <\/div>\r\n    <\/div>\r\n    \r\n    <!-- Ekawat Suwantaroj --> \r\n    <div class=\"cmte-col speaker\">\r\n        <div class=\"content\" data-toggle=\"modal\" data-target=\"#esuwantaroj\">\r\n            <div class=\"img-container\">\r\n                <img decoding=\"async\" src=\"\/wp-content\/uploads\/2023\/04\/Ekawat-Suwantaroj_2023.jpg\">\r\n                <div class=\"overlay\"><\/div>\r\n            <\/div>\r\n            <div class=\"cmte-text\">\r\n                <h4 class=\"cmte-name\">Ekawat Suwantaroj<\/h4>\r\n                <p class=\"cmte-role\"><span style=\"font-weight: 600\">Conf\u00e9rencier<\/span><br>Tha\u00eflande<\/p>\r\n                <button class=\"cmte-btn\" data-toggle=\"modal\" data-target=\"#esuwantaroj\" >Voir le profil\u00a0\u00a0<i class=\"fas fa-chevron-right\"><\/i><\/button>\r\n            <\/div>\r\n        <\/div>\r\n    <\/div>\r\n\r\n   <!-- Michael Wang -->\r\n    <div class=\"cmte-col speaker\">\r\n        <div class=\"content\" data-toggle=\"modal\" data-target=\"#mwang\">\r\n            <div class=\"img-container\">\r\n                <img decoding=\"async\" src=\"\/wp-content\/uploads\/2025\/09\/Wang-Michael.jpg\" class=\"img-responsive\">\r\n                <div class=\"overlay\"><\/div>\r\n            <\/div>\r\n            <div class=\"cmte-text\">\r\n                <h4 class=\"cmte-name\">Michael Wang<\/h4>\r\n                <p class=\"cmte-role\"><span style=\"font-weight: 600\">Conf\u00e9rencier<\/span><br>\u00c9tats-Unis<\/p>\r\n                <button class=\"cmte-btn\" data-toggle=\"modal\" data-target=\"#mwang\" >Voir le profil\u00a0\u00a0<i class=\"fas fa-chevron-right\"><\/i><\/button>\r\n            <\/div>\r\n        <\/div>\r\n    <\/div>\r\n    \r\n    <!-- Angela Weyand -->\r\n    <div class=\"cmte-col speaker\">\r\n        <div class=\"content\" data-toggle=\"modal\" data-target=\"#aweyand\">\r\n            <div class=\"img-container\">\r\n                <img decoding=\"async\" src=\"\/wp-content\/uploads\/2025\/08\/Weyand-Angela.jpg\" class=\"img-responsive\">\r\n                <div class=\"overlay\"><\/div>\r\n            <\/div>\r\n            <div class=\"cmte-text\">\r\n                <h4 class=\"cmte-name\">Angela Weyand<\/h4>\r\n                <p class=\"cmte-role\"><span style=\"font-weight: 600\">Conf\u00e9rencier<\/span><br>\u00c9tats-Unis<\/p>\r\n                <button class=\"cmte-btn\" data-toggle=\"modal\" data-target=\"#aweyand\" >Voir le profil\u00a0\u00a0<i class=\"fas fa-chevron-right\"><\/i><\/button>\r\n            <\/div>\r\n        <\/div>\r\n    <\/div>\r\n    \r\n    <!-- Gabriela Yamaguti-Hayakawa -->\r\n    <div class=\"cmte-col speaker\">\r\n        <div class=\"content\" data-toggle=\"modal\" data-target=\"#ghayakawa\">\r\n            <div class=\"img-container\">\r\n                <img decoding=\"async\" src=\"https:\/\/www.conferenceharvester.com\/uploads\/harvester\/photos\/cropUXLTUSZR-Presenter-YamagutiHayakawaG(2).jpg\" class=\"img-responsive\" style=\"object-position: 50% 0;\">\r\n                <div class=\"overlay\"><\/div>\r\n            <\/div>\r\n            <div class=\"cmte-text\">\r\n                <h4 class=\"cmte-name\">Gabriela Yamaguti-Hayakawa<\/h4>\r\n                <p class=\"cmte-role\"><span style=\"font-weight: 600\">Conf\u00e9rencier<\/span><br>Br\u00e9sil<\/p>\r\n                <button class=\"cmte-btn\" data-toggle=\"modal\" data-target=\"#ghayakawa\" >Voir le profil\u00a0\u00a0<i class=\"fas fa-chevron-right\"><\/i><\/button>\r\n            <\/div>\r\n        <\/div>\r\n    <\/div>\r\n    \r\n    <!-- Renchi Yang -->\r\n    <div class=\"cmte-col speaker\">\r\n        <div class=\"content\" data-toggle=\"modal\" data-target=\"#ryang\">\r\n            <div class=\"img-container\">\r\n                <img decoding=\"async\" src=\"\/wp-content\/uploads\/2023\/10\/Renchi-Yang_2023.jpg\" class=\"img-responsive\">\r\n                <div class=\"overlay\"><\/div>\r\n            <\/div>\r\n            <div class=\"cmte-text\">\r\n                <h4 class=\"cmte-name\">Renchi Yang<\/h4>\r\n                <p class=\"cmte-role\"><span style=\"font-weight: 600\">Conf\u00e9rencier<\/span><br>Chine (R\u00e9publique populaire)<\/p>\r\n                <button class=\"cmte-btn\" data-toggle=\"modal\" data-target=\"#ryang\" >Voir le profil\u00a0\u00a0<i class=\"fas fa-chevron-right\"><\/i><\/button>\r\n            <\/div>\r\n        <\/div>\r\n    <\/div>\r\n    \r\n    \r\n<\/div>\r\n\r\n  \r\n\r\n<script>\r\nfilterSelection(\"all\");\r\n\r\nfunction filterSelection(c) {\r\n  console.log(c);\r\n  var x, i;\r\n  x = document.getElementsByClassName(\"cmte-col\");\r\n  if (c == \"all\") c = \"\";\r\n  for (i = 0; i < x.length; i++) {\r\n    w3RemoveClass(x[i], \"show\");\r\n    if (x[i].className.indexOf(c) > -1) w3AddClass(x[i], \"show\");\r\n  }\r\n}\r\n\r\nfunction w3AddClass(element, name) {\r\n  var i, arr1, arr2;\r\n  arr1 = element.className.split(\" \");\r\n  arr2 = name.split(\" \");\r\n  for (i = 0; i < arr2.length; i++) {\r\n    if (arr1.indexOf(arr2[i]) == -1) {element.className += \" \" + arr2[i];}\r\n  }\r\n}\r\n\r\nfunction w3RemoveClass(element, name) {\r\n  var i, arr1, arr2;\r\n  arr1 = element.className.split(\" \");\r\n  arr2 = name.split(\" \");\r\n  for (i = 0; i < arr2.length; i++) {\r\n    while (arr1.indexOf(arr2[i]) > -1) {\r\n      arr1.splice(arr1.indexOf(arr2[i]), 1);     \r\n    }\r\n  }\r\n  element.className = arr1.join(\" \");\r\n}\r\n\r\n\r\n\/* Add active class to the current button (highlight it) *\/\r\nvar btnContainer = document.getElementById(\"cmteContainer\");\r\nvar btns = btnContainer.getElementsByClassName(\"cmte-tab\");\r\nfor (var i = 0; i < btns.length; i++) {\r\n  btns[i].addEventListener(\"click\", function(){\r\n    var current = document.getElementsByClassName(\"selected\");\r\n    current[0].className = current[0].className.replace(\" selected\", \"\");\r\n    this.className += \" selected\";\r\n  });\r\n} \r\n\r\n\r\n<\/script>\r\n\r\n\r\n\r\n        \r\n        \t\t\t\t<\/div>\n\t\t\t\t<\/div>\n\t\t\t\t<div class=\"elementor-element elementor-element-be25453 elementor-widget elementor-widget-html\" data-id=\"be25453\" data-element_type=\"widget\" data-e-type=\"widget\" data-widget_type=\"html.default\">\n\t\t\t\t<div class=\"elementor-widget-container\">\n\t\t\t\t\t<!-- Glenn Pierce - modal -->\r\n<div class=\"modal fade\" id=\"gpierce\">\r\n  <div class=\"modal-dialog modal-lg\">\r\n    <div class=\"modal-content\">\r\n      \r\n      <!-- Modal Header -->\r\n      <div class=\"modal-header\">\r\n        <h2 class=\"modal-title\">Glenn Pierce<span style=\"font-weight: 400\">\u00a0(Co-pr\u00e9sident)<\/span><\/h2>\r\n        <div class=\"close dialog-close-button dialog-lightbox-close-button\"><i class=\"eicon-close\" data-dismiss=\"modal\"><\/i><\/div>\r\n      <\/div>\r\n    \r\n      <!-- Modal body -->\r\n      <div class=\"modal-body clamp_p\">\r\n        \r\n        <div class=\"row\">\r\n          <div class=\"col-md-4\" style=\"margin-bottom:1rem\">\r\n            <img decoding=\"async\" src=\"\/wp-content\/uploads\/2025\/07\/Pierce-Glenn.jpg\" class=\"img-responsive\">\r\n          <\/div>\r\n          <div class=\"col-md-8\">    \r\n            <h3>Vice-president Medical, World Federation of Hemophilia<\/h3>\r\n            <p class=\"cmte-country\">La Jolla, \u00c9tats-Unis<\/p>\r\n            <hr class=\"green-hr\">\r\n            <p class=\"clamp_p\">Dr. Glenn Pierce currently serves on the WFH as VP Medical and WFH USA Board of Directors and NBDF (US) Medical and Scientific Advisory Council. He has contributed to the development of multiple new products for the treatment of hemophilia and has over 200 publications. He is an Entrepreneur-in-residence at Third Rock Ventures, and a biotech consultant in the gene therapy and hematological areas. Glenn has been involved in the development of over 6 licensed drugs for hemophilia A or B. He now consults on next generation gene therapies for hemophilia and other monogenic and acquired diseases.<\/p> \r\n          <\/div>\r\n        <\/div>\r\n      <\/div>  <!-- end modal body -->\r\n        \r\n    <\/div>  <!-- end modal content -->\r\n  <\/div>  <!-- end modal dialog -->\r\n<\/div>  <!-- end modal content -->\r\n\r\n<!-- Radek Kaczmarek - modal -->\r\n<div class=\"modal fade\" id=\"rkaczmarek\">\r\n  <div class=\"modal-dialog modal-lg\">\r\n    <div class=\"modal-content\">\r\n      \r\n      <!-- Modal Header -->\r\n      <div class=\"modal-header\">\r\n        <h2 class=\"modal-title\">Radek Kaczmarek<span style=\"font-weight: 400\">\u00a0(Co-pr\u00e9sident)<\/span><\/h2>\r\n        <div class=\"close dialog-close-button dialog-lightbox-close-button\"><i class=\"eicon-close\" data-dismiss=\"modal\"><\/i><\/div>\r\n      <\/div>\r\n    \r\n      <!-- Modal body -->\r\n      <div class=\"modal-body clamp_p\">\r\n        \r\n        <div class=\"row\">\r\n          <div class=\"col-md-4\" style=\"margin-bottom:1rem\">\r\n            <img decoding=\"async\" src=\"\/wp-content\/uploads\/2025\/07\/Kaczmarek-Radek.jpg\" class=\"img-responsive\">\r\n          <\/div>\r\n          <div class=\"col-md-8\">    \r\n            <h3>Assistant Research Professor of Pediatrics, Wells Center for Pediatric Research, Indiana University School of Medicine<\/h3>\r\n            <p class=\"cmte-country\">Indianapolis, \u00c9tats-Unis<\/p>\r\n            <hr class=\"green-hr\">\r\n            <p class=\"clamp_p\">Dr. Radek Kaczmarek is an Assistant Research Professor of Pediatrics at Gene and Cell Therapy Laboratory, Wells Center for Pediatric Research, Indiana University School of Medicine (Indianapolis, IN). Dr. Kaczmarek completed his PhD in molecular biology at Hirszfeld Institute of Immunology and Experimental Therapy in Wroclaw, Poland, and MSc in biotechnology at University of Wroclaw, Poland. His research interests include immune responses to gene and protein replacement therapies for hemophilia A and B. Since joining faculty at the Indiana University School of Medicine he has focused on studying the immunogenicity of factor VIII and adeno-associated virus (AAV)-mediated gene therapy for hemophilia A. He has authored more than 60 peer-reviewed publications. His work has been honored with several awards and presented at American Society of Hematology annual meetings, International Society for Thrombosis and Haemostasis and other key international conferences.<\/p>\r\n            <p class=\"clamp_p\">Radek is the Chair of the Coagulation Product Safety, Supply and Access (CPSSA) Committee of the World Federation of Hemophilia (WFH), is a member of the WFH Medical Advisory Board, a member of the ISTH Scientific and Standardization Committee (SSC) Working Group on Gene Therapy Steering Committee, a member of the European Haemophilia Consortium (EHC) Medical and Scientific Advisory Group, and a member of the European Haemophilia Safety Surveillance (EUHASS) Steering Committee. He has served on multiple scientific advisory boards and as an ad-hoc expert for the European Medicines Agency (EMA) Scientific Advice Working Party and Pharmacovigilance Risk Assessment Committee. He also serves on the Editorial Board of the journal Frontiers of Immunology.<\/p>\r\n                 <\/div>\r\n        <\/div>\r\n      <\/div>  <!-- end modal body -->\r\n      \r\n      <!--div class=\"modal-footer clamp_p\">\r\n        <p><em>Footer<\/em><\/p>\r\n      <\/div-->\r\n\r\n    <\/div>  <!-- end modal content -->\r\n  <\/div>  <!-- end modal dialog -->\r\n<\/div>  <!-- end modal content -->\r\n\r\n\r\n<!-- Tatiana Bathfield - modal -->\r\n<div class=\"modal fade\" id=\"tbathfield\">\r\n  <div class=\"modal-dialog modal-lg\">\r\n    <div class=\"modal-content\">\r\n      \r\n      <!-- Modal Header -->\r\n      <div class=\"modal-header\">\r\n        <h2 class=\"modal-title\">Tatiana Bathfield<\/h2>\r\n        <div class=\"close dialog-close-button dialog-lightbox-close-button\"><i class=\"eicon-close\" data-dismiss=\"modal\"><\/i><\/div>\r\n      <\/div>\r\n    \r\n      <!-- Modal body -->\r\n      <div class=\"modal-body clamp_p\">\r\n        \r\n        <div class=\"row\">\r\n          <div class=\"col-md-4\" style=\"margin-bottom:1rem\">\r\n            <img decoding=\"async\" src=\"\/wp-content\/uploads\/2024\/10\/Bathfield-Tatiana.jpg\" class=\"img-responsive\">\r\n          <\/div>\r\n          <div class=\"col-md-8\">    \r\n            <h3>BOD Lay member, World Federation of Hemophilia<br>Founding member and Secretary, Haemophilia Association of Mauritius<\/h3>\r\n            <p class=\"cmte-country\">Quatre Bornes, Maurice<\/p>\r\n            <hr class=\"green-hr\">\r\n            <p class=\"clamp_p\"> In addition to being a founding member of the Haemophilia Association of Mauritius, Tatiana sits on its Executive Committee and has been the Secretary since its humble beginnings back in 2009. As a member of the bleeding disorders community (her daughter suffers from severe Factor VII deficiency) she has and remains dedicated to improving the care, treatment and management of haemophilia and other bleeding disorders throughout Mauritius. She has been actively involved in the life of the Association and has extensive experience in advocating with Government and large private corporations ensuring the Associations objectives are met and treatment is available to all. Tatiana has recently been co-opted to the Board of Directors of the World Federation of Hemophilia as Lay Member.<\/p> \r\n          <\/div>\r\n        <\/div>\r\n      <\/div>  <!-- end modal body -->\r\n        \r\n    <\/div>  <!-- end modal content -->\r\n  <\/div>  <!-- end modal dialog -->\r\n<\/div>  <!-- end modal content -->\r\n\r\n\r\n<!-- Alan Brooks - modal -->\r\n<div class=\"modal fade\" id=\"abrooks\">\r\n  <div class=\"modal-dialog modal-lg\">\r\n    <div class=\"modal-content\">\r\n      \r\n      <!-- Modal Header -->\r\n      <div class=\"modal-header\">\r\n        <h2 class=\"modal-title\">Alan Brooks<\/h2>\r\n        <div class=\"close dialog-close-button dialog-lightbox-close-button\"><i class=\"eicon-close\" data-dismiss=\"modal\"><\/i><\/div>\r\n      <\/div>\r\n    \r\n      <!-- Modal body -->\r\n      <div class=\"modal-body clamp_p\">\r\n        \r\n        <div class=\"row\">\r\n          <div class=\"col-md-4\" style=\"margin-bottom:1rem\">\r\n            <img decoding=\"async\" src=\"\/wp-content\/uploads\/2025\/10\/Brooks-Alan.jpg\" class=\"img-responsive\">\r\n          <\/div>\r\n          <div class=\"col-md-8\">    \r\n            <h3>Head of Preclinical, Metagenomi<\/h3>\r\n            <p class=\"cmte-country\">Emeryville, \u00c9tats-Unis<\/p>\r\n            <hr class=\"green-hr\">\r\n            <p class=\"clamp_p\">Alan received his Bachelor of Science from the University of Leicester and his Ph.D. from the University of Warwick, both in the UK. He then moved to San Francisco and completed a postdoctoral fellowship at the Gladstone Institute of Cardiovascular Disease before embarking on career in industry. Alan has 30 years of experience in drug discovery and development at both biotech and pharmaceutical companies applying protein therapeutics, gene therapy and most recently gene editing to hemophilia and cardiovascular diseases. Following 8 years at Berlex Biosciences and 10 years at Bayer Healthcare, in 2017 he joined Casebia Therapeutics where he built the in vivo gene editing department and initiated and led two CRISPR-Cas9 based in vivo therapeutic programs. In 2019 he joined Metagenomi, a gene editing startup company developing novel gene editing systems. Over the last 4 years at Metagenomi he has built the pre-clinical team and has been instrumental in advancing the companies novel editing systems to successful in vivo editing and in establishing the therapeutic strategy and portfolio of projects.<\/p> \r\n          <\/div>\r\n        <\/div>\r\n      <\/div>  <!-- end modal body -->\r\n    \r\n\r\n    <\/div>  <!-- end modal content -->\r\n  <\/div>  <!-- end modal dialog -->\r\n<\/div>  <!-- end modal content -->\r\n\r\n\r\n\r\n<!-- Elizabeth Clearfield - modal -->\r\n<div class=\"modal fade\" id=\"eclearfield\">\r\n  <div class=\"modal-dialog modal-lg\">\r\n    <div class=\"modal-content\">\r\n      \r\n      <!-- Modal Header -->\r\n      <div class=\"modal-header\">\r\n        <h2 class=\"modal-title\">Elizabeth Clearfield<\/h2>\r\n        <div class=\"close dialog-close-button dialog-lightbox-close-button\"><i class=\"eicon-close\" data-dismiss=\"modal\"><\/i><\/div>\r\n      <\/div>\r\n    \r\n      <!-- Modal body -->\r\n      <div class=\"modal-body clamp_p\">\r\n        \r\n        <div class=\"row\">\r\n          <div class=\"col-md-4\" style=\"margin-bottom:1rem\">\r\n            <img decoding=\"async\" src=\"\/wp-content\/uploads\/2025\/09\/Clearfield-Elizabeth.jpg\" class=\"img-responsive\">\r\n          <\/div>\r\n          <div class=\"col-md-8\">    \r\n            <h3>Senior Research Manager, Institute for Policy Advancement Limited<\/h3>\r\n            <p class=\"cmte-country\">Baltimore, \u00c9tats-Unis<\/p>\r\n            <hr class=\"green-hr\">\r\n            <p class=\"clamp_p\">Elizabeth Clearfield, Baltimore, MD, is a Senior Research Manager with the Institute for Policy Advancement Ltd. She specializes in core outcome set development and patient quality-of-life studies as part of her focus on patient-centered outcomes research. She works in qualitative and quantitative methods and focuses on study design and methodology for projects aiming to improve comparative effectiveness research and elevate the patient voice through patient- and multi-stakeholder engagement. Recent projects include the coreHEM and coreVWD Core Outcome Set Initiatives, and the development of patient reported outcome measure (PROM) to measure mental health outlook. Elizabeth is also part of the the PROBE Study team.<\/p> \r\n          <\/div>\r\n        <\/div>\r\n      <\/div>  <!-- end modal body -->\r\n      \r\n      <!--div class=\"modal-footer clamp_p\">\r\n        <p><em>Footer<\/em><\/p>\r\n      <\/div-->\r\n\r\n    <\/div>  <!-- end modal content -->\r\n  <\/div>  <!-- end modal dialog -->\r\n<\/div>  <!-- end modal content -->\r\n\r\n<!-- Donna Coffin - modal -->\r\n<div class=\"modal fade\" id=\"dcoffin\">\r\n  <div class=\"modal-dialog modal-lg\">\r\n    <div class=\"modal-content\">\r\n      \r\n      <!-- Modal Header -->\r\n      <div class=\"modal-header\">\r\n        <h2 class=\"modal-title\">Donna Coffin<\/h2>\r\n        <div class=\"close dialog-close-button dialog-lightbox-close-button\"><i class=\"eicon-close\" data-dismiss=\"modal\"><\/i><\/div>\r\n      <\/div>\r\n    \r\n      <!-- Modal body -->\r\n      <div class=\"modal-body clamp_p\">\r\n        \r\n        <div class=\"row\">\r\n          <div class=\"col-md-4\" style=\"margin-bottom:1rem\">\r\n            <img decoding=\"async\" src=\"\/wp-content\/uploads\/2023\/06\/Donna-Coffin_2022_square.jpg\" class=\"img-responsive\">\r\n          <\/div>\r\n          <div class=\"col-md-8\">    \r\n            <h3>Director \u2013 Research and Data, World Federation of Hemophilia<\/h3>\r\n            <p class=\"cmte-country\">Montr\u00e9al, Canada<\/p>\r\n            <hr class=\"green-hr\">\r\n            <p class=\"clamp_p\">Donna Coffin, MSc is currently the Director, Research & Data at the World Federation of Hemophilia (WFH) in Montreal, Canada. Donna is an epidemiologist, trained at McGill University in Montreal, and has spent much of her career conducting evidence based research for health care and regulatory agencies around the world. Since joining the WFH in 2016, Donna has established the Research & Data department, with focus on the development and implementation of the World Bleeding Disorders Registry. Her team is also responsible for all WFH research activities, including the WFH Annual Global Survey, the WFH Clinical Research Grant Program, and the production of evidence-based advocacy tools used to promote treatment for all.<\/p> \r\n          <\/div>\r\n        <\/div>\r\n      <\/div>  <!-- end modal body -->\r\n      \r\n      <!--div class=\"modal-footer clamp_p\">\r\n        <p><em>Footer<\/em><\/p>\r\n      <\/div-->\r\n\r\n    <\/div>  <!-- end modal content -->\r\n  <\/div>  <!-- end modal dialog -->\r\n<\/div>  <!-- end modal content -->\r\n\r\n<!-- Nicolo Compagno - modal -->\r\n<div class=\"modal fade\" id=\"ncompagno\">\r\n  <div class=\"modal-dialog modal-lg\">\r\n    <div class=\"modal-content\">\r\n      \r\n      <!-- Modal Header -->\r\n      <div class=\"modal-header\">\r\n        <h2 class=\"modal-title\">Nicol\u00f2 Compagno<\/h2>\r\n        <div class=\"close dialog-close-button dialog-lightbox-close-button\"><i class=\"eicon-close\" data-dismiss=\"modal\"><\/i><\/div>\r\n      <\/div>\r\n    \r\n      <!-- Modal body -->\r\n      <div class=\"modal-body clamp_p\">\r\n        \r\n        <div class=\"row\">\r\n          <div class=\"col-md-4\" style=\"margin-bottom:1rem\">\r\n            <img decoding=\"async\" src=\"\/wp-content\/uploads\/2025\/09\/Compagno-Nicolo.jpg\" class=\"img-responsive\">\r\n          <\/div>\r\n          <div class=\"col-md-8\">    \r\n            <h3>Global Development Leader, Roche<\/h3>\r\n            <p class=\"cmte-country\">Gen\u00e8ve, Suisse<\/p>\r\n            <hr class=\"green-hr\">\r\n            <p class=\"clamp_p\">Dr. Nicol\u00f2 Compagno is a medical doctor specialized in clinical immunology with over eight years of experience in clinical development. His work has focused on the design and execution of clinical trials in immunology and hematology, with a particular interest in advancing therapies for rare and complex diseases.<\/p>\r\n            <p class=\"clamp_p\">He is currently the Global Development Lead at Roche for SPK-8011QQ, a gene therapy program for hemophilia A, where he oversees the global development strategy and clinical execution.<\/p> \r\n          <\/div>\r\n        <\/div>\r\n      <\/div>  <!-- end modal body -->\r\n      \r\n      <!--div class=\"modal-footer clamp_p\">\r\n        <p><em>Footer<\/em><\/p>\r\n      <\/div-->\r\n\r\n    <\/div>  <!-- end modal content -->\r\n  <\/div>  <!-- end modal dialog -->\r\n<\/div>  <!-- end modal content -->\r\n\r\n\r\n<!-- Nathan Connell - modal -->\r\n<div class=\"modal fade\" id=\"nconnell\">\r\n  <div class=\"modal-dialog modal-lg\">\r\n    <div class=\"modal-content\">\r\n      \r\n      <!-- Modal Header -->\r\n      <div class=\"modal-header\">\r\n        <h2 class=\"modal-title\">Nathan Connell<\/h2>\r\n        <div class=\"close dialog-close-button dialog-lightbox-close-button\"><i class=\"eicon-close\" data-dismiss=\"modal\"><\/i><\/div>\r\n      <\/div>\r\n    \r\n      <!-- Modal body -->\r\n      <div class=\"modal-body clamp_p\">\r\n        \r\n        <div class=\"row\">\r\n          <div class=\"col-md-4\" style=\"margin-bottom:1rem\">\r\n            <img decoding=\"async\" src=\"\/wp-content\/uploads\/2023\/06\/Nathan-Connell_2023_square.jpg\" class=\"img-responsive\">\r\n          <\/div>\r\n          <div class=\"col-md-8\">    \r\n            <h3>Chief of Medicine, Brigham and Women's Faulkner Hospital<\/h3>\r\n            <p class=\"cmte-country\">Boston, \u00c9tats-Unis<\/p>\r\n            <hr class=\"green-hr\">\r\n            <p class=\"clamp_p\">Dr. Nathan Connell is Chief of Medicine at Brigham and Women\u2019s Faulkner Hospital, Vice Chair of Medicine at Brigham and Women\u2019s Hospital, Associate Director of the Boston Hemophilia Center, and Associate Professor of Medicine at Harvard Medical School. His clinical practice focuses on inherited bleeding disorders and he researches cost-effective strategies for the diagnosis and management of hematologic diseases. A graduate of Cornell University, the University of Miami School of Medicine, and the Harvard School of Public Health, he completed an internal medicine residency and a hematology\/oncology fellowship at Brown University. In addition to his work defining the field of systems-based hematology, he co-chaired the ASH ISTH NHF WFH Guidelines on the Diagnosis and Management of von Willebrand disease.<\/p> \r\n          <\/div>\r\n        <\/div>\r\n      <\/div>  <!-- end modal body -->\r\n      \r\n      <!--div class=\"modal-footer clamp_p\">\r\n        <p><em>Footer<\/em><\/p>\r\n      <\/div-->\r\n\r\n    <\/div>  <!-- end modal content -->\r\n  <\/div>  <!-- end modal dialog -->\r\n<\/div>  <!-- end modal content -->\r\n\r\n<!-- Shelley Crary - modal -->\r\n<div class=\"modal fade\" id=\"scrary\">\r\n  <div class=\"modal-dialog modal-lg\">\r\n    <div class=\"modal-content\">\r\n      \r\n      <!-- Modal Header -->\r\n      <div class=\"modal-header\">\r\n        <h2 class=\"modal-title\">Shelley Crary<\/h2>\r\n        <div class=\"close dialog-close-button dialog-lightbox-close-button\"><i class=\"eicon-close\" data-dismiss=\"modal\"><\/i><\/div>\r\n      <\/div>\r\n    \r\n      <!-- Modal body -->\r\n      <div class=\"modal-body clamp_p\">\r\n        \r\n        <div class=\"row\">\r\n          <div class=\"col-md-4\" style=\"margin-bottom:1rem\">\r\n            <img decoding=\"async\" src=\"\/wp-content\/uploads\/2025\/09\/Crary-Shelley.jpg\" class=\"img-responsive\">\r\n          <\/div>\r\n          <div class=\"col-md-8\">    \r\n            <h3>Professor, University of Arkansas for Medical Sciences<\/h3>\r\n            <p class=\"cmte-country\">Little Rock, \u00c9tats-Unis<\/p>\r\n            <hr class=\"green-hr\">\r\n            <p class=\"clamp_p\">Dr. Shelley Crary is a Professor of Pediatrics in the division of hematology-oncology at University of Arkansas for Medical Sciences and Arkansas Children\u2019s Hospital. She currently serves as the Co-Director of both the UAMS Clinical and Translational Science Pilot Program and the UAMS Master\u2019s in Clinical and Translational Science Scholarship Program. She is also the medical director of the Arkansas Center for Bleeding Disorders at ACH. Dr. Crary\u2019s primary clinical and research interests are focused on the lifespan care of persons with bleeding disorders and children with clotting disorders. She also has a strong clinical and research interest in the hematologic aspects and medical management of complex vascular anomalies.<\/p> \r\n          <\/div>\r\n        <\/div>\r\n      <\/div>  <!-- end modal body -->\r\n      \r\n      <!--div class=\"modal-footer clamp_p\">\r\n        <p><em>Footer<\/em><\/p>\r\n      <\/div-->\r\n\r\n    <\/div>  <!-- end modal content -->\r\n  <\/div>  <!-- end modal dialog -->\r\n<\/div>  <!-- end modal content -->\r\n\r\n\r\n<!-- Ari Friedland - modal -->\r\n<div class=\"modal fade\" id=\"afriedland\">\r\n  <div class=\"modal-dialog modal-lg\">\r\n    <div class=\"modal-content\">\r\n      \r\n      <!-- Modal Header -->\r\n      <div class=\"modal-header\">\r\n        <h2 class=\"modal-title\">Ari Friedland<\/h2>\r\n        <div class=\"close dialog-close-button dialog-lightbox-close-button\"><i class=\"eicon-close\" data-dismiss=\"modal\"><\/i><\/div>\r\n      <\/div>\r\n    \r\n      <!-- Modal body -->\r\n      <div class=\"modal-body clamp_p\">\r\n        \r\n        <div class=\"row\">\r\n          <div class=\"col-md-4\" style=\"margin-bottom:1rem\">\r\n            <img decoding=\"async\" src=\"\/wp-content\/uploads\/2025\/09\/Friedland-Ari.jpg\" class=\"img-responsive\">\r\n          <\/div>\r\n          <div class=\"col-md-8\">    \r\n            <h3>Vice President of Research, Typewriter Therapeutics<\/h3>\r\n            <p class=\"cmte-country\">Wayland, \u00c9tats-Unis<\/p>\r\n            <hr class=\"green-hr\">\r\n            <p class=\"clamp_p\">Ari E Friedland, PhD, is the Vice President of Research at Typewriter Therapeutics, a start-up company that focuses on the therapeutic development of mRNA-based, site specific gene insertion technology. Dr. Friedland has ~20 years of experience at the forefront of genome editing, epigenome editing, and synthetic biology. With his early training in the labs of Jim Collins and George Church, Dr. Friedland was the first scientist to publish heritable genome editing in vivo using CRISPR, and joined Editas Medicine as a very early hire who was instrumental in building its gene editing platform. There he also designed, built, and helped test EDIT-101, the first in vivo CRISPR drug administered to patients. This AAV was shown to be efficacious in Editas\u2019 BRILLIANCE Ph 1\/2 trial for LCA10 retinal disease. Dr. Friedland was also an early hire at Chroma Medicine (now nChroma Bio), an epigenome editing company, and, after building much of the editing platform, he designed the development candidate mRNA & gRNA for Chroma's lead program, a Hepatitis B-targeting LNP therapeutic that is currently in CTA-enabling studies.<\/p>\r\n            <\/div>\r\n        <\/div>\r\n      <\/div>  <!-- end modal body -->\r\n      \r\n      <!--div class=\"modal-footer clamp_p\">\r\n        <p><em>Footer<\/em><\/p>\r\n      <\/div-->\r\n\r\n        \r\n    <\/div>  <!-- end modal content -->\r\n  <\/div>  <!-- end modal dialog -->\r\n<\/div>  <!-- end modal content -->\r\n\r\n\r\n<!-- Cesar Garrido - modal -->\r\n<div class=\"modal fade\" id=\"cgarrido\">\r\n  <div class=\"modal-dialog modal-lg\">\r\n    <div class=\"modal-content\">\r\n      \r\n      <!-- Modal Header -->\r\n      <div class=\"modal-header\">\r\n        <h2 class=\"modal-title\">Cesar Garrido<\/h2>\r\n        <div class=\"close dialog-close-button dialog-lightbox-close-button\"><i class=\"eicon-close\" data-dismiss=\"modal\"><\/i><\/div>\r\n      <\/div>\r\n    \r\n      <!-- Modal body -->\r\n      <div class=\"modal-body clamp_p\">\r\n        \r\n        <div class=\"row\">\r\n          <div class=\"col-md-4\" style=\"margin-bottom:1rem\">\r\n            <img decoding=\"async\" src=\"\/wp-content\/uploads\/2023\/06\/Garrido-Cesar.jpg\" class=\"img-responsive\">\r\n          <\/div>\r\n          <div class=\"col-md-8\">    \r\n            <h3>President, World Federation of Hemophilia<\/h3>\r\n            <p class=\"cmte-country\">Caracas, Venezuela<\/p>\r\n            <hr class=\"green-hr\">\r\n            <p class=\"clamp_p\">Cesar Garrido was born in Caracas, Venezuela. He has two sons, one of whom has hemophilia A, which was the impetus for him becoming a committed member of the bleeding disorders community\u2014a commitment which began over two decades ago.<\/p>\r\n            <p class=\"clamp_p\">In 1996, Garrido became a member of the Venezuelan Association for Hemophilia (AVH). He has held a number of roles in that organization, including being a member of the Board of Directors and Treasurer and Project Manager. At the AVH, he has been key member of several endeavours, including the creation of new diagnostic laboratories in Venezuela, and campaigns for testing and diagnosis of people with hemophilia (PWH) in Venezuela and Latin America. He was also part of national programs which increased access to factor, developed outreach and identification campaigns, increased access to education, and set up regional medical workshops for PWH.<\/p>\r\n            <p class=\"clamp_p\">At the international level, Garrido was an Advisory Board member of the International Alliance Patient Organization (IAPO) and has been a member of HERO (Haemophilia Experiences, Results and Opportunities) since 2010. He was also a development manager for a strategic alliance of 27 countries from the Americas\u2014called the Coalition of the Americas (CoA)\u2014 that was set up to influence public policies.<\/p>\r\n            <p class=\"clamp_p\">The WFH has been a big part of Cesar Garrido\u2019s life since 1999. He was a member of the Board of Directors from 2002 to 2010 and was most recently lay member from 2014 until his election as President in 2020. He has held a number of important roles at the WFH, including chair of the Accreditation Committee, chair of the Hemophilia Organization Twinnings (HOT) Committee, co-chair of Capacity Building Committee, national member organization (NMO) Vice President, and member of the President\u2019s Strategic Council.<\/p>\r\n            <\/div>\r\n        <\/div>\r\n      <\/div>  <!-- end modal body -->\r\n      \r\n \r\n    <\/div>  <!-- end modal content -->\r\n  <\/div>  <!-- end modal dialog -->\r\n<\/div>  <!-- end modal content -->\r\n\r\n<!-- Emna Gouider - modal -->\r\n<div class=\"modal fade\" id=\"egouider\">\r\n  <div class=\"modal-dialog modal-lg\">\r\n    <div class=\"modal-content\">\r\n      \r\n      <!-- Modal Header -->\r\n      <div class=\"modal-header\">\r\n        <h2 class=\"modal-title\">Emna Gouider<\/h2>\r\n        <div class=\"close dialog-close-button dialog-lightbox-close-button\"><i class=\"eicon-close\" data-dismiss=\"modal\"><\/i><\/div>\r\n      <\/div>\r\n    \r\n      <!-- Modal body -->\r\n      <div class=\"modal-body clamp_p\">\r\n        \r\n        <div class=\"row\">\r\n          <div class=\"col-md-4\" style=\"margin-bottom:1rem\">\r\n            <img decoding=\"async\" src=\"\/wp-content\/uploads\/2024\/10\/Gouider-Emna.jpg\" class=\"img-responsive\">\r\n          <\/div>\r\n          <div class=\"col-md-8\">    \r\n            <h3>Vice-President NMO, World Federation of Hemophilia<br>\r\n            Chief, Hemophilia Center, Aziza Othmana Hospital<\/h3>\r\n            <p class=\"cmte-country\">Tunis, Tunisie<\/p>\r\n            <hr class=\"green-hr\">\r\n            <p class=\"clamp_p\">Dr Emna Gouider is currently a professor of Hematology in the medical university of Tunis El Manar in Tunisia. She is the head of the hemophilia center in Aziza Othmana Hospital in Tunis, which has more than 700 people with bleeding disorders. She has an experience of more than 15 years with low dose prophylaxis for treatment of PWH.<\/p>\r\n            <p class=\"clamp_p\">She is the WFH VP NMO, and she is involved in several WFH committees.<\/p>\r\n            <p class=\"clamp_p\">She also has been involved in the Tunisian Association of Hemophilia as a member responsible for medical and scientific affairs since 2001, and organized and conducted several nurse workshops, lab workshops, patients workshops and musculoskeletal workshops. Improvement of care and quality of life of persons with inherited bleeding disorders is one of her main goals.<\/p>\r\n            <\/div>\r\n        <\/div>\r\n      <\/div>  <!-- end modal body -->\r\n      \r\n      <!--div class=\"modal-footer clamp_p\">\r\n        <p><em>Footer<\/em><\/p>\r\n      <\/div-->\r\n\r\n        \r\n    <\/div>  <!-- end modal content -->\r\n  <\/div>  <!-- end modal dialog -->\r\n<\/div>  <!-- end modal content -->\r\n\r\n<!-- Steven Grossman - modal -->\r\n<div class=\"modal fade\" id=\"sgrossman\">\r\n  <div class=\"modal-dialog modal-lg\">\r\n    <div class=\"modal-content\">\r\n      \r\n      <!-- Modal Header -->\r\n      <div class=\"modal-header\">\r\n        <h2 class=\"modal-title\">Steven Grossman<\/h2>\r\n        <div class=\"close dialog-close-button dialog-lightbox-close-button\"><i class=\"eicon-close\" data-dismiss=\"modal\"><\/i><\/div>\r\n      <\/div>\r\n    \r\n      <!-- Modal body -->\r\n      <div class=\"modal-body clamp_p\">\r\n        \r\n        <div class=\"row\">\r\n          <div class=\"col-md-4\" style=\"margin-bottom:1rem\">\r\n            <img decoding=\"async\" src=\"\/wp-content\/uploads\/2025\/09\/Grossman-Steven-1.jpg\" class=\"img-responsive\">\r\n          <\/div>\r\n          <div class=\"col-md-8\">    \r\n            <h3>President, HPS Group, LLC<\/h3>\r\n            <p class=\"cmte-country\">Silver Spring, \u00c9tats-Unis<\/p>\r\n            <hr class=\"green-hr\">\r\n            <p class=\"clamp_p\">Steven A. Grossman, JD, is President of HPS Group, LLC and a highly respected policy and regulatory consultant.<br>\r\nIn recognition of his advocacy and policy leadership, he was awarded the Reagan-Udall Foundation for the FDA\u2019s  Innovations in Regulatory Science Award in December 2024.<br>\r\nIn 2006, in response to the FDA\u2019s chronic underfunding, Mr. Grossman co-founded and later served as Executive Director of the Alliance for a Stronger FDA. This multi-stakeholder coalition has helped grow the FDA\u2019s appropriated budget from $1.6 billion to $3.5 billion and deepened public understanding of the agency's expanding responsibilities and budget needs.<br>\r\nMr. Grossman\u2019s advocacy is rooted in public service, having spent six years as counsel and Health Staff Director on the Senate HELP Committee and four years as a Deputy Assistant Secretary for Health at HHS. <br>\r\nWhile in the Senate, he was one of the chief Senate negotiators on the Orphan Drug Act (ODA) and the Drug Price Competition and Patent Term Restoration Act (known as  Hatch-Waxman).<br>\r\nWhile at HHS, he played a significant role in efforts to address the then-early AIDS\/HIV crisis and implement the Orphan Drug Act. <br>\r\nMr. Grossman holds a BA from Oberlin College and a JD from Georgetown University Law School.<\/p>\r\n            <\/div>\r\n        <\/div>\r\n      <\/div>  <!-- end modal body -->\r\n      \r\n      <!--div class=\"modal-footer clamp_p\">\r\n        <p><em>Footer<\/em><\/p>\r\n      <\/div-->\r\n\r\n        \r\n    <\/div>  <!-- end modal content -->\r\n  <\/div>  <!-- end modal dialog -->\r\n<\/div>  <!-- end modal content -->\r\n\r\n\r\n<!-- Assad Haffar - modal -->\r\n<div class=\"modal fade\" id=\"ahaffar\">\r\n  <div class=\"modal-dialog modal-lg\">\r\n    <div class=\"modal-content\">\r\n      \r\n      <!-- Modal Header -->\r\n      <div class=\"modal-header\">\r\n        <h2 class=\"modal-title\">Assad Haffar<\/h2>\r\n        <div class=\"close dialog-close-button dialog-lightbox-close-button\"><i class=\"eicon-close\" data-dismiss=\"modal\"><\/i><\/div>\r\n      <\/div>\r\n    \r\n      <!-- Modal body -->\r\n      <div class=\"modal-body clamp_p\">\r\n        \r\n        <div class=\"row\">\r\n          <div class=\"col-md-4\" style=\"margin-bottom:1rem\">\r\n            <img decoding=\"async\" src=\"\/wp-content\/uploads\/2023\/09\/Haffar-Assad.jpg\" class=\"img-responsive\">\r\n          <\/div>\r\n          <div class=\"col-md-8\">    \r\n            <h3>Medical & Humanitarian Aid Director, World Federation of Hemophilia<\/h3>\r\n            <p class=\"cmte-country\">Montr\u00e9al, Canada<\/p>\r\n            <hr class=\"green-hr\">\r\n            <p class=\"clamp_p\">Assad Haffar is currently the Medical and Humanitarian Aid Director at the World Federation of Hemophilia (WFH) based in Montreal, Canada. Dr Haffar earned his MD at the University of Damascus in Damascus, Syria. He subsequently studied at the London School of Hygiene and Tropical Medicine, University of LONDON, London, UK, for his Master of Science in occupational medicine and at the University of Environmental and Occupational Health in Kitakyushu City, Japan, for his Diploma in industrial health.<\/p>\r\n            <p class=\"clamp_p\">During his career at the International Labor Organization (ILO), Geneva, Switzerland (1990\u20131995), he coordinated a large program to improve occupational health services and workers education in selected Middle East countries.<\/p>\r\n            <p class=\"clamp_p\">Dr Haffar has worked as coordinator for several projects related to occupational health at the Montreal Re-Adaptation Institute and the McGill University in Montreal, Canada.<\/p>\r\n            <p class=\"clamp_p\">Since Joining WFH in 2000, Dr Haffar has been involved in several activities, including twinning partnerships, symposia and workshops in the Middle East and African Region. In addition to leading the Humanitarian Aid Department responsible for the WFH Humanitarian Aid Program which is considered the largest global humanitarian aid program that channels clotting factor concentrates to countries where people with hemophilia have limited access to these products, Dr Haffar assisted many countries in the Middle East and African region in joining and becoming members of the WFH, in developing National Hemophilia Care Programs and in establishing the comprehensive care approach in different hemophilia treatment centers. Since becoming the WFH Medical Director in 2018, he designed and led many WFH medical activities.<\/p>\r\n       <\/div>\r\n        <\/div>\r\n      <\/div>  <!-- end modal body -->\r\n\r\n    <\/div>  <!-- end modal content -->\r\n  <\/div>  <!-- end modal dialog -->\r\n<\/div>  <!-- end modal content -->\r\n\r\n\r\n\r\n<!-- Cedric Hermans - modal -->\r\n<div class=\"modal fade\" id=\"chermans\">\r\n  <div class=\"modal-dialog modal-lg\">\r\n    <div class=\"modal-content\">\r\n      \r\n      <!-- Modal Header -->\r\n      <div class=\"modal-header\">\r\n        <h2 class=\"modal-title\">Cedric Hermans<\/h2>\r\n        <div class=\"close dialog-close-button dialog-lightbox-close-button\"><i class=\"eicon-close\" data-dismiss=\"modal\"><\/i><\/div>\r\n      <\/div>\r\n    \r\n      <!-- Modal body -->\r\n      <div class=\"modal-body clamp_p\">\r\n        \r\n        <div class=\"row\">\r\n          <div class=\"col-md-4\" style=\"margin-bottom:1rem\">\r\n            <img decoding=\"async\" src=\"\/wp-content\/uploads\/2025\/06\/Cedric-Hermans.jpg\" class=\"img-responsive\">\r\n          <\/div>\r\n          <div class=\"col-md-8\">    \r\n            <h3>BOD Medical member, World Federation of Hemophilia<\/h3>\r\n            <p class=\"cmte-country\">Bruxelles, Belgique<\/p>\r\n            <hr class=\"green-hr\">\r\n            <p class=\"clamp_p\">Cedric Hermans is Head of the Division of Haematology, the Hemostasis and Thrombosis Unit, and the Hemophilia Center at Saint-Luc University Hospital in Brussels. He has been a Full Professor at the Catholic University of Louvain since 2012 and Vice-Dean since 2015.<\/p>\r\n\t\t\t<p class=\"clamp_p\">He has authored over 350 peer-reviewed articles and is involved in multiple scientific societies, advisory boards, and international research projects. A former President of EAHAD, he currently serves on the Board of the World Federation of Hemophilia, is an Associate Member of the Belgian Royal Academy of Medicine, and Editor-in-Chief of Haemophilia.<\/p>\r\n\t\t\t<p class=\"clamp_p\">His research focuses on haemostasis and thrombosis, including haemophilia care in diverse settings, novel anticoagulants, and thrombosis management.<\/p>\r\n       <\/div>\r\n        <\/div>\r\n      <\/div>  <!-- end modal body -->\r\n\r\n    <\/div>  <!-- end modal content -->\r\n  <\/div>  <!-- end modal dialog -->\r\n<\/div>  <!-- end modal content -->\r\n\r\n<!-- Laurent Humeau - modal -->\r\n<div class=\"modal fade\" id=\"lhumeau\">\r\n  <div class=\"modal-dialog modal-lg\">\r\n    <div class=\"modal-content\">\r\n      \r\n      <!-- Modal Header -->\r\n      <div class=\"modal-header\">\r\n        <h2 class=\"modal-title\">Laurent Humeau<\/h2>\r\n        <div class=\"close dialog-close-button dialog-lightbox-close-button\"><i class=\"eicon-close\" data-dismiss=\"modal\"><\/i><\/div>\r\n      <\/div>\r\n    \r\n      <!-- Modal body -->\r\n      <div class=\"modal-body clamp_p\">\r\n        \r\n        <div class=\"row\">\r\n          <div class=\"col-md-4\" style=\"margin-bottom:1rem\">\r\n            <img decoding=\"async\" src=\"\/wp-content\/uploads\/2025\/10\/Humeau-Laurent.jpg\" class=\"img-responsive\">\r\n          <\/div>\r\n          <div class=\"col-md-8\">    \r\n            <h3>Chief Scientific Officer, INOVIO Pharmaceuticals<\/h3>\r\n            <p class=\"cmte-country\">San Diego, \u00c9tats-Unis<\/p>\r\n            <hr class=\"green-hr\">\r\n            <p class=\"clamp_p\">Dr. Humeau is the Executive Vice President of Research and Development and Chief Scientific Officer at Inovio Pharmaceuticals. He works to ensure continuous and strategic growth of INOVIO\u2019s pipeline by introducing a constant flow of innovative concepts and cycling them from early-stage discovery and development through clinical application and patient monitoring. He provides technical and strategic leadership across multiple teams that are essential to clinical development. Prior to INOVIO, Dr. Humeau was Senior Director of Translational Research, Human Therapeutics Division for Intrexon and previously Chief Scientific Officer, Vice President of R&D at VIRxSYS Corporation. Dr. Humeau holds a Ph.D., summa cum laude, from Denis Diderot\/Paris 7 University and a MS degree from Pierre & Marie Curie\/Paris 6 University, Paris, France.<\/p> \r\n          <\/div>\r\n        <\/div>\r\n      <\/div>  <!-- end modal body -->\r\n    \r\n\r\n    <\/div>  <!-- end modal content -->\r\n  <\/div>  <!-- end modal dialog -->\r\n<\/div>  <!-- end modal content -->\r\n\r\n<!-- Michael Kelly - modal -->\r\n<div class=\"modal fade\" id=\"mkelly\">\r\n  <div class=\"modal-dialog modal-lg\">\r\n    <div class=\"modal-content\">\r\n      \r\n      <!-- Modal Header -->\r\n      <div class=\"modal-header\">\r\n        <h2 class=\"modal-title\">Michael Kelly<\/h2>\r\n        <div class=\"close dialog-close-button dialog-lightbox-close-button\"><i class=\"eicon-close\" data-dismiss=\"modal\"><\/i><\/div>\r\n      <\/div>\r\n    \r\n      <!-- Modal body -->\r\n      <div class=\"modal-body clamp_p\">\r\n        \r\n        <div class=\"row\">\r\n          <div class=\"col-md-4\" style=\"margin-bottom:1rem\">\r\n            <img decoding=\"async\" src=\"\/wp-content\/uploads\/2025\/10\/Kelly-Michael.jpg\" class=\"img-responsive\">\r\n          <\/div>\r\n          <div class=\"col-md-8\">    \r\n            <h3>VP of Clinical Development, Hemab Therapeutics<\/h3>\r\n            <p class=\"cmte-country\">Boston, \u00c9tats-Unis<\/p>\r\n            <hr class=\"green-hr\">\r\n            <p class=\"clamp_p\">Michael Kelly serves as Vice President, Clinical Development at Hemab. Mike has over 20 years of experience in hematology oncology clinical practice and clinical research. Prior to joining Hemab, Mike served as Vice President, Head of Clinical Development at Syros Pharmaceuticals where he led teams in the design and execution of Phase 1-3 trials in hematologic malignancies and solid tumors. Previously, he was a Clinical Associate Professor of Pediatrics at Tufts University School of Medicine and a practicing pediatric hematology oncologist where he cared for pediatric patients with bleeding disorders and led the oversight and execution of clinical trials. He has authored over 30 research publications. He is Board Certified in Pediatrics and Pediatric Hematology Oncology. He received his MD from Drexel University College of Medcine, Master of Public Health from Brown University, and a Masters in Clinical and Translational Science from Tufts University.<\/p> \r\n          <\/div>\r\n        <\/div>\r\n      <\/div>  <!-- end modal body -->\r\n    \r\n\r\n    <\/div>  <!-- end modal content -->\r\n  <\/div>  <!-- end modal dialog -->\r\n<\/div>  <!-- end modal content -->\r\n\r\n\r\n<!-- Benjamin Kim - modal -->\r\n<div class=\"modal fade\" id=\"bkim\">\r\n    <div class=\"modal-dialog modal-lg\">\r\n        <div class=\"modal-content\">\r\n      \r\n        <!-- Modal Header -->\r\n        <div class=\"modal-header\">\r\n            <h2 class=\"modal-title\">Benjamin Kim<\/h2>\r\n            <div class=\"close dialog-close-button dialog-lightbox-close-button\"><i class=\"eicon-close\" data-dismiss=\"modal\"><\/i><\/div>\r\n        <\/div>\r\n    \r\n        <!-- Modal body -->\r\n        <div class=\"modal-body clamp_p\">\r\n        \r\n            <div class=\"row\">\r\n                <div class=\"col-md-4\" style=\"margin-bottom:1rem\">\r\n                    <img decoding=\"async\" src=\"\/wp-content\/uploads\/2025\/08\/Kim-Benjamin.jpg\" class=\"img-responsive\">\r\n                <\/div>\r\n                <div class=\"col-md-8\">    \r\n                    <h3>Vice President, Clinical Development, Star Therapeutics<\/h3>\r\n                    <p class=\"cmte-country\">San Francisco, \u00c9tats-Unis<\/p>\r\n                    <hr class=\"green-hr\">\r\n                  <p class=\"clamp_p\">Dr. Kim is Vice President of Clinical Development at Star Therapeutics, Inc., a private biotech company based in South San Francisco, California, where he oversees the clinical development for VGA039, an investigational monoclonal antibody directed against Protein S. He joined Star in March 2022 after previously overseeing the clinical development program\/trials for marzeptacog alfa at Catalyst Biosciences, ROCTAVIAN at BioMarin, and Hemlibra at Roche.<\/p> \r\n                    <p class=\"clamp_p\">Prior to joining industry in 2014, Dr. Kim was an assistant professor in the Division of Hematology and Oncology, Department of Medicine, at the University of California, San Francisco, where he cared for adolescent and adult persons with bleeding disorders in the hemophilia treatment center. He completed his clinical training in hematology\/oncology at the University of California, Los Angeles; earned a master\u2019s degree in policy analysis at the Pardee RAND Graduate School; and finished his undergraduate, medical school, and internal medicine residency training at Northwestern University.<\/p>\r\n                <\/div>\r\n            <\/div>\r\n        <\/div>  <!-- end modal body -->\r\n\r\n        <\/div>  <!-- end modal content -->\r\n    <\/div>  <!-- end modal dialog -->\r\n<\/div>  <!-- end modal content -->\r\n\r\n\r\n<!-- Thomas R. Kreil - modal -->\r\n<div class=\"modal fade\" id=\"tkreil\">\r\n  <div class=\"modal-dialog modal-lg\">\r\n    <div class=\"modal-content\">\r\n      \r\n      <!-- Modal Header -->\r\n      <div class=\"modal-header\">\r\n        <h2 class=\"modal-title\">Thomas R. Kreil<\/h2>\r\n        <div class=\"close dialog-close-button dialog-lightbox-close-button\"><i class=\"eicon-close\" data-dismiss=\"modal\"><\/i><\/div>\r\n      <\/div>\r\n    \r\n      <!-- Modal body -->\r\n      <div class=\"modal-body clamp_p\">\r\n        \r\n        <div class=\"row\">\r\n          <div class=\"col-md-4\" style=\"margin-bottom:1rem\">\r\n            <img decoding=\"async\" src=\"\/wp-content\/uploads\/2025\/08\/Kreil-Thomas.jpg\" class=\"img-responsive\">\r\n          <\/div>\r\n          <div class=\"col-md-8\">    \r\n            <h3>Associate Professor of Virology Vice President, Global Pathogen Safety Board Member \/ Managing Director<\/h3>\r\n            <p class=\"cmte-country\">Vienne, Autriche<\/p>\r\n            <hr class=\"green-hr\">\r\n            <p class=\"clamp_p\">Beyond his work at Takeda, he is Chairman of the Plasma Protein Therapeutics Association\u2019s (PPTA) Pathogen Safety Steering Committee, a Steering Committee member of the Consortium on Adventitious Agent Contamination in Biomanufacturing (CAACB) as coordinated by the Massachusetts Institute of Technology (MIT), and an Associate Professor at the Institute of Virology, Medical University of Vienna. Dr. Kreil obtained a PhD in Biochemistry from the University of Vienna, Austria, and spent several years on post-doctoral research at the same institution focusing on antiviral immunology and specifically, the role of antiviral antibodies. He then joined Takeda (Immuno\/Baxter\/Baxalta\/Shire), working in the area of Pathogen Safety of biopharmaceuticals, as well as research on virus antibodies and vaccines. He is well-published and has been a frequent international lecturer on the safety of biological medicinal products versus viruses and prions as well as antiviral defense, with particular emphasis on the role of virus antibodies\/IVIG and vaccines. <\/p>\r\n       <\/div>\r\n        <\/div>\r\n      <\/div>  <!-- end modal body -->\r\n\r\n    <\/div>  <!-- end modal content -->\r\n  <\/div>  <!-- end modal dialog -->\r\n<\/div>  <!-- end modal content -->\r\n\r\n\r\n<!-- David Lillicrap - modal -->\r\n<div class=\"modal fade\" id=\"dlillicrap\">\r\n  <div class=\"modal-dialog modal-lg\">\r\n    <div class=\"modal-content\">\r\n      \r\n      <!-- Modal Header -->\r\n      <div class=\"modal-header\">\r\n        <h2 class=\"modal-title\">David Lillicrap<\/h2>\r\n        <div class=\"close dialog-close-button dialog-lightbox-close-button\"><i class=\"eicon-close\" data-dismiss=\"modal\"><\/i><\/div>\r\n      <\/div>\r\n    \r\n      <!-- Modal body -->\r\n      <div class=\"modal-body clamp_p\">\r\n        \r\n        <div class=\"row\">\r\n          <div class=\"col-md-4\" style=\"margin-bottom:1rem\">\r\n            <img decoding=\"async\" src=\"\/wp-content\/uploads\/2023\/09\/Lillicrap-David-v2.jpg\" class=\"img-responsive\">\r\n          <\/div>\r\n          <div class=\"col-md-8\">    \r\n            <h3>Professor, Queen's University<\/h3>\r\n            <p class=\"cmte-country\">Kingston, Canada<\/p>\r\n            <hr class=\"green-hr\">\r\n            <p class=\"clamp_p\">David Lillicrap is a Professor in the Department of Pathology and Molecular Medicine at Queen\u2019s University, Kingston, Canada. He is the recipient of a Canada Research Chair in Molecular Hemostasis. Dr. Lillicrap is a past member of the World Federation of Hemophilia\u2019s (WFH) Medical Advisory Board and Chair of the WFH\u2019s Research Committee. He is a past Chairman of the International Society for Thrombosis and Haemostasis\u2019 Scientific and Standardization Committee, and a past member of the Council of ISTH. Dr. Lillicrap\u2019s research interests are centered on molecular aspects of the hemostatic system with particular emphasis on the potential of molecular genetics and molecular biology to address questions relating to pathological hemostasis. The main foci of interest of his research group are the development and evaluation of novel therapies for hemophilia A, and characterization of the biology and pathobiology of von Willebrand factor.<\/p>\r\n       <\/div>\r\n        <\/div>\r\n      <\/div>  <!-- end modal body -->\r\n      \r\n      <!--div class=\"modal-footer clamp_p\">\r\n        <p><em>Footer<\/em><\/p>\r\n      <\/div-->\r\n\r\n    <\/div>  <!-- end modal content -->\r\n  <\/div>  <!-- end modal dialog -->\r\n<\/div>  <!-- end modal content -->\r\n\r\n<!-- Jacob Lund - modal -->\r\n<div class=\"modal fade\" id=\"jlund\">\r\n    <div class=\"modal-dialog modal-lg\">\r\n        <div class=\"modal-content\">\r\n      \r\n        <!-- Modal Header -->\r\n        <div class=\"modal-header\">\r\n            <h2 class=\"modal-title\">Jacob Lund<\/h2>\r\n            <div class=\"close dialog-close-button dialog-lightbox-close-button\"><i class=\"eicon-close\" data-dismiss=\"modal\"><\/i><\/div>\r\n        <\/div>\r\n    \r\n        <!-- Modal body -->\r\n        <div class=\"modal-body clamp_p\">\r\n        \r\n            <div class=\"row\">\r\n                <div class=\"col-md-4\" style=\"margin-bottom:1rem\">\r\n                    <img decoding=\"async\" src=\"\/wp-content\/uploads\/2025\/09\/Lund-Jacob.jpg\" class=\"img-responsive\">\r\n                <\/div>\r\n                <div class=\"col-md-8\">    \r\n                    <h3>Scientific Director in the department of Rare Blood Disorders in Research and Early Development, Novo Nordisk<\/h3>\r\n                    <p class=\"cmte-country\">M\u00e5l\u00f8v,  Danemark<\/p>\r\n                    <hr class=\"green-hr\">\r\n                    <p class=\"clamp_p\">Jacob Lund, PhD. Scientific Director in the department of Rare Blood Disorders in Research and Early Development at Novo Nordisk A\/S. I trained as a biochemist specialized in proteolytic enzymes and hemostasis biochemistry, and have developed a keen interest in gene therapy and genome editing over the past years. In my role, I serve as a project manager for early-stage projects and a scientific coordinator for late-stage developments. Amoung others, I was a part of discovering and developing both Mim8 and Inno8 bi-specific FVIIIa mimetic antibodies curently in development for the treatment of haemophilia A.<\/p>\r\n                <\/div>\r\n            <\/div>\r\n        <\/div>  <!-- end modal body -->\r\n\r\n        <\/div>  <!-- end modal content -->\r\n    <\/div>  <!-- end modal dialog -->\r\n<\/div>  <!-- end modal content -->\r\n\r\n<!-- Johnny Mahlangu - modal -->\r\n<div class=\"modal fade\" id=\"jmahlangu\">\r\n    <div class=\"modal-dialog modal-lg\">\r\n        <div class=\"modal-content\">\r\n      \r\n        <!-- Modal Header -->\r\n        <div class=\"modal-header\">\r\n            <h2 class=\"modal-title\">Johnny Mahlangu<\/h2>\r\n            <div class=\"close dialog-close-button dialog-lightbox-close-button\"><i class=\"eicon-close\" data-dismiss=\"modal\"><\/i><\/div>\r\n        <\/div>\r\n    \r\n        <!-- Modal body -->\r\n        <div class=\"modal-body clamp_p\">\r\n        \r\n            <div class=\"row\">\r\n                <div class=\"col-md-4\" style=\"margin-bottom:1rem\">\r\n                    <img decoding=\"async\" src=\"\/wp-content\/uploads\/2025\/07\/Mahlangu-Johnny.jpg\" class=\"img-responsive\">\r\n            <\/div>\r\n            <div class=\"col-md-8\">    \r\n                <h3>Professor, University of the Witwatersrand and NHLS<\/h3>\r\n\t            <p class=\"cmte-country\">Johannesbourg, Afrique du Sud<\/p>\r\n                <hr class=\"green-hr\">\r\n                <p class=\"clamp_p\">Johnny Mahlangu is a Full Professor of Haematology and Academic Head of the Department of Molecular Medicine and Haematology in the Faculty of Health Sciences of the University of the Witwatersrand and the National Health Laboratory Service. He is also a Consultant Clinical Haematologist at the Charlotte Maxeke Johannesburg Academic Hospital. Johnny received his undergraduate and postgraduate training in science and medicine at the University of the Witwatersrand with haematology specialist and clinical haematology sub-specialist qualifications through the Colleges of Medicine of South Africa. His main area of research is novel therapies in bleeding disorders, in which he has served as Principal Investigator for a large number of international multicentre studies. He has published many peer-reviewed journal articles in high-impact journals, including the NEJM, Lancet, Blood and JTH. He has presented many oral talks and poster abstracts at national and international scientific meetings. His academic citizenship includes membership in many national and international Scientific Committees.<\/p>\r\n\t\t     <\/div>\r\n        <\/div>\r\n      <\/div>  <!-- end modal body -->\r\n      \r\n     \r\n    <\/div>  <!-- end modal content -->\r\n  <\/div>  <!-- end modal dialog -->\r\n<\/div>  <!-- end modal content -->\r\n\r\n<!-- Mike Makris - modal -->\r\n<div class=\"modal fade\" id=\"mmakris\">\r\n  <div class=\"modal-dialog modal-lg\">\r\n    <div class=\"modal-content\">\r\n      \r\n      <!-- Modal Header -->\r\n      <div class=\"modal-header\">\r\n        <h2 class=\"modal-title\">Mike Makris<\/h2>\r\n        <div class=\"close dialog-close-button dialog-lightbox-close-button\"><i class=\"eicon-close\" data-dismiss=\"modal\"><\/i><\/div>\r\n      <\/div>\r\n    \r\n      <!-- Modal body -->\r\n      <div class=\"modal-body clamp_p\">\r\n        \r\n        <div class=\"row\">\r\n          <div class=\"col-md-4\" style=\"margin-bottom:1rem\">\r\n            <img decoding=\"async\" src=\"\/wp-content\/uploads\/2023\/08\/Makris-Michael.jpg\" class=\"img-responsive\">\r\n          <\/div>\r\n          <div class=\"col-md-8\">    \r\n            <h3>Professor, University of Sheffield<\/h3>\r\n            <p class=\"cmte-country\">Sheffield, Royaume-Uni<\/p>\r\n            <hr class=\"green-hr\">\r\n            <p class=\"clamp_p\">Professor Michael Makris MD, is an Emeritus Professor of Haemostasis and Thrombosis at the University of Sheffield in the UK. He is a past president of the European Association for Haemophilia and Allied Disorders (EAHAD).<\/p>\r\n            <p class=\"clamp_p\">Professor Makris is the project lead for the EUHASS bleeding disorder adverse event reporting scheme in Europe.<\/p>\r\n            <p class=\"clamp_p\">He is Editor in Chief of the journal of Research and Practice in Thrombosis and Haemostasis and is on the editorial board of the British Journal of Haematology, Journal of Thrombosis and Haemostasis, Seminars in Thrombosis and Haemostasis, and Blood Transfusion.<\/p> \r\n          <\/div>\r\n        <\/div>\r\n      <\/div>  <!-- end modal body -->\r\n        \r\n    <\/div>  <!-- end modal content -->\r\n  <\/div>  <!-- end modal dialog -->\r\n<\/div>  <!-- end modal content -->\r\n\r\n\r\n<!-- Maria Elisa Mancuso - modal -->\r\n<div class=\"modal fade\" id=\"mmancuso\">\r\n  <div class=\"modal-dialog modal-lg\">\r\n    <div class=\"modal-content\">\r\n      \r\n      <!-- Modal Header -->\r\n      <div class=\"modal-header\">\r\n        <h2 class=\"modal-title\">Maria Elisa Mancuso<\/h2>\r\n        <div class=\"close dialog-close-button dialog-lightbox-close-button\"><i class=\"eicon-close\" data-dismiss=\"modal\"><\/i><\/div>\r\n      <\/div>\r\n    \r\n      <!-- Modal body -->\r\n      <div class=\"modal-body clamp_p\">\r\n        \r\n        <div class=\"row\">\r\n          <div class=\"col-md-4\" style=\"margin-bottom:1rem\">\r\n            <img decoding=\"async\" src=\"\/wp-content\/uploads\/2024\/10\/Mancuso-MariaElisa.jpg?\" class=\"img-responsive\">\r\n          <\/div>\r\n          <div class=\"col-md-8\">    \r\n            <h3>Senior Hematology Consultant, Center for Thrombosis and Hemorrhagic Diseases, IRCCS Humanitas Research Hospital<\/h3>\r\n            <p class=\"cmte-country\">Milan, Italie<\/p>\r\n            <hr class=\"green-hr\">\r\n            <p class=\"clamp_p\">Maria Elisa Mancuso (MD, PhD) is an Hematologist and works as a Senior Hematology Consultant at the Center for Thrombosis and Hemorrhagic Diseases of IRCCS Humanitas Research Hospital in Rozzano, Milan, Italy. She is Adjunct Clinical Professor at Humanitas University. She obtained a post-degree in Clinical and Experimental Hematology and a PhD in Clinical Methodology. She is involved in clinical research and has published several original articles in peer-reviewed journals as The Lancet, Blood, Journal of Thrombosis and Haemostasis, Haematologica, Thrombosis and Haemostasis, British Journal of Haematology and Haemophilia. She is reviewer for several peer-reviewed journals and member of the Editorial Board of JTH. She is a member of several scientific societies (ISTH, WFH, ASH, EAHAD, SISET, AICE, EHA) and she is involved as medical member in the Extremely Rare & Inhibitor (ERIN) Working Group of the European Hemophilia Consortium (EHC). She is the Chair of the Medical Advisory Group of the EHC and vice-president of the Italian Association of Hemophilia Centers (AICE). She has acted as co-chair of the Scientific and Standardization Subcommittee of ISTH on FVIII, FIX and rare bleeding disorders. She has been involved as principal and co-investigator in several clinical trials, and she takes care of both children and adults with hemophilia and other congenital bleeding disorders with a specific scientific interest in novel therapies, prophylaxis, synovitis and treatment individualization.<\/p>\r\n       <\/div>\r\n        <\/div>\r\n      <\/div>  <!-- end modal body -->\r\n      \r\n      <!--div class=\"modal-footer clamp_p\">\r\n        <p><em>Footer<\/em><\/p>\r\n      <\/div-->\r\n\r\n    <\/div>  <!-- end modal content -->\r\n  <\/div>  <!-- end modal dialog -->\r\n<\/div>  <!-- end modal content -->\r\n\r\n\r\n<!-- Marko Marinic - modal -->\r\n<div class=\"modal fade\" id=\"mmarinic\">\r\n  <div class=\"modal-dialog modal-lg\">\r\n    <div class=\"modal-content\">\r\n      \r\n      <!-- Modal Header -->\r\n      <div class=\"modal-header\">\r\n        <h2 class=\"modal-title\">Marko Marinic<\/h2>\r\n        <div class=\"close dialog-close-button dialog-lightbox-close-button\"><i class=\"eicon-close\" data-dismiss=\"modal\"><\/i><\/div>\r\n      <\/div>\r\n    \r\n      <!-- Modal body -->\r\n      <div class=\"modal-body clamp_p\">\r\n        \r\n        <div class=\"row\">\r\n          <div class=\"col-md-4\" style=\"margin-bottom:1rem\">\r\n            <img decoding=\"async\" src=\"\/wp-content\/uploads\/2025\/07\/Marinic-Marko.jpg\" class=\"img-responsive\">\r\n          <\/div>\r\n          <div class=\"col-md-8\">    \r\n            <h3>President \/ Scientific Advisor, \r\nCroatian Haemophilia Society \/ Institute of Social Sciences Ivo Pilar<\/h3>\r\n            <p class=\"cmte-country\">Zagreb, Croatie<\/p>\r\n            <hr class=\"green-hr\">\r\n            <p class=\"clamp_p\">Marko Marini\u0107, PhD, scientific advisor at the Ivo Pilar Institute of Social Sciences in Zagreb, Croatia - research area: quality of life of people with disabilities, quality of life of people with rare diseases, and bioethical issues (the topic of his doctoral dissertation was about the value of human life in contemporary society). Assistant professor at the University of Zagreb, leader or collaborator on numerous scientific projects, author of three books and more than 60 scientific papers, book chapters, congress presentations, etc. Person with severe hemophilia A with inhibitors, president of the Croatian Haemophilia Society since 2017, and since 2022 a member of the Board of Directors of the World Federation of Hemophilia.<\/p>\r\n          <\/div>\r\n        <\/div>\r\n      <\/div>  <!-- end modal body -->\r\n        \r\n    <\/div>  <!-- end modal content -->\r\n  <\/div>  <!-- end modal dialog -->\r\n<\/div>  <!-- end modal content -->\r\n\r\n\r\n<!-- Salome Mekhuzla - modal -->\r\n<div class=\"modal fade\" id=\"smekhuzla\">\r\n  <div class=\"modal-dialog modal-lg\">\r\n    <div class=\"modal-content\">\r\n      \r\n      <!-- Modal Header -->\r\n      <div class=\"modal-header\">\r\n        <h2 class=\"modal-title\">Salome Mekhuzla<\/h2>\r\n        <div class=\"close dialog-close-button dialog-lightbox-close-button\"><i class=\"eicon-close\" data-dismiss=\"modal\"><\/i><\/div>\r\n      <\/div>\r\n    \r\n      <!-- Modal body -->\r\n      <div class=\"modal-body clamp_p\">\r\n        \r\n        <div class=\"row\">\r\n          <div class=\"col-md-4\" style=\"margin-bottom:1rem\">\r\n            <img decoding=\"async\" src=\"\/wp-content\/uploads\/2022\/10\/Salome-Mekhuzla.jpg\" class=\"img-responsive\">\r\n          <\/div>\r\n          <div class=\"col-md-8\">    \r\n            <h3>Director, Global Development, World Federation of Hemophilia<\/h3>\r\n            <p class=\"cmte-country\">Montr\u00e9al, Canada<\/p>\r\n            <hr class=\"green-hr\">\r\n            <p class=\"clamp_p\">Salome Mekhuzla, WFH Director, Global Development leads a team responsible for implementing various healthcare development, capacity-building and advocacy programs around the globe. Originally from the country of Georgia, her prior experience while working with European and US-based international NGOs on civil society development, advocacy and inter-ethnic relations in the South Caucasus region serves her well in her current role. She holds a MSocSc degree in Transformation in South Caucasus from Tbilisi State University, Center for Social Sciences and a MSc in Nationalism Studies from the University of Edinburgh.<\/p> \r\n          <\/div>\r\n        <\/div>\r\n      <\/div>  <!-- end modal body -->\r\n        \r\n    <\/div>  <!-- end modal content -->\r\n  <\/div>  <!-- end modal dialog -->\r\n<\/div>  <!-- end modal content -->\r\n\r\n<!-- Davide Matino - modal -->\r\n<div class=\"modal fade\" id=\"dmatino\">\r\n  <div class=\"modal-dialog modal-lg\">\r\n    <div class=\"modal-content\">\r\n      \r\n      <!-- Modal Header -->\r\n      <div class=\"modal-header\">\r\n        <h2 class=\"modal-title\">Davide Matino<\/h2>\r\n        <div class=\"close dialog-close-button dialog-lightbox-close-button\"><i class=\"eicon-close\" data-dismiss=\"modal\"><\/i><\/div>\r\n      <\/div>\r\n    \r\n      <!-- Modal body -->\r\n      <div class=\"modal-body clamp_p\">\r\n        \r\n        <div class=\"row\">\r\n          <div class=\"col-md-4\" style=\"margin-bottom:1rem\">\r\n            <img decoding=\"async\" src=\"\/wp-content\/uploads\/2023\/10\/Davide-Matino_2023.jpg\" class=\"img-responsive\">\r\n          <\/div>\r\n          <div class=\"col-md-8\">    \r\n            <h3>Associate Professor of Medicine, McMaster University<\/h3>\r\n            <p class=\"cmte-country\">Hamilton, Canada<\/p>\r\n            <hr class=\"green-hr\">\r\n            <p class=\"clamp_p\">Dr. Davide Matino is an Associate Professor of Medicine at McMaster University in Hamilton, Ontario, Canada. Dr. Matino obtained his medical degree at the University of Perugia and completed his residency training at the University of Rome \u201cTor Vergata\u201d. He completed his Clinical Fellowship in Bleeding disorders at McMaster University where he also received his MSc in Health Research Methodology. Prior to joining faculty at McMaster University in 2020 he was working at the University of Perugia as Assistant Professor in the Department of Experimental Medicine, leading a research project focused on the study of the immune response to FVIII in hemophilia, funded by the Italian Ministry of Health. He is actively engaged in the care of patients with bleeding and thrombotic disorders and contributes to education in the field of bleeding disorders locally, nationally and internationally. He is an active clinical trial investigator involved in numerous trials in the field of thrombosis and haemostasis with a specific focus on novel therapies for hemophilia. Dr. Matino also directs a basic research lab investigating roles and functions of coagulation factor VIII and factor IX, funded by the Canadian Institutes of Health Research program and several industry-funded research grants.<\/p>\r\n       <\/div>\r\n        <\/div>\r\n      <\/div>  <!-- end modal body -->\r\n      \r\n      <!--div class=\"modal-footer clamp_p\">\r\n        <p><em>Footer<\/em><\/p>\r\n      <\/div-->\r\n\r\n    <\/div>  <!-- end modal content -->\r\n  <\/div>  <!-- end modal dialog -->\r\n<\/div>  <!-- end modal content -->\r\n\r\n<!-- Silmara Montalv\u00e3o - modal -->\r\n<div class=\"modal fade\" id=\"smontalvao\">\r\n    <div class=\"modal-dialog modal-lg\">\r\n        <div class=\"modal-content\">\r\n      \r\n        <!-- Modal Header -->\r\n        <div class=\"modal-header\">\r\n            <h2 class=\"modal-title\">Silmara Montalv\u00e3o<\/h2>\r\n            <div class=\"close dialog-close-button dialog-lightbox-close-button\"><i class=\"eicon-close\" data-dismiss=\"modal\"><\/i><\/div>\r\n        <\/div>\r\n    \r\n        <!-- Modal body -->\r\n        <div class=\"modal-body clamp_p\">\r\n        \r\n            <div class=\"row\">\r\n                <div class=\"col-md-4\" style=\"margin-bottom:1rem\">\r\n                    <img decoding=\"async\" src=\"\/wp-content\/uploads\/2025\/09\/Montalvao-Silmara.jpg\" class=\"img-responsive\">\r\n                <\/div>\r\n                <div class=\"col-md-8\">    \r\n                    <h3>Clinical Laboratory Scientist, Haemostasis Laboratory and Scientific Director for the PAEQ-Hemostasia, National External Quality Assessment Scheme for Blood Coagulation at Blood Center, University of Campinas-UNICAMP<\/h3>\r\n                    <p class=\"cmte-country\">San Campinas, Br\u00e9sil<\/p>\r\n                    <hr class=\"green-hr\">\r\n                    <p class=\"clamp_p\">Silmara Montalv\u00e3o, PharmD, MSc, PhD is Clinical Laboratory Scientist responsible for the Haemostasis Laboratory and Scientific Director for the PAEQ-Hemostasia, National External Quality Assessment Scheme for Blood Coagulation at Blood Center, University of Campinas-UNICAMP, Brazil. She completes her PhD in Clinical Medicine in 2019 with emphasis in hemophilia and imunologial system. Her research focuses on the development of new methodologies for the laboratory diagnosis of bleeding and thrombotic diseases and the enhancement of laboratory quality assessment tools. She is a member of the advisory group on hemostasis of Brazilian Ministry of Health, member of Latin American Cooperative Group on Hemostasis and Thrombosis (CLAHT) and Chair of Laboratory Science and IEQAS Committee of World federation of Hemophilia (WFH).<\/p>\r\n                <\/div>\r\n            <\/div>\r\n        <\/div>  <!-- end modal body -->\r\n\r\n        <\/div>  <!-- end modal content -->\r\n    <\/div>  <!-- end modal dialog -->\r\n<\/div>  <!-- end modal content -->\r\n\r\n\r\n\r\n<!-- Brian O'Mahony - modal -->\r\n<div class=\"modal fade\" id=\"bomahony\">\r\n  <div class=\"modal-dialog modal-lg\">\r\n    <div class=\"modal-content\">\r\n      \r\n      <!-- Modal Header -->\r\n      <div class=\"modal-header\">\r\n        <h2 class=\"modal-title\">Brian O'Mahony<\/h2>\r\n        <div class=\"close dialog-close-button dialog-lightbox-close-button\"><i class=\"eicon-close\" data-dismiss=\"modal\"><\/i><\/div>\r\n      <\/div>\r\n    \r\n      <!-- Modal body -->\r\n      <div class=\"modal-body clamp_p\">\r\n        \r\n        <div class=\"row\">\r\n          <div class=\"col-md-4\" style=\"margin-bottom:1rem\">\r\n            <img decoding=\"async\" src=\"\/wp-content\/uploads\/2023\/08\/OMahony-Brian.jpg\" class=\"img-responsive\">\r\n          <\/div>\r\n          <div class=\"col-md-8\">    \r\n            <h3>Chief Executive, Irish Haemophilia Society<\/h3>\r\n\t\t\t    <p class=\"cmte-country\">Dublin, Irlande<\/p>\r\n            <hr class=\"green-hr\">\r\n            <p class=\"clamp_p\">Brian O\u2019Mahony is the Chief Executive of the Irish Haemophilia Society, a former President of both the World Federation of Hemophilia and the European Haemophilia Consortium. He is a former board member of the Irish Blood Transfusion Service and Chairperson of their research committee. He is the author or co-author of more than 100 peer reviewed scientific journal articles and 2 editions of a tender and procurement guidebook for WFH. He is a Fellow of the Academy of Clinical Science and Laboratory Medicine (Ireland) and a Fellow of the Institute of Biomedical Sciences (UK). He has postgraduate qualifications in Management and in Occupational Health and Safety and is currently an assistant adjunct Professor in Health Service Management in Trinity College, Dublin. Brian was born with severe Haemophilia B and is currently participating in a Gene Therapy clinical trial.<\/p>\r\n\t\t     <\/div>\r\n        <\/div>\r\n      <\/div>  <!-- end modal body -->\r\n      \r\n      <!--div class=\"modal-footer clamp_p\">\r\n        <p><em>Footer<\/em><\/p>\r\n      <\/div-->\r\n\r\n    <\/div>  <!-- end modal content -->\r\n  <\/div>  <!-- end modal dialog -->\r\n<\/div>  <!-- end modal content -->\r\n\r\n<!-- Catherine Rea - modal -->\r\n<div class=\"modal fade\" id=\"crea\">\r\n  <div class=\"modal-dialog modal-lg\">\r\n    <div class=\"modal-content\">\r\n      \r\n      <!-- Modal Header -->\r\n      <div class=\"modal-header\">\r\n        <h2 class=\"modal-title\">Catherine Rea<\/h2>\r\n        <div class=\"close dialog-close-button dialog-lightbox-close-button\"><i class=\"eicon-close\" data-dismiss=\"modal\"><\/i><\/div>\r\n      <\/div>\r\n    \r\n      <!-- Modal body -->\r\n      <div class=\"modal-body clamp_p\">\r\n        \r\n        <div class=\"row\">\r\n          <div class=\"col-md-4\" style=\"margin-bottom:1rem\">\r\n            <img decoding=\"async\" src=\"\/wp-content\/uploads\/2025\/11\/Rea-Catherine.jpg\" class=\"img-responsive\">\r\n          <\/div>\r\n          <div class=\"col-md-8\">    \r\n            <h3>Vice President of Clinical Research, Hemab Therapeutics<\/h3>\r\n\t\t\t    <p class=\"cmte-country\">\u00c9tats-Unis<\/p>\r\n            <hr class=\"green-hr\">\r\n            <p class=\"clamp_p\">Catherine Rea, MD, PhD, serves as Vice President, Clinical Research at Hemab, bringing nearly two decades of clinical experience in hematology. She is specialized in the diagnosis and management of coagulation disorders. Allied with her clinical practice, she has expertise in translational research and study design. She has collaborated and led on projects covering all stages of novel therapy development, from pre-clinical drug evaluation through to phase 3 clinical trials. Dr. Rea studied at Cambridge University, England and was awarded a PhD in Medical Sciences from Kings College London, England. She has numerous publications covering basic science, translational research, and clinical hematology.<\/p>\r\n\t\t     <\/div>\r\n        <\/div>\r\n      <\/div>  <!-- end modal body -->\r\n      \r\n      <!--div class=\"modal-footer clamp_p\">\r\n        <p><em>Footer<\/em><\/p>\r\n      <\/div-->\r\n\r\n    <\/div>  <!-- end modal content -->\r\n  <\/div>  <!-- end modal dialog -->\r\n<\/div>  <!-- end modal content -->\r\n\r\n\r\n<!-- Patrick Robert - modal -->\r\n<div class=\"modal fade\" id=\"probert\">\r\n    <div class=\"modal-dialog modal-lg\">\r\n        <div class=\"modal-content\">\r\n      \r\n        <!-- Modal Header -->\r\n        <div class=\"modal-header\">\r\n            <h2 class=\"modal-title\">Patrick Robert<\/h2>\r\n            <div class=\"close dialog-close-button dialog-lightbox-close-button\"><i class=\"eicon-close\" data-dismiss=\"modal\"><\/i><\/div>\r\n        <\/div>\r\n    \r\n        <!-- Modal body -->\r\n        <div class=\"modal-body clamp_p\">\r\n        \r\n            <div class=\"row\">\r\n                <div class=\"col-md-4\" style=\"margin-bottom:1rem\">\r\n                    <img decoding=\"async\" src=\"\/wp-content\/uploads\/2025\/09\/Robert-Patrick.jpg\" class=\"img-responsive\">\r\n                <\/div>\r\n                <div class=\"col-md-8\">    \r\n                    <h3>Independent Consultant, Marketing Research Bureau<\/h3>\r\n                    <p class=\"cmte-country\">Orange, \u00c9tats-Unis<\/p>\r\n                    <hr class=\"green-hr\">\r\n                    <p class=\"clamp_p\">From 1993 to 2020, Mr. Robert he was the President of the Marketing Research Bureau (MRB) a market research company focused on the blood and plasma industry. Since the company was sold in 2020, he remained active as an independent consultant. Prior to his tenure with MRB, Dr. Robert was Market Research Manager at Miles Pharmaceuticals (now Grifols). Previously, he worked with the International Red Cross Blood Service and other health care-related organizations (WHO, OECD) in France, Switzerland and elsewhere. He holds a doctorate from the University of Marseille\/Provence, France, and a Master's Degree from Cornell University, USA.<\/p>\r\n                <\/div>\r\n            <\/div>\r\n        <\/div>  <!-- end modal body -->\r\n\r\n        <\/div>  <!-- end modal content -->\r\n    <\/div>  <!-- end modal dialog -->\r\n<\/div>  <!-- end modal content -->\r\n\r\n\r\n<!-- Dawn Rotellini - modal -->\r\n<div class=\"modal fade\" id=\"drotellini\">\r\n  <div class=\"modal-dialog modal-lg\">\r\n    <div class=\"modal-content\">\r\n      \r\n      <!-- Modal Header -->\r\n      <div class=\"modal-header\">\r\n        <h2 class=\"modal-title\">Dawn Rotellini<\/h2>\r\n        <div class=\"close dialog-close-button dialog-lightbox-close-button\"><i class=\"eicon-close\" data-dismiss=\"modal\"><\/i><\/div>\r\n      <\/div>\r\n    \r\n      <!-- Modal body -->\r\n      <div class=\"modal-body clamp_p\">\r\n        \r\n        <div class=\"row\">\r\n          <div class=\"col-md-4\" style=\"margin-bottom:1rem\">\r\n            <img decoding=\"async\" src=\"\/wp-content\/uploads\/2023\/08\/Rotellini-Dawn.jpg\" class=\"img-responsive\">\r\n          <\/div>\r\n          <div class=\"col-md-8\">    \r\n            <h3>BOD Lay member, World Federation of Hemophilia<br>\r\n            Chief Operating Officer, National Bleeding Disorders Foundation<\/h3>\r\n            <p class=\"cmte-country\">Gibsonia, \u00c9tats-Unis<\/p>\r\n            <hr class=\"green-hr\">\r\n            <p class=\"clamp_p\">Dawn has been a leader in the bleeding disorders community for many years. As a parent of a son with hemophilia and as a symptomatic carrier, she founded the Rocky Mountain Hemophilia & Bleeding Disorders Association in Bozeman, Montana and served as its Executive Director. After moving to Pittsburgh, Pennsylvania, she served as a board member for the Hemophilia Center of Western Pennsylvania for six years and then as Executive Director of the Western Pennsylvania Chapter. She has been with the National Bleeding Disorders Foundation (formerly National Hemophilia Foundation) for 16 years and serves as Chief Operating Officer. Dawn serves on the Board of Directors for the World Federation of Hemophilia and World Federation of Hemophilia USA. Dawn proudly chairs the Women and Girls with Bleeding Disorders and the Hemophilia Organization Twin Committees for WFH. She holds a Bachelor of Science from Montana State University.<\/p>\r\n          <\/div>\r\n        <\/div>\r\n      <\/div>  <!-- end modal body -->\r\n        \r\n    <\/div>  <!-- end modal content -->\r\n  <\/div>  <!-- end modal dialog -->\r\n<\/div>  <!-- end modal content -->\r\n\r\n\r\n<!-- Ben Samelson-Jones - modal -->\r\n<div class=\"modal fade\" id=\"bsamelsonjones\">\r\n  <div class=\"modal-dialog modal-lg\">\r\n    <div class=\"modal-content\">\r\n      \r\n      <!-- Modal Header -->\r\n      <div class=\"modal-header clamp_h2\">\r\n        <h2 class=\"modal-title\" style=\"color: #1f3f78;\">Ben Samelson-Jones<\/h2>\r\n        <div class=\"close dialog-close-button dialog-lightbox-close-button\" style=\"color: #1f3f78; opacity: 1; font-size:2em\"><i class=\"eicon-close\" data-dismiss=\"modal\"><\/i><\/div>\r\n      <\/div>\r\n    \r\n      <!-- Modal body -->\r\n      <div class=\"modal-body clamp_p\">\r\n        \r\n        <div class=\"row\">\r\n          <div class=\"col-md-4\" style=\"margin-bottom:1rem\">\r\n            <img decoding=\"async\" src=\"\/wp-content\/uploads\/2025\/08\/Samelson-Jones-Benjamin.jpg\" class=\"img-responsive\">\r\n          <\/div>\r\n          <div class=\"col-md-8\">    \r\n            <h3>Assistant Professor, Division of Hematology, Children's Hospital of Philadelphia<\/h3>\r\n            <p class=\"cmte-country\">Philadelphie, \u00c9tats-Unis<\/p>\r\n            <hr class=\"green-hr\">\r\n            <p class=\"clamp_p\">Ben Samelson-Jones, MD, PhD is Assistant Professor of Pediatrics and the University of Pennsylvania and a pediatric hematologist at The Children's Hospital of Philadelphia (CHOP). He provides medical care for children with blood diseases with a special interest in the children with hemophilia. He is the Associate Director of the Clinical In Vivo Gene Therapy program at CHOP, a member of the Raymond G. Perelman Center for Cellular and Molecular Therapeutics, and faculty for Gene Therapy and Vaccine (GTV) Graduate Program. He is a member of the Editorial Board for the Journal of Thrombosis and Haemostasis and the Board of Directors of the Hemostasis and Thrombosis Research Society.<\/p>\r\n            <p class=\"clamp_p\">He is a principal investigator on clinical gene therapy trials for hemophilia A and hemophilia B and has translational laboratory focused on developing novel treatments for bleeding disorders. His laboratory is supported by the National Heart, Lung, and Blood Institute, the National Bleeding Disorders Foundation, as well as by a number of sponsored research agreements with biotech partners.<\/p>  \r\n          <\/div>\r\n        <\/div>\r\n      <\/div>  <!-- end modal body -->\r\n\r\n        \r\n    <\/div>  <!-- end modal content -->\r\n  <\/div>  <!-- end modal dialog -->\r\n<\/div>  <!-- end modal content -->\r\n\r\n<!-- Stephanie Seremetis - modal -->\r\n<div class=\"modal fade\" id=\"sseremetis\">\r\n  <div class=\"modal-dialog modal-lg\">\r\n    <div class=\"modal-content\">\r\n      \r\n      <!-- Modal Header -->\r\n      <div class=\"modal-header clamp_h2\">\r\n        <h2 class=\"modal-title\" style=\"color: #1f3f78;\">Stephanie Seremetis<\/h2>\r\n        <div class=\"close dialog-close-button dialog-lightbox-close-button\" style=\"color: #1f3f78; opacity: 1; font-size:2em\"><i class=\"eicon-close\" data-dismiss=\"modal\"><\/i><\/div>\r\n      <\/div>\r\n    \r\n      <!-- Modal body -->\r\n      <div class=\"modal-body clamp_p\">\r\n        \r\n        <div class=\"row\">\r\n          <div class=\"col-md-4\" style=\"margin-bottom:1rem\">\r\n            <img decoding=\"async\" src=\"\/wp-content\/uploads\/2025\/09\/Seremetis-Stephanie.jpg\" class=\"img-responsive\">\r\n          <\/div>\r\n          <div class=\"col-md-8\">    \r\n            <h3>CVP and Chief Medical Officer for Rare Disease, Novo Nordisk<\/h3>\r\n            <p class=\"cmte-country\">Princeton, \u00c9tats-Unis<\/p>\r\n            <hr class=\"green-hr\">\r\n            <p class=\"clamp_p\"><\/p>  \r\n          <\/div>\r\n        <\/div>\r\n      <\/div>  <!-- end modal body -->\r\n\r\n        \r\n    <\/div>  <!-- end modal content -->\r\n  <\/div>  <!-- end modal dialog -->\r\n<\/div>  <!-- end modal content -->\r\n\r\n<!-- Michelle Sholzberg -->\r\n<div class=\"modal fade\" id=\"msholzberg\">\r\n  <div class=\"modal-dialog modal-lg\">\r\n    <div class=\"modal-content\">\r\n      \r\n      <!-- Modal Header -->\r\n      <div class=\"modal-header clamp_h2\">\r\n        <h2 class=\"modal-title\" style=\"color: #1f3f78;\">Michelle Sholzberg<\/h2>\r\n        <div class=\"close dialog-close-button dialog-lightbox-close-button\" style=\"color: #1f3f78; opacity: 1; font-size:2em\"><i class=\"eicon-close\" data-dismiss=\"modal\"><\/i><\/div>\r\n      <\/div>\r\n    \r\n      <!-- Modal body -->\r\n      <div class=\"modal-body clamp_p\">\r\n        \r\n        <div class=\"row\">\r\n          <div class=\"col-md-4\" style=\"margin-bottom:1rem\">\r\n            <img decoding=\"async\" src=\"\/wp-content\/uploads\/2025\/09\/Sholzberg-Michelle.jpg\" class=\"img-responsive\">\r\n          <\/div>\r\n          <div class=\"col-md-8\">    \r\n            <h3>Hematologist, Unity Health Toronto<\/h3>\r\n            <p class=\"cmte-country\">Toronto, Canada<\/p>\r\n            <hr class=\"green-hr\">\r\n            <p class=\"clamp_p\">Dr. Michelle Sholzberg is an Adult Hematologist and Clinician Scientist with a focus on coagulation, iron deficiency and health equity. She is an Associate Professor and the Departmental Division Director of Hematology at the University of Toronto, and the Division Head of Hematology Oncology and Medical Director of the Coagulation Laboratory at St. Michael\u2019s Hospital. She is also the Director of the Hematology-Oncology Clinical Research Group and the Hemequity Lab. Currently, she is involved in the study of: prediction tools for perioperative and traumatic bleeding, the intersection of women\u2019s health and bleeding disorders, treatments for iron deficiency anemia, and new treatments for immune thrombocytopenia.<\/p>  \r\n          <\/div>\r\n        <\/div>\r\n      <\/div>  <!-- end modal body -->\r\n\r\n        \r\n    <\/div>  <!-- end modal content -->\r\n  <\/div>  <!-- end modal dialog -->\r\n<\/div>  <!-- end modal content -->\r\n\r\n<!-- Robert Sidonio - modal -->\r\n<div class=\"modal fade\" id=\"rsidonio\">\r\n  <div class=\"modal-dialog modal-lg\">\r\n    <div class=\"modal-content\">\r\n      \r\n      <!-- Modal Header -->\r\n      <div class=\"modal-header clamp_h2\">\r\n        <h2 class=\"modal-title\" style=\"color: #1f3f78;\">Robert Sidonio<\/h2>\r\n        <div class=\"close dialog-close-button dialog-lightbox-close-button\" style=\"color: #1f3f78; opacity: 1; font-size:2em\"><i class=\"eicon-close\" data-dismiss=\"modal\"><\/i><\/div>\r\n      <\/div>\r\n    \r\n      <!-- Modal body -->\r\n      <div class=\"modal-body clamp_p\">\r\n        \r\n        <div class=\"row\">\r\n          <div class=\"col-md-4\" style=\"margin-bottom:1rem\">\r\n            <img decoding=\"async\" src=\"\/wp-content\/uploads\/2023\/09\/Sidonio-Robert.jpg\" class=\"img-responsive\">\r\n          <\/div>\r\n          <div class=\"col-md-8\">    \r\n            <h3>Pediatric Hematologist, Aflac Cancer and Blood Disorders<\/h3>\r\n            <p class=\"cmte-country\">Atlanta, \u00c9tats-Unis<\/p>\r\n            <hr class=\"green-hr\">\r\n            <p class=\"clamp_p\">Dr. Sidonio graduated from UAB medical school, completed his pediatric residency at the University of Louisville and completed his fellowship at the University of Pittsburgh where he also obtained his Masters in Clinical Investigation. Dr. Sidonio has been the Director of Hemostasis and Thrombosis Clinical Operations at Emory University since 2014. Dr. Sidonio has studies focusing on quality of life and menstrual bleeding treatment in hemophilia carriers and women with low VWF and is the lead co-PI of the MOTIVATE ITI Study, Wilate prophylaxis study series, FEIBA SAFE study and VWD Prophylaxis Network study. He is a HFA medical advisor, medical advisor for FWGBD, ATHN chair and Chair of Women\u2019s Health issues in ISTH SSC.<\/p>  \r\n          <\/div>\r\n        <\/div>\r\n      <\/div>  <!-- end modal body -->\r\n\r\n        \r\n    <\/div>  <!-- end modal content -->\r\n  <\/div>  <!-- end modal dialog -->\r\n<\/div>  <!-- end modal content -->\r\n\r\n\r\n<!-- Mark Skinner - modal -->\r\n<div class=\"modal fade\" id=\"mskinner\">\r\n  <div class=\"modal-dialog modal-lg\">\r\n    <div class=\"modal-content\">\r\n      \r\n      <!-- Modal Header -->\r\n      <div class=\"modal-header\">\r\n        <h2 class=\"modal-title\">Mark W. Skinner<\/h2>\r\n        <div class=\"close dialog-close-button dialog-lightbox-close-button\"><i class=\"eicon-close\" data-dismiss=\"modal\"><\/i><\/div>\r\n      <\/div>\r\n    \r\n      <!-- Modal body -->\r\n      <div class=\"modal-body clamp_p\">\r\n        \r\n        <div class=\"row\">\r\n          <div class=\"col-md-4\" style=\"margin-bottom:1rem\">\r\n            <img decoding=\"async\" src=\"\/wp-content\/uploads\/2023\/08\/Skinner-Mark.jpg\" class=\"img-responsive\">\r\n          <\/div>\r\n          <div class=\"col-md-8\">    \r\n            <h3>President and Chief Executive Officer, Institute for Policy Advancement Ltd<\/h3>\r\n            <p class=\"cmte-country\">Washington, DC, \u00c9tats-Unis<\/p>\r\n            <hr class=\"green-hr\">\r\n            <p class=\"clamp_p\">Mark Skinner, Washington, DC, is President\/CEO of the Institute for Policy Advancement Ltd, specializing in patient-centered outcomes research. He is an Assistant Professor in the Department of Health Research Methods, Evidence and Impact at McMaster University. He has previously led both national and international patient organizations including the World Federation of Hemophilia and National Hemophilia Foundation. He is the principal investigator for the Patient Reported Outcomes Burdens and Experiences (PROBE) study, a global research project to enhance the direct patient voice in healthcare decision-making. He holds numerous roles as an advisor on critical blood safety and supply matters including having served on the US Health and Human Services Advisory Committee on Blood and Tissue Safety and Availability. He serves on the board of the Institute for Clinical and Economic Review (ICER), the National Organization for Rare Disorders (NORD) and formerly the Patient Centered Outcomes Research Institute (PCORI) Advisory Panel on Rare Disease, where he was an inaugural member. Previously, he was Vice President State Programs at the American Insurance Association and Administrative Assistant\/Chief of Staff to the Speaker of the Kansas House of Representatives. He holds degrees in Public and Business Administration from Kansas State University and JD from Washburn University School of Law.<\/p>  \r\n          <\/div>\r\n        <\/div>\r\n      <\/div>  <!-- end modal body -->\r\n        \r\n    <\/div>  <!-- end modal content -->\r\n  <\/div>  <!-- end modal dialog -->\r\n<\/div>  <!-- end modal content -->\r\n\r\n\r\n<!-- Alok Srivastava - modal -->\r\n<div class=\"modal fade\" id=\"asrivastava\">\r\n  <div class=\"modal-dialog modal-lg\">\r\n    <div class=\"modal-content\">\r\n      \r\n      <!-- Modal Header -->\r\n      <div class=\"modal-header\">\r\n        <h2 class=\"modal-title\">Alok Srivastava, MD, FRACP, FRCPA, FRCP<\/h2>\r\n        <div class=\"close dialog-close-button dialog-lightbox-close-button\"><i class=\"eicon-close\" data-dismiss=\"modal\"><\/i><\/div>\r\n      <\/div>\r\n    \r\n      <!-- Modal body -->\r\n      <div class=\"modal-body clamp_p\">\r\n        \r\n        <div class=\"row\">\r\n          <div class=\"col-md-4\" style=\"margin-bottom:1rem\">\r\n            <img decoding=\"async\" src=\"\/wp-content\/uploads\/2025\/06\/Alok-Srivastava.jpg\" class=\"img-responsive\">\r\n          <\/div>\r\n          <div class=\"col-md-8\">    \r\n            <h3>BOD medical member, World Federation of Hemophilia<br>\r\n            Professor and Head, Haematology Research Unit, St. John\u2019s Research Institute<br>\r\n            Senior Consultant, Department of Clinical Haematology, St. John\u2019s Medical College Hospital<\/h3>\r\n\t\t\t<p class=\"cmte-country\">Bangalore, Inde<\/p>\r\n            <hr class=\"green-hr\">\r\n            <p class=\"clamp_p\">Alok Srivastava is Professor and Head, Haematology Research Unit, St. John\u2019s Research Institute and Senior Consultant, Department of Clinical Haematology in the St. John\u2019s Medical College Hospital at Bengaluru, India. Prof. Srivastava has been involved with the management of patients with bleeding disorders for over 30 years. His recent research focus has been on novel therapies including gene therapy for hemophilia.<\/p>\r\n\t\t\t<p class=\"clamp_p\">Prof. Srivastava is President of the Indian Association for Haemophilia & Allied Disorders and the Indian Association for Cell and Gene Therapy. He is also the Chairman of the Association for Haemophilia & Allied Disorders \u2013 Asia-Pacific. He was the chair of the FVIII\/IX subcommittee of the SSC of the ISTH from 2006-2010 and currently serves on the ISTH-SSC Gene Therapy steering committee. He is a member of the board of the WFH and was the WFH Vice-President (Medical) from 2012-2014. He has led the writing group for all three editions of the WFH guidelines for the management of hemophilia.<\/p>\r\n\t\t\r\n\t\t     <\/div>\r\n        <\/div>\r\n      <\/div>  <!-- end modal body -->\r\n      \r\n      <!--div class=\"modal-footer clamp_p\">\r\n        <p><em>Footer<\/em><\/p>\r\n      <\/div-->\r\n\r\n    <\/div>  <!-- end modal content -->\r\n  <\/div>  <!-- end modal dialog -->\r\n<\/div>  <!-- end modal content -->\r\n\r\n\r\n<!-- Ekawat Suwantaroj - modal -->\r\n<div class=\"modal fade\" id=\"esuwantaroj\">\r\n  <div class=\"modal-dialog modal-lg\">\r\n    <div class=\"modal-content\">\r\n      \r\n      <!-- Modal Header -->\r\n      <div class=\"modal-header\">\r\n        <h2 class=\"modal-title\">Ekawat Suwantaroj<\/h2>\r\n        <div class=\"close dialog-close-button dialog-lightbox-close-button\"><i class=\"eicon-close\" data-dismiss=\"modal\"><\/i><\/div>\r\n      <\/div>\r\n    \r\n      <!-- Modal body -->\r\n      <div class=\"modal-body clamp_p\">\r\n        \r\n        <div class=\"row\">\r\n          <div class=\"col-md-4\" style=\"margin-bottom:1rem\">\r\n            <img decoding=\"async\" src=\"\/wp-content\/uploads\/2023\/04\/Ekawat-Suwantaroj_2023.jpg\" class=\"img-responsive\">\r\n          <\/div>\r\n          <div class=\"col-md-8\">    \r\n            <h3>BOD Lay member, World Federation of Hemophilia<br>\r\n            Vice President, Thai Hemophilia Patient Club<\/h3>\r\n            <p class=\"cmte-country\">Bangkok, Tha\u00eflande<\/p>\r\n            <hr class=\"green-hr\">\r\n            <p class=\"clamp_p\">Ekawat Suwantaroj (49), Bangkok, Thailand, was diagnosed with severe hemophilia when he was four months old. He is a graphic designer and owner of a print-design company in Bangkok. He has been a member of National Hemophilia Foundation of Thailand since 2012. In the present, Ekawat is vice president of the Thai Hemophilia Patient Club (THPC) and committee member of the National Hemophilia Foundation of Thailand. Moreover, he has been working with the Thai Rare Disease Foundation (ThaiRDF) as a committee member. He was the first coordinator of Asean Hemophilia Networks (AHN) in 2016. Ekawat was selected to be a WHO patient for patient safety representative from Thailand in 2017. He is now a lay member in the board of directors of the World Federation of Hemophilia (WFH).<\/p>\r\n          <\/div>\r\n        <\/div>\r\n      <\/div>  <!-- end modal body -->\r\n        \r\n    <\/div>  <!-- end modal content -->\r\n  <\/div>  <!-- end modal dialog -->\r\n<\/div>  <!-- end modal content -->\r\n\r\n<!-- Michael Wang - modal -->\r\n<div class=\"modal fade\" id=\"mwang\">\r\n  <div class=\"modal-dialog modal-lg\">\r\n    <div class=\"modal-content\">\r\n      \r\n      <!-- Modal Header -->\r\n      <div class=\"modal-header\">\r\n        <h2 class=\"modal-title\">Michael Wang<\/h2>\r\n        <div class=\"close dialog-close-button dialog-lightbox-close-button\"><i class=\"eicon-close\" data-dismiss=\"modal\"><\/i><\/div>\r\n      <\/div>\r\n    \r\n      <!-- Modal body -->\r\n      <div class=\"modal-body clamp_p\">\r\n        \r\n        <div class=\"row\">\r\n          <div class=\"col-md-4\" style=\"margin-bottom:1rem\">\r\n            <img decoding=\"async\" src=\"\/wp-content\/uploads\/2025\/09\/Wang-Michael.jpg\" class=\"img-responsive\">\r\n          <\/div>\r\n          <div class=\"col-md-8\">    \r\n            <h3>VP, Clinical Development, Be Biopharma<\/h3>\r\n            <p class=\"cmte-country\">Denver, \u00c9tats-Unis<\/p>\r\n            <hr class=\"green-hr\">\r\n            <p class=\"clamp_p\"><\/p>  \r\n          <\/div>\r\n        <\/div>\r\n      <\/div>  <!-- end modal body -->\r\n        \r\n    <\/div>  <!-- end modal content -->\r\n  <\/div>  <!-- end modal dialog -->\r\n<\/div>  <!-- end modal content -->\r\n\r\n\r\n\r\n<!-- Angela Weyand - modal -->\r\n<div class=\"modal fade\" id=\"aweyand\">\r\n  <div class=\"modal-dialog modal-lg\">\r\n    <div class=\"modal-content\">\r\n      \r\n      <!-- Modal Header -->\r\n      <div class=\"modal-header\">\r\n        <h2 class=\"modal-title\">Angela Weyand<\/h2>\r\n        <div class=\"close dialog-close-button dialog-lightbox-close-button\"><i class=\"eicon-close\" data-dismiss=\"modal\"><\/i><\/div>\r\n      <\/div>\r\n    \r\n      <!-- Modal body -->\r\n      <div class=\"modal-body clamp_p\">\r\n        \r\n        <div class=\"row\">\r\n          <div class=\"col-md-4\" style=\"margin-bottom:1rem\">\r\n            <img decoding=\"async\" src=\"\/wp-content\/uploads\/2025\/08\/Weyand-Angela.jpg\" class=\"img-responsive\">\r\n          <\/div>\r\n          <div class=\"col-md-8\">    \r\n            <h3>Associate Professor, Department of Pediatrics, University of Michigan<\/h3>\r\n            <p class=\"cmte-country\">Ann Arbor, \u00c9tats-Unis<\/p>\r\n            <hr class=\"green-hr\">\r\n            <p class=\"clamp_p\">Angela C. Weyand, MD, is a native of Kansas City, KS, and a graduate of Northwestern University in Evanston, IL. She attended medical school at the University of Michigan and completed her Pediatrics residency at the University of Washington\/Seattle Children's Hospital. She then returned to the University of Michigan for Pediatric Hematology and Oncology fellowship and subsequently stayed on as faculty. Her clinical and research interests are in young women and girls with hemostatic and thrombotic disorders, Von Willebrand disease, iron deficiency, and health equity. She is co-director of a combined hematology\/gynecology program and pediatric clinical director of the University of Michigan Hemophilia Treatment Center. She was co-chair of the National Bleeding Disorders Foundation (NBDF) working group to identify a national research blueprint to address the needs of women and girls and those with the potential to menstruate, a member of the ASH Von Willebrand Disease management guidelines and ASH Iron Deficiency Diagnosis guidelines, chair of the ASH Working group on Iron Deficiency, a co-chair of the ISTH Women\u2019s Health SSC, and a section lead on the Lancet Haematology Women\u2019s Health Commission.<\/p>  \r\n          <\/div>\r\n        <\/div>\r\n      <\/div>  <!-- end modal body -->\r\n        \r\n    <\/div>  <!-- end modal content -->\r\n  <\/div>  <!-- end modal dialog -->\r\n<\/div>  <!-- end modal content -->\r\n\r\n\r\n<!-- Gabriela Yamaguti-Hayakawa - modal -->\r\n<div class=\"modal fade\" id=\"ghayakawa\">\r\n  <div class=\"modal-dialog modal-lg\">\r\n    <div class=\"modal-content\">\r\n      \r\n      <!-- Modal Header -->\r\n      <div class=\"modal-header\">\r\n        <h2 class=\"modal-title\">Gabriela Yamaguti-Hayakawa<\/h2>\r\n        <div class=\"close dialog-close-button dialog-lightbox-close-button\"><i class=\"eicon-close\" data-dismiss=\"modal\"><\/i><\/div>\r\n      <\/div>\r\n    \r\n      <!-- Modal body -->\r\n      <div class=\"modal-body clamp_p\">\r\n        \r\n        <div class=\"row\">\r\n          <div class=\"col-md-4\" style=\"margin-bottom:1rem\">\r\n            <img decoding=\"async\" src=\"https:\/\/www.conferenceharvester.com\/uploads\/harvester\/photos\/cropUXLTUSZR-Presenter-YamagutiHayakawaG(2).jpg\" class=\"img-responsive\">\r\n          <\/div>\r\n          <div class=\"col-md-8\">    \r\n            <h3>Hematologist, Hemocentro UNICAMP<\/h3>\r\n            <p class=\"cmte-country\">Campinas, Br\u00e9sil<\/p>\r\n            <hr class=\"green-hr\">\r\n            <p class=\"clamp_p\">Dr. Gabriela Yamaguti-Hayakawa earned her medical degree and completed her residency training in Internal Medicine and Hematology at University of Campinas, Brazil. Dr. Yamaguti-Hayakawa received her PhD in Internal Medicine also at the University of Campinas. She now works as a clinical hematologist at Hemocentro UNICAMP, focusing mainly on hemostasis and bleeding disorders.<\/p>  \r\n          <\/div>\r\n        <\/div>\r\n      <\/div>  <!-- end modal body -->\r\n        \r\n    <\/div>  <!-- end modal content -->\r\n  <\/div>  <!-- end modal dialog -->\r\n<\/div>  <!-- end modal content -->\r\n\r\n\r\n<!-- Renchi Yang - modal -->\r\n<div class=\"modal fade\" id=\"ryang\">\r\n  <div class=\"modal-dialog modal-lg\">\r\n    <div class=\"modal-content\">\r\n      \r\n      <!-- Modal Header -->\r\n      <div class=\"modal-header\">\r\n        <h2 class=\"modal-title\">Renchi Yang<\/h2>\r\n        <div class=\"close dialog-close-button dialog-lightbox-close-button\"><i class=\"eicon-close\" data-dismiss=\"modal\"><\/i><\/div>\r\n      <\/div>\r\n    \r\n      <!-- Modal body -->\r\n      <div class=\"modal-body clamp_p\">\r\n        \r\n        <div class=\"row\">\r\n          <div class=\"col-md-4\" style=\"margin-bottom:1rem\">\r\n            <img decoding=\"async\" src=\"\/wp-content\/uploads\/2023\/10\/Renchi-Yang_2023.jpg\" class=\"img-responsive\">\r\n          <\/div>\r\n          <div class=\"col-md-8\">    \r\n            <h3>Head of Thrombosis and Hemostasis Center, Institute of Hematology and Blood Diseases Hospital<\/h3>\r\n            <p class=\"cmte-country\">Tianjin, Chine (R\u00e9publique populaire)<\/p>\r\n            <hr class=\"green-hr\">\r\n            <p class=\"clamp_p\">Dr. Renchi Yang is Professor and Head of Thrombosis and Hemostasis Center at Institute of Haematology and Blood Diseases Hospital, Chinese Academy of Medical Sciences (CAMS) and Peking Union Medical College (PUMC). Dr. Yang contributes extensively to clinical research and is involved in many clinical trials. He has published over 100 peer-reviewed publications and book chapters on bleeding disorders.<\/p>\r\n            <p class=\"clamp_p\">He is Steer Committee member of East Asia Hemophilia Forum and the Association for Hemophilia and Allied Disorders-Asia-Pacific (AHAD-AP). He is Vice Chairman of the Thrombosis and Hemostasis Society, China Medicine Education Association. He is also Standing Committee member of the Rare Diseases Society, Chinese Research Hospital Association. He is Chairman of Hemophilia Committee, China Alliance for Rare Diseases. He is Director of the National Hemophilia Registry Center, Chairman of the Hemophilia Treatment Center Collaborative Network of China, Chairman of National Hemophilia Cooperative Group. He is currently the translated edition (Chinese) editor of Haemophilia, the official journal of the World Federation of Hemophilia (WFH).<\/p>  \r\n          <\/div>\r\n        <\/div>\r\n      <\/div>  <!-- end modal body -->\r\n        \r\n    <\/div>  <!-- end modal content -->\r\n  <\/div>  <!-- end modal dialog -->\r\n<\/div>  <!-- end modal content -->\r\n\r\n\r\n\r\n\r\n\t\t\t\t<\/div>\n\t\t\t\t<\/div>\n\t\t\t\t\t<\/div>\n\t\t<\/div>\n\t\t\t\t\t<\/div>\n\t\t<\/section>\n\t\t\t\t<section class=\"elementor-section elementor-top-section elementor-element elementor-element-602d374 elementor-section-full_width elementor-section-height-default elementor-section-height-default\" data-id=\"602d374\" data-element_type=\"section\" data-e-type=\"section\" id=\"venue\" data-settings=\"{&quot;background_background&quot;:&quot;classic&quot;}\">\n\t\t\t\t\t\t\t<div class=\"elementor-background-overlay\"><\/div>\n\t\t\t\t\t\t\t<div class=\"elementor-container elementor-column-gap-default\">\n\t\t\t\t\t<div class=\"elementor-column elementor-col-33 elementor-top-column elementor-element elementor-element-1dc9b1a elementor-hidden-tablet elementor-hidden-mobile\" data-id=\"1dc9b1a\" data-element_type=\"column\" data-e-type=\"column\">\n\t\t\t<div class=\"elementor-widget-wrap\">\n\t\t\t\t\t\t\t<\/div>\n\t\t<\/div>\n\t\t\t\t<div class=\"elementor-column elementor-col-66 elementor-top-column elementor-element elementor-element-03bd28f\" data-id=\"03bd28f\" data-element_type=\"column\" data-e-type=\"column\">\n\t\t\t<div class=\"elementor-widget-wrap elementor-element-populated\">\n\t\t\t\t\t\t<div class=\"elementor-element elementor-element-9fe5cd0 clamp_h2 elementor-widget elementor-widget-heading\" data-id=\"9fe5cd0\" data-element_type=\"widget\" data-e-type=\"widget\" data-widget_type=\"heading.default\">\n\t\t\t\t<div class=\"elementor-widget-container\">\n\t\t\t\t\t<h2 class=\"elementor-heading-title elementor-size-default\">LIEU<\/h2>\t\t\t\t<\/div>\n\t\t\t\t<\/div>\n\t\t\t\t<div class=\"elementor-element elementor-element-a26d443 clamp_p elementor-widget elementor-widget-text-editor\" data-id=\"a26d443\" data-element_type=\"widget\" data-e-type=\"widget\" data-widget_type=\"text-editor.default\">\n\t\t\t\t<div class=\"elementor-widget-container\">\n\t\t\t\t\t\t\t\t\t<p class=\"\">Le 14<sup>e<\/sup> Forum mondial de la FMH se tiendra en personne \u00e0 l&rsquo;h\u00f4tel William Gray.<\/p>\n<p><\/p>\n<p class=\"\"><strong>Prix de la chambre par nuit :<\/strong> 260 $ (USD) TTC<\/p>\n<p><\/p>\n<p class=\"\">La page de r\u00e9servation de l\u2019h\u00f4tel sera disponible jusqu\u2019au 28 octobre 2025, 23h59 (heure de l\u2019Est). Apr\u00e8s cette date, les chambres d\u2019h\u00f4tel seront sous r\u00e9serve de disponibilit\u00e9 et les tarifs ne peuvent \u00eatre garantis. Merci d\u2019envoyer un courriel \u00e0 l\u2019adresse <a href=\"mailto:gf@wfh.org\">gf@wfh.org<\/a> pour v\u00e9rifier la disponibilit\u00e9 des chambres apr\u00e8s le 28 octobre 2025.<\/p>\n<p><\/p>\n<p class=\"\">Nous avons h\u00e2te de vous accueillir !<\/p>\n\t\t\t\t\t\t\t\t<\/div>\n\t\t\t\t<\/div>\n\t\t\t\t<div class=\"elementor-element elementor-element-56a0b27 elementor-widget elementor-widget-html\" data-id=\"56a0b27\" data-element_type=\"widget\" data-e-type=\"widget\" data-widget_type=\"html.default\">\n\t\t\t\t<div class=\"elementor-widget-container\">\n\t\t\t\t\t<div class=\"image-text\">\r\n    \r\n    <div>\r\n        <img decoding=\"async\" src=\"\/wp-content\/uploads\/2025\/08\/gf2025-venue.jpg\" alt=\"\" \/>    \r\n     <\/div>\r\n    \r\n    \r\n<div><em>\u00c9tablissement unique situ\u00e9 au c\u0153ur de Montr\u00e9al, l\u2019h\u00f4tel William Gray propose une association exceptionnelle entre charme historique et confort moderne. Que vous soyez Montr\u00e9alais\u00b7e ou de passage, vous appr\u00e9cierez ses am\u00e9nagements, ses \u00e9v\u00e9nements organis\u00e9s et son atmosph\u00e8re dynamique. Id\u00e9alement situ\u00e9 pr\u00e8s de la place Jacques-Cartier, l\u2019h\u00f4tel permet de se rendre facilement \u00e0 certains monuments comme la basilique Notre-Dame et le Vieux Port \u2013 c\u2019est l\u2019endroit parfait pour commencer \u00e0 explorer la ville.<\/em><\/div>\r\n\r\n<\/div>\t\t\t\t<\/div>\n\t\t\t\t<\/div>\n\t\t\t\t<div class=\"elementor-element elementor-element-f45564d elementor-widget elementor-widget-html\" data-id=\"f45564d\" data-element_type=\"widget\" data-e-type=\"widget\" data-widget_type=\"html.default\">\n\t\t\t\t<div class=\"elementor-widget-container\">\n\t\t\t\t\t<!-- question 1 - why book -->\r\n\r\n<div class=\"reg-acc\">\r\n  <div class=\"question-wrapper\">\r\n    <div class=\"question-letter\">Q<\/div>\r\n    <div class=\"question\">Quelles sont les raisons de r\u00e9server votre s\u00e9jour chez nous\u00a0?<\/div>\r\n    <div class=\"highlight\"><\/div>\r\n  <\/div>\r\n<\/div>\r\n<div class=\"panel\">\r\n    <div class=\"answer-letter\">R<\/div>\r\n    <div class=\"answer clamp_p\">\r\n       <img decoding=\"async\" src=\"\/wp-content\/uploads\/2025\/08\/gf2025-venue-graphic-FR-3.png\" \/>\r\n    <\/div>\r\n<\/div>\r\n\r\n\r\n<!-- question 2 - What's included -->\r\n\r\n<div class=\"reg-acc\">\r\n    <div class=\"question-wrapper\">\r\n        <div class=\"question-letter\">Q<\/div>\r\n        <div class=\"question\">Qu\u2019est-ce qui est inclus dans ma r\u00e9servation d\u2019h\u00f4tel\u00a0?<\/div>\r\n        <div class=\"highlight\"><\/div>\r\n    <\/div>\r\n<\/div>\r\n<div class=\"panel\">\r\n    <div class=\"answer-letter\">R<\/div>\r\n    <div class=\"answer clamp_p\">\r\n        <div class=\"cat-container\">\r\n            <div class=\"abs-cat\"><i class=\"fa fa-check-square\"><\/i><span style=\"padding-left: 5px;\">Tous les frais et taxes<\/span><\/div>\r\n             <div class=\"abs-cat\"><i class=\"fa fa-check-square\"><\/i><span style=\"padding-left: 5px;\">Petit-d\u00e9jeuner buffet pendant les jours de r\u00e9union<\/span><\/div>\r\n            <div class=\"abs-cat\"><i class=\"fa fa-check-square\"><\/i><span style=\"padding-left: 5px;\">Acc\u00e8s Internet sans fil standard<\/span><\/div>\r\n            <div class=\"abs-cat\"><i class=\"fa fa-check-square\"><\/i><span style=\"padding-left: 5px;\">Service de pr\u00e9paration de lit quotidien avec bouteille d\u2019eau offerte<\/span><\/div>\r\n            <div class=\"abs-cat\"><i class=\"fa fa-check-square\"><\/i><span style=\"padding-left: 5px;\">Couettes et oreillers en duvet<\/span><\/div>\r\n            <div class=\"abs-cat\"><i class=\"fa fa-check-square\"><\/i><span style=\"padding-left: 5px;\">Literie hypoallerg\u00e9nique sur demande<\/span><\/div>\r\n            <div class=\"abs-cat\"><i class=\"fa fa-check-square\"><\/i><span style=\"padding-left: 5px;\">Machine Nespresso dans la chambre<\/span><\/div>\r\n        <\/div>\r\n    <\/div>\r\n<\/div>\r\n\r\n\r\n<!-- question 3 - hotel reservations -->\r\n\r\n<div class=\"reg-acc\">\r\n  <div class=\"question-wrapper\">\r\n    <div class=\"question-letter\">Q<\/div>\r\n    <div class=\"question\">Comment puis-je modifier ou annuler ma r\u00e9servation d\u2019h\u00f4tel\u00a0?<\/div>\r\n    <div class=\"highlight\"><\/div>\r\n  <\/div>\r\n<\/div>\r\n<div class=\"panel\">\r\n    <div class=\"answer-letter\">R<\/div>\r\n    <div class=\"answer clamp_p\">\r\n        <p>Toute modification ou annulation de votre inscription doit \u00eatre envoy\u00e9e par \u00e9crit \u00e0\u00a0: <a href=\"mailto:gf@wfh.org\">gf@wfh.org<\/a>. Une confirmation de la modification ou de l\u2019annulation de la r\u00e9servation vous sera envoy\u00e9e.<\/p>\r\n        <p>Toutes les demandes sont soumises aux conditions suivantes\u00a0:<\/p>\r\n        <ul>\r\n            <li>Aucun changement de nom n\u2019est autoris\u00e9. Tout changement de nom sera soumis \u00e0 la politique d\u2019annulation. <strong>Veuillez ne pas contacter l\u2019h\u00f4tel directement.<\/strong><\/li>\r\n            <li>Aucun remboursement ne sera accord\u00e9 pour les annulations re\u00e7ues apr\u00e8s le 10 octobre 2025.<\/li>\r\n            <li>Aucun remboursement ne sera accord\u00e9 pour les d\u00e9parts anticip\u00e9s.<\/li>\r\n        <\/ul>\r\n    <\/div>\r\n<\/div>\r\n\r\n\r\n<!-- question 4 - group bookings -->\r\n\r\n<div class=\"reg-acc\">\r\n    <div class=\"question-wrapper\">\r\n        <div class=\"question-letter\">Q<\/div>\r\n        <div class=\"question\">Comment puis-je effectuer une r\u00e9servation de groupe\u00a0?<\/div>\r\n        <div class=\"highlight\"><\/div>\r\n    <\/div>\r\n<\/div>\r\n<div class=\"panel\" style=\"border-bottom:0;\">\r\n    <div class=\"answer-letter\">R<\/div>\r\n    <p class=\"answer clamp_p\"><strong>Vous inscrivez-vous pour un groupe de 10 personnes ou plus\u00a0?<\/strong> Cliquez <a href=\"\/wp-content\/uploads\/2025\/07\/gf2025-group-template-form.xlsx\" target=\"_blank\">ici<\/a> pour t\u00e9l\u00e9charger le formulaire de groupe. Veuillez envoyer le formulaire rempli \u00e0\u00a0: <a href=\"mailto:gf@wfh.org\">gf@wfh.org<\/a> au plus tard le 1<sup>er<\/sup> octobre 2025.<\/p>\r\n<\/div>\r\n\r\n\r\n\r\n\r\n<script>\r\nvar regAcc = document.getElementsByClassName(\"reg-acc\");\r\nvar i;\r\n\r\nfor (i = 0; i < regAcc.length; i++) {\r\n    regAcc[i].addEventListener(\"click\", function() {\r\n        this.classList.toggle(\"active\");\r\n        var panel = this.nextElementSibling;\r\n        if (panel.style.maxHeight) {\r\n            panel.style.maxHeight = null;\r\n        } else {\r\n            setTimeout(() => {\r\n                panel.style.maxHeight = panel.scrollHeight + \"px\";\r\n            }, 250);\r\n        } \r\n    });\r\n}\r\n\r\n\/\/ regAcc[0].click();\r\n\r\n<\/script>\r\n\r\n\r\n<style>\r\n.highlight {\r\n    height: 100%;\r\n    width: 100%;\r\n    position: absolute;\r\n    top: 0;\r\n    bottom: 0;\r\n    left: 0;\r\n    right: 0;\r\n    opacity: 0;\r\n    transition: .5s ease;\r\n    background-image: linear-gradient(to right, #51A346, #1f3f78);\r\n}\r\n\r\n\r\n.reg-acc.active:after {\r\n    content: \"\\2212\";\r\n}\r\n    \r\n.reg-acc {\r\n    cursor: pointer;\r\n    width: 100%;\r\n    outline: none;\r\n    transition: 0.4s;\r\n    display: flex;\r\n    align-items: center;\r\n    justify-content: space-between;\r\n    position: relative;\r\n}\r\n\r\n.question-wrapper {\r\n    display:flex;\r\n    justify-content: flex-start;\r\n    padding: 1.4rem 0 1rem 0;\r\n}\r\n\r\n .reg-acc:hover .highlight {\r\n    opacity: .1;\r\n}\r\n\r\n.question-letter, .answer-letter { \r\n    padding-left: 0.5rem;\r\n    font-size: 1.4em;\r\n    min-width: 3em;\r\n    font-weight: bold;\r\n    font-family: \"Avenir Black\", Sans-serif;\r\n}\r\n\r\n.question-letter { \r\n    align-self: flex-start;\r\n    color: #1f3f78;\r\n}    \r\n\r\n.answer-letter {\r\n    padding-top: 0.4rem;\r\n    color: #ed174c;\r\n}    \r\n\r\n.question { \r\n    margin: auto;\r\n    height: fit-content;\r\n    font-size: 1.1em;\r\n    font-weight: bold;\r\n    font-family: \"Avenir Black\", Sans-serif;\r\n}\r\n\r\n\r\n.answer {\r\n    height: fit-content;\r\n    padding: 0.5rem 5% 1.5rem 0;\r\n    margin:0;\r\n    font-family:\"Avenir Book\", Sans-serif;\r\n    font-weight: normal;\r\n}\r\n\r\n.reg-acc:after {\r\n    content: '\\002B';\r\n    padding: 0 1.5em;\r\n    font-size: 1.25em;\r\n    color: #1f3f78;\r\n    font-weight: 800;\r\n}\r\n\r\n.panel {\r\n    background-color: transparent;\r\n    max-height: 0;\r\n    height: 100%;\r\n    overflow: hidden;\r\n    transition: max-height 0.2s ease-out;\r\n    outline: none;\r\n    transition: 0.4s;\r\n    text-align:left;\r\n    display:flex;\r\n    border-bottom: 1px dashed #1f3f7855;\r\n}\r\n \r\n<\/style>\r\n\t\t\t\t<\/div>\n\t\t\t\t<\/div>\n\t\t\t\t<div class=\"elementor-element elementor-element-2d93ffc elementor-widget elementor-widget-text-editor\" data-id=\"2d93ffc\" data-element_type=\"widget\" data-e-type=\"widget\" data-widget_type=\"text-editor.default\">\n\t\t\t\t<div class=\"elementor-widget-container\">\n\t\t\t\t\t\t\t\t\t<p class=\"\">Pour plus d\u2019informations, veuillez contacter <a href=\"mailto:gf@wfh.org\">gf@wfh.org<\/a>.<\/p>\n\t\t\t\t\t\t\t\t<\/div>\n\t\t\t\t<\/div>\n\t\t\t\t\t<\/div>\n\t\t<\/div>\n\t\t\t\t\t<\/div>\n\t\t<\/section>\n\t\t\t\t<section class=\"elementor-section elementor-top-section elementor-element elementor-element-435ed6e elementor-section-full_width elementor-section-height-default elementor-section-height-default\" data-id=\"435ed6e\" data-element_type=\"section\" data-e-type=\"section\" id=\"travel\" data-settings=\"{&quot;background_background&quot;:&quot;classic&quot;}\">\n\t\t\t\t\t\t<div class=\"elementor-container elementor-column-gap-default\">\n\t\t\t\t\t<div class=\"elementor-column elementor-col-50 elementor-top-column elementor-element elementor-element-4076ea3\" data-id=\"4076ea3\" data-element_type=\"column\" data-e-type=\"column\">\n\t\t\t<div class=\"elementor-widget-wrap\">\n\t\t\t\t\t\t\t<\/div>\n\t\t<\/div>\n\t\t\t\t<div class=\"elementor-column elementor-col-50 elementor-top-column elementor-element elementor-element-7435c8e\" data-id=\"7435c8e\" data-element_type=\"column\" data-e-type=\"column\" data-settings=\"{&quot;background_background&quot;:&quot;classic&quot;}\">\n\t\t\t<div class=\"elementor-widget-wrap elementor-element-populated\">\n\t\t\t\t\t<div class=\"elementor-background-overlay\"><\/div>\n\t\t\t\t\t\t<div class=\"elementor-element elementor-element-ab48d93 clamp_h2 elementor-widget elementor-widget-heading\" data-id=\"ab48d93\" data-element_type=\"widget\" data-e-type=\"widget\" data-widget_type=\"heading.default\">\n\t\t\t\t<div class=\"elementor-widget-container\">\n\t\t\t\t\t<h2 class=\"elementor-heading-title elementor-size-default\">VOYAGE<\/h2>\t\t\t\t<\/div>\n\t\t\t\t<\/div>\n\t\t\t\t<div class=\"elementor-element elementor-element-459d807 elementor-widget elementor-widget-text-editor\" data-id=\"459d807\" data-element_type=\"widget\" data-e-type=\"widget\" data-widget_type=\"text-editor.default\">\n\t\t\t\t<div class=\"elementor-widget-container\">\n\t\t\t\t\t\t\t\t\t<p class=\"\">Nous sommes ravis d&rsquo;annoncer qu&rsquo;Air Canada, Air France, KLM et United se sont associ\u00e9s \u00e0 la FMH pour proposer des r\u00e9ductions exclusives sur leurs tarifs aux participants du Forum mondial de la WFH. Profitez de ces prix r\u00e9duits et venez converser au Forum mondial !<\/p>\n\t\t\t\t\t\t\t\t<\/div>\n\t\t\t\t<\/div>\n\t\t\t\t<div class=\"elementor-element elementor-element-a3a2c46 clamp_p elementor-widget elementor-widget-text-editor\" data-id=\"a3a2c46\" data-element_type=\"widget\" data-e-type=\"widget\" data-widget_type=\"text-editor.default\">\n\t\t\t\t<div class=\"elementor-widget-container\">\n\t\t\t\t\t\t\t\t\t<p class=\"\">Conditions d\u2019utilisation du code <strong style=\"color: #51a346;\">Forum mondial<\/strong>\u00a0:<\/p>\n<ol>\n<li>La r\u00e9servation doit \u00eatre effectu\u00e9e pour la ville suivante : Montr\u00e9al, YUL (CA)<\/li>\n<li>Les dates du voyage doivent \u00eatre incluses entre le jeudi 6 novembre 2025 et le vendredi 21 novembre 2025.<\/li>\n<\/ol>\n\t\t\t\t\t\t\t\t<\/div>\n\t\t\t\t<\/div>\n\t\t\t\t<div class=\"elementor-element elementor-element-e8c2cc1 clamp_p elementor-widget elementor-widget-accordion\" data-id=\"e8c2cc1\" data-element_type=\"widget\" data-e-type=\"widget\" data-widget_type=\"accordion.default\">\n\t\t\t\t<div class=\"elementor-widget-container\">\n\t\t\t\t\t\t\t<div class=\"elementor-accordion\">\n\t\t\t\t\t\t\t<div class=\"elementor-accordion-item\">\n\t\t\t\t\t<div id=\"elementor-tab-title-2441\" class=\"elementor-tab-title\" data-tab=\"1\" role=\"button\" aria-controls=\"elementor-tab-content-2441\" aria-expanded=\"false\">\n\t\t\t\t\t\t\t\t\t\t\t\t\t<span class=\"elementor-accordion-icon elementor-accordion-icon-right\" aria-hidden=\"true\">\n\t\t\t\t\t\t\t\t\t\t\t\t\t\t\t<span class=\"elementor-accordion-icon-closed\"><i class=\"fas fa-chevron-down\"><\/i><\/span>\n\t\t\t\t\t\t\t\t<span class=\"elementor-accordion-icon-opened\"><i class=\"fas fa-chevron-up\"><\/i><\/span>\n\t\t\t\t\t\t\t\t\t\t\t\t\t\t<\/span>\n\t\t\t\t\t\t\t\t\t\t\t\t<a class=\"elementor-accordion-title\" tabindex=\"0\"><img decoding=\"async\" src=\"https:\/\/wfh.org\/wp-content\/uploads\/2025\/08\/air-canada-symbol.png\" >Air Canada<\/a>\n\t\t\t\t\t<\/div>\n\t\t\t\t\t<div id=\"elementor-tab-content-2441\" class=\"elementor-tab-content elementor-clearfix\" data-tab=\"1\" role=\"region\" aria-labelledby=\"elementor-tab-title-2441\"><p class=\"clamp_p\">Pour r\u00e9server un vol avec votre code promotionnel, rendez-vous sur <a href=\"https:\/\/www.aircanada.com\/\">aircanada.com<\/a> et entrez votre code promotionnel dans la fen\u00eatre \u00ab\u00a0Code promotionnel\u00a0\u00bb\u00a0: <strong>V8PXG3J1<\/strong><\/p>\n<\/div>\n\t\t\t\t<\/div>\n\t\t\t\t\t\t\t<div class=\"elementor-accordion-item\">\n\t\t\t\t\t<div id=\"elementor-tab-title-2442\" class=\"elementor-tab-title\" data-tab=\"2\" role=\"button\" aria-controls=\"elementor-tab-content-2442\" aria-expanded=\"false\">\n\t\t\t\t\t\t\t\t\t\t\t\t\t<span class=\"elementor-accordion-icon elementor-accordion-icon-right\" aria-hidden=\"true\">\n\t\t\t\t\t\t\t\t\t\t\t\t\t\t\t<span class=\"elementor-accordion-icon-closed\"><i class=\"fas fa-chevron-down\"><\/i><\/span>\n\t\t\t\t\t\t\t\t<span class=\"elementor-accordion-icon-opened\"><i class=\"fas fa-chevron-up\"><\/i><\/span>\n\t\t\t\t\t\t\t\t\t\t\t\t\t\t<\/span>\n\t\t\t\t\t\t\t\t\t\t\t\t<a class=\"elementor-accordion-title\" tabindex=\"0\"><img decoding=\"async\" src=\"\/wp-content\/uploads\/2025\/08\/air-france-symbol.png\" \/>Air France et&nbsp;&nbsp;&nbsp;<img decoding=\"async\" style=\"vertical-align: top\" src=\"https:\/\/wfh.org\/wp-content\/uploads\/2025\/08\/klm-symbol.png\">KLM<\/a>\n\t\t\t\t\t<\/div>\n\t\t\t\t\t<div id=\"elementor-tab-content-2442\" class=\"elementor-tab-content elementor-clearfix\" data-tab=\"2\" role=\"region\" aria-labelledby=\"elementor-tab-title-2442\"><p class=\"clamp_p\">La r\u00e9duction n&rsquo;est disponible que si la r\u00e9servation est effectu\u00e9e en euros (\u20ac) sur le site <a href=\"https:\/\/www.airfrance.com\" target=\"_blank\" rel=\"noopener\">airfrance.com<\/a> ou <a href=\"https:\/\/www.klm.com\/\" target=\"_blank\" rel=\"noopener\">klm.com<\/a>. Si vous r\u00e9servez depuis un pays dont la devise n&rsquo;est pas l&rsquo;euro, veuillez vous connecter au site web d&rsquo;un pays dont la devise est l&rsquo;euro.<\/p>\n<ol style=\"margin-bottom: 1rem;\">\n<li>Suivez la proc\u00e9dure de r\u00e9servation habituelle. Lorsque l&rsquo;on vous demande si vous \u00ab voyagez pour affaires \u00bb, s\u00e9lectionnez OUI et utilisez votre OIN d&rsquo;entreprise. Si vous n&rsquo;avez pas d&rsquo;OIN d&rsquo;entreprise, veuillez utiliser MICE comme \u00ab nom du contrat \u00bb. Cela garantira la reconnaissance de l&rsquo;entreprise Air France-KLM associ\u00e9e au programme \u00ab Global Meetings and Events \u00bb pendant vos vols.<\/li>\n<li>Apr\u00e8s avoir renseign\u00e9 vos informations personnelles, cliquez sur \u00ab Passer aux informations de paiement \u00bb. En bas de la page, saisissez <strong>GME60170AF<\/strong> dans le champ \u00ab Code de r\u00e9duction \u00bb.<\/li>\n<\/ol>\n<p><\/p>\n<p class=\"clamp_p\">Le code IDC ne fonctionnera que <strong>si le prix minimum de votre billet d&rsquo;avion est sup\u00e9rieur \u00e0 170 \u20ac<\/strong>.<\/p>\n<p><\/p>\n<p class=\"clamp_p\">En saisissant l&rsquo;OIN d&rsquo;entreprise ou MICE dans le nom du contrat, vous b\u00e9n\u00e9ficierez gratuitement de la <strong>s\u00e9lection de si\u00e8ge standard<\/strong>, de l&rsquo;<strong>embarquement prioritaire<\/strong> et, selon la classe de r\u00e9servation, d&rsquo;un <strong>changement de nom de passager gratuit<\/strong>.<\/p>\n<\/div>\n\t\t\t\t<\/div>\n\t\t\t\t\t\t\t<div class=\"elementor-accordion-item\">\n\t\t\t\t\t<div id=\"elementor-tab-title-2443\" class=\"elementor-tab-title\" data-tab=\"3\" role=\"button\" aria-controls=\"elementor-tab-content-2443\" aria-expanded=\"false\">\n\t\t\t\t\t\t\t\t\t\t\t\t\t<span class=\"elementor-accordion-icon elementor-accordion-icon-right\" aria-hidden=\"true\">\n\t\t\t\t\t\t\t\t\t\t\t\t\t\t\t<span class=\"elementor-accordion-icon-closed\"><i class=\"fas fa-chevron-down\"><\/i><\/span>\n\t\t\t\t\t\t\t\t<span class=\"elementor-accordion-icon-opened\"><i class=\"fas fa-chevron-up\"><\/i><\/span>\n\t\t\t\t\t\t\t\t\t\t\t\t\t\t<\/span>\n\t\t\t\t\t\t\t\t\t\t\t\t<a class=\"elementor-accordion-title\" tabindex=\"0\"><img decoding=\"async\" src=\"https:\/\/www.united.com\/2500e4e62233fbfe8ac6.unitedLogoNew.svg\" >United<\/a>\n\t\t\t\t\t<\/div>\n\t\t\t\t\t<div id=\"elementor-tab-content-2443\" class=\"elementor-tab-content elementor-clearfix\" data-tab=\"3\" role=\"region\" aria-labelledby=\"elementor-tab-title-2443\"><p class=\"clamp_p\">Pour effectuer des r\u00e9servations de vol en ligne, veuillez cliquer sur le code de r\u00e9duction : <a href=\"https:\/\/www.united.com\/ual\/en\/us\/booking\/searchinjection?txtPromoCode=ZRF9891906\"><strong>ZRF9891906<\/strong><\/a><\/p>\n<p><\/p>\n<p class=\"clamp_p\">Les membres MileagePlus<sup>\u00ae<\/sup> gagnent des miles pour leurs voyages lorsqu&rsquo;ils utilisent le code de r\u00e9duction United Meetings\u2120.<\/p>\n<p><\/p>\n<p class=\"clamp_p\">Vous pouvez \u00e9galement appeler le service de r\u00e9servation United Meetings du lundi au vendredi, de 7 h \u00e0 20 h (heure centrale), sauf les jours f\u00e9ri\u00e9s am\u00e9ricains, au (800) 426-1122 pour obtenir de l&rsquo;aide pour votre r\u00e9servation, ou vous rendre sur <a href=\"https:\/\/united.com\/meetingtravel\">united.com\/meetingtravel<\/a> et saisir le code ci-dessus.<\/p>\n<p><\/p>\n<p class=\"clamp_p\">Les frais de r\u00e9servation sont offerts pour les r\u00e9servations United Meetings. Les clients internationaux peuvent contacter leur service de r\u00e9servation United<sup>\u00ae<\/sup> local.<\/p>\n<\/div>\n\t\t\t\t<\/div>\n\t\t\t\t\t\t\t\t<\/div>\n\t\t\t\t\t\t<\/div>\n\t\t\t\t<\/div>\n\t\t\t\t<div class=\"elementor-element elementor-element-f6e2df7 clamp_p elementor-widget elementor-widget-text-editor\" data-id=\"f6e2df7\" data-element_type=\"widget\" data-e-type=\"widget\" data-widget_type=\"text-editor.default\">\n\t\t\t\t<div class=\"elementor-widget-container\">\n\t\t\t\t\t\t\t\t\t<p>Pour plus d\u2019informations, veuillez contacter <a href=\"mailto:gf@wfh.org\">gf@wfh.org<\/a>.<\/p>\n\t\t\t\t\t\t\t\t<\/div>\n\t\t\t\t<\/div>\n\t\t\t\t<div class=\"elementor-element elementor-element-d15be01 elementor-hidden-desktop elementor-hidden-tablet elementor-hidden-mobile elementor-widget elementor-widget-html\" data-id=\"d15be01\" data-element_type=\"widget\" data-e-type=\"widget\" data-widget_type=\"html.default\">\n\t\t\t\t<div class=\"elementor-widget-container\">\n\t\t\t\t\t<div class=\"row\">\r\n    \r\n      <div class=\"col-md-4 col-sm-6\">\r\n        <img decoding=\"async\" src=\"\/wp-content\/uploads\/2023\/08\/gf-travel-air-canada.png\"\/>\r\n    <\/div>\r\n    <div class=\"col-md-4 col-sm-6\">\r\n        <img decoding=\"async\" src=\"\/wp-content\/uploads\/2023\/08\/gf-travel-airlines-transparent.png\"\/>\r\n    <\/div>\r\n    <div class=\"col-md-4 col-sm-6\">\r\n        <img decoding=\"async\" src=\"\/wp-content\/uploads\/2025\/08\/united-logo.png\"\/>\r\n    <\/div>\r\n   \r\n\r\n<\/div>\t\t\t\t<\/div>\n\t\t\t\t<\/div>\n\t\t\t\t\t<\/div>\n\t\t<\/div>\n\t\t\t\t\t<\/div>\n\t\t<\/section>\n\t\t\t\t<section class=\"elementor-section elementor-top-section elementor-element elementor-element-cafd599 elementor-section-full_width elementor-section-height-default elementor-section-height-default\" data-id=\"cafd599\" data-element_type=\"section\" data-e-type=\"section\" id=\"news\" data-settings=\"{&quot;background_background&quot;:&quot;classic&quot;}\">\n\t\t\t\t\t\t\t<div class=\"elementor-background-overlay\"><\/div>\n\t\t\t\t\t\t\t<div class=\"elementor-container elementor-column-gap-default\">\n\t\t\t\t\t<div class=\"elementor-column elementor-col-50 elementor-top-column elementor-element elementor-element-04b8a41 elementor-hidden-tablet elementor-hidden-mobile\" data-id=\"04b8a41\" data-element_type=\"column\" data-e-type=\"column\">\n\t\t\t<div class=\"elementor-widget-wrap\">\n\t\t\t\t\t\t\t<\/div>\n\t\t<\/div>\n\t\t\t\t<div class=\"elementor-column elementor-col-50 elementor-top-column elementor-element elementor-element-edae9e4\" data-id=\"edae9e4\" data-element_type=\"column\" data-e-type=\"column\">\n\t\t\t<div class=\"elementor-widget-wrap elementor-element-populated\">\n\t\t\t\t\t\t<div class=\"elementor-element elementor-element-1d9773e clamp_h2 elementor-widget elementor-widget-heading\" data-id=\"1d9773e\" data-element_type=\"widget\" data-e-type=\"widget\" data-widget_type=\"heading.default\">\n\t\t\t\t<div class=\"elementor-widget-container\">\n\t\t\t\t\t<h2 class=\"elementor-heading-title elementor-size-default\">ACTUALIT\u00c9S DU FORUM MONDIAL<\/h2>\t\t\t\t<\/div>\n\t\t\t\t<\/div>\n\t\t\t\t<div class=\"elementor-element elementor-element-eac9b32 elementor-posts--thumbnail-top elementor-grid-3 elementor-grid-tablet-2 elementor-grid-mobile-1 elementor-widget elementor-widget-posts\" data-id=\"eac9b32\" data-element_type=\"widget\" data-e-type=\"widget\" data-settings=\"{&quot;custom_columns&quot;:&quot;3&quot;,&quot;custom_columns_tablet&quot;:&quot;2&quot;,&quot;custom_columns_mobile&quot;:&quot;1&quot;,&quot;custom_row_gap&quot;:{&quot;unit&quot;:&quot;px&quot;,&quot;size&quot;:35,&quot;sizes&quot;:[]},&quot;custom_row_gap_tablet&quot;:{&quot;unit&quot;:&quot;px&quot;,&quot;size&quot;:&quot;&quot;,&quot;sizes&quot;:[]},&quot;custom_row_gap_mobile&quot;:{&quot;unit&quot;:&quot;px&quot;,&quot;size&quot;:&quot;&quot;,&quot;sizes&quot;:[]}}\" data-widget_type=\"posts.custom\">\n\t\t\t\t<div class=\"elementor-widget-container\">\n\t\t\t\t\t      <div class=\"ecs-posts elementor-posts-container elementor-posts   elementor-grid elementor-posts--skin-custom\" data-settings=\"{&quot;current_page&quot;:1,&quot;max_num_pages&quot;:0,&quot;load_method&quot;:&quot;&quot;,&quot;widget_id&quot;:&quot;eac9b32&quot;,&quot;post_id&quot;:149747,&quot;theme_id&quot;:149747,&quot;change_url&quot;:false,&quot;reinit_js&quot;:false}\">\n      <div class=\"elementor-posts-nothing-found\"><\/div>\t\t<\/div>\n\t\t\t\t\t\t<\/div>\n\t\t\t\t<\/div>\n\t\t\t\t<div class=\"elementor-element elementor-element-5c878d0 elementor-align-center elementor-widget elementor-widget-button\" data-id=\"5c878d0\" data-element_type=\"widget\" data-e-type=\"widget\" id=\"view-all-ccs-news\" data-widget_type=\"button.default\">\n\t\t\t\t<div class=\"elementor-widget-container\">\n\t\t\t\t\t\t\t\t\t<div class=\"elementor-button-wrapper\">\n\t\t\t\t\t<a class=\"elementor-button elementor-button-link elementor-size-sm\" href=\"https:\/\/wfh.org\/fr\/actualites\/?wpv-category=wfh-global-forum\">\n\t\t\t\t\t\t<span class=\"elementor-button-content-wrapper\">\n\t\t\t\t\t\t<span class=\"elementor-button-icon\">\n\t\t\t\t<i aria-hidden=\"true\" class=\"fas fa-arrow-right\"><\/i>\t\t\t<\/span>\n\t\t\t\t\t\t\t\t\t<span class=\"elementor-button-text\">D\u00e9couvrir les actualit\u00e9s du Forum mondial<\/span>\n\t\t\t\t\t<\/span>\n\t\t\t\t\t<\/a>\n\t\t\t\t<\/div>\n\t\t\t\t\t\t\t\t<\/div>\n\t\t\t\t<\/div>\n\t\t\t\t\t<\/div>\n\t\t<\/div>\n\t\t\t\t\t<\/div>\n\t\t<\/section>\n\t\t\t\t<section class=\"elementor-section elementor-top-section elementor-element elementor-element-f59e5c6 elementor-section-full_width elementor-section-height-default elementor-section-height-default\" data-id=\"f59e5c6\" data-element_type=\"section\" data-e-type=\"section\" id=\"sponsors\" data-settings=\"{&quot;background_background&quot;:&quot;classic&quot;}\">\n\t\t\t\t\t\t\t<div class=\"elementor-background-overlay\"><\/div>\n\t\t\t\t\t\t\t<div class=\"elementor-container elementor-column-gap-default\">\n\t\t\t\t\t<div class=\"elementor-column elementor-col-50 elementor-top-column elementor-element elementor-element-0a80a09 elementor-hidden-mobile elementor-hidden-tablet\" data-id=\"0a80a09\" data-element_type=\"column\" data-e-type=\"column\">\n\t\t\t<div class=\"elementor-widget-wrap\">\n\t\t\t\t\t\t\t<\/div>\n\t\t<\/div>\n\t\t\t\t<div class=\"elementor-column elementor-col-50 elementor-top-column elementor-element elementor-element-fa7f420\" data-id=\"fa7f420\" data-element_type=\"column\" data-e-type=\"column\">\n\t\t\t<div class=\"elementor-widget-wrap elementor-element-populated\">\n\t\t\t\t\t\t<div class=\"elementor-element elementor-element-7b811b1 clamp_h2 elementor-widget elementor-widget-heading\" data-id=\"7b811b1\" data-element_type=\"widget\" data-e-type=\"widget\" data-widget_type=\"heading.default\">\n\t\t\t\t<div class=\"elementor-widget-container\">\n\t\t\t\t\t<h2 class=\"elementor-heading-title elementor-size-default\">PARTENAIRES<\/h2>\t\t\t\t<\/div>\n\t\t\t\t<\/div>\n\t\t\t\t<div class=\"elementor-element elementor-element-2abe055 clamp_p elementor-widget elementor-widget-text-editor\" data-id=\"2abe055\" data-element_type=\"widget\" data-e-type=\"widget\" data-widget_type=\"text-editor.default\">\n\t\t\t\t<div class=\"elementor-widget-container\">\n\t\t\t\t\t\t\t\t\t<p class=\"\">Pour plus d\u2019informations sur les possibilit\u00e9s de partenariats pour le 14<sup>e<\/sup> Forum mondial, veuillez contacter notre Gestionnaire des relations avec les partenaires \u00e0 l\u2019adresse suivante\u00a0<a href=\"mailto:cpp@wfh.org\">cpp@wfh.org<\/a>.<\/p>\n\t\t\t\t\t\t\t\t<\/div>\n\t\t\t\t<\/div>\n\t\t\t\t<div class=\"elementor-element elementor-element-15c60dd clamp_p elementor-widget elementor-widget-text-editor\" data-id=\"15c60dd\" data-element_type=\"widget\" data-e-type=\"widget\" data-widget_type=\"text-editor.default\">\n\t\t\t\t<div class=\"elementor-widget-container\">\n\t\t\t\t\t\t\t\t\t<p class=\"\">Le 14<sup>e<\/sup> Forum mondial de la FMH b\u00e9n\u00e9ficie du soutien financier de :<\/p>\n\t\t\t\t\t\t\t\t<\/div>\n\t\t\t\t<\/div>\n\t\t\t\t<div class=\"elementor-element elementor-element-94d5773 elementor-widget elementor-widget-html\" data-id=\"94d5773\" data-element_type=\"widget\" data-e-type=\"widget\" data-widget_type=\"html.default\">\n\t\t\t\t<div class=\"elementor-widget-container\">\n\t\t\t\t\t<div class=\"row\">\r\n    \r\n      <div class=\"col-md-4 col-sm-6\">\r\n        <img decoding=\"async\" src=\"\/wp-content\/uploads\/2024\/01\/CSL-Behring.png\"\/>\r\n    <\/div>\r\n    <div class=\"col-md-4 col-sm-6\">\r\n        <img decoding=\"async\" src=\"\/wp-content\/uploads\/2022\/01\/Pfizer-transparent.png\"\/>\r\n    <\/div>\r\n    <div class=\"col-md-4 col-sm-6\">\r\n        <img decoding=\"async\" src=\"\/wp-content\/uploads\/2022\/02\/Sanofi-logo-transparent.png\"\/>\r\n    <\/div>\r\n    <div class=\"col-md-4 col-sm-6\">\r\n        <img decoding=\"async\" src=\"\/wp-content\/uploads\/2022\/01\/Sobi-transparent.png\"\/>\r\n    <\/div>\r\n\r\n<\/div>\t\t\t\t<\/div>\n\t\t\t\t<\/div>\n\t\t\t\t<div class=\"elementor-element elementor-element-53ebd4e clamp_p elementor-widget elementor-widget-text-editor\" data-id=\"53ebd4e\" data-element_type=\"widget\" data-e-type=\"widget\" data-widget_type=\"text-editor.default\">\n\t\t\t\t<div class=\"elementor-widget-container\">\n\t\t\t\t\t\t\t\t\t<p class=\"\">Avec le soutien suppl\u00e9mentaire\u00a0de\u00a0:<\/p>\n\t\t\t\t\t\t\t\t<\/div>\n\t\t\t\t<\/div>\n\t\t\t\t<div class=\"elementor-element elementor-element-ce346c5 elementor-widget elementor-widget-html\" data-id=\"ce346c5\" data-element_type=\"widget\" data-e-type=\"widget\" data-widget_type=\"html.default\">\n\t\t\t\t<div class=\"elementor-widget-container\">\n\t\t\t\t\t<div class=\"row\">\r\n    \r\n    <div class=\"col-md-4 col-sm-6\">\r\n        <img decoding=\"async\" src=\"\/wp-content\/uploads\/2022\/03\/biomarin-transparent.png\"\/>\r\n    <\/div>\r\n    \r\n    \r\n<\/div>\t\t\t\t<\/div>\n\t\t\t\t<\/div>\n\t\t\t\t\t<\/div>\n\t\t<\/div>\n\t\t\t\t\t<\/div>\n\t\t<\/section>\n\t\t\t\t<\/div>\n\t\t","protected":false},"excerpt":{"rendered":"<p>LIENS RAPIDES \u00c0 propos du Forum mondial Communication gouvernementale Programme Informations sur l\u2019inscription Comit\u00e9 et conf\u00e9renciers Lieu Voyage Actualit\u00e9s du Forum mondial Partenaires Advances and access to safe treatment products [&hellip;]<\/p>\n","protected":false},"author":3,"featured_media":154352,"parent":0,"menu_order":0,"comment_status":"closed","ping_status":"closed","template":"elementor_header_footer","meta":{"inline_featured_image":false,"footnotes":""},"search-category":[],"class_list":["post-149747","page","type-page","status-publish","has-post-thumbnail","hentry"],"yoast_head":"<!-- This site is optimized with the Yoast SEO Premium plugin v27.2 (Yoast SEO v27.2) - https:\/\/yoast.com\/product\/yoast-seo-premium-wordpress\/ -->\n<title>Forum mondial 2025 de la FMH | FMH - F\u00e9d\u00e9ration mondiale de l\u2019h\u00e9mophilie<\/title>\n<meta name=\"robots\" content=\"index, follow, max-snippet:-1, max-image-preview:large, max-video-preview:-1\" \/>\n<link rel=\"canonical\" href=\"https:\/\/wfh.org\/fr\/forum-mondial\/\" \/>\n<meta property=\"og:locale\" content=\"fr_FR\" \/>\n<meta property=\"og:type\" content=\"article\" \/>\n<meta property=\"og:title\" content=\"Forum mondial 2025 de la FMH\" \/>\n<meta property=\"og:description\" content=\"LIENS RAPIDES \u00c0 propos du Forum mondial Communication gouvernementale Programme Informations sur l\u2019inscription Comit\u00e9 et conf\u00e9renciers Lieu Voyage Actualit\u00e9s du Forum mondial Partenaires Advances and access to safe treatment products [&hellip;]\" \/>\n<meta property=\"og:url\" content=\"https:\/\/wfh.org\/fr\/forum-mondial\/\" \/>\n<meta property=\"og:site_name\" content=\"FMH - F\u00e9d\u00e9ration mondiale de l\u2019h\u00e9mophilie\" \/>\n<meta property=\"article:publisher\" content=\"https:\/\/www.facebook.com\/wfhemophilia\/\" \/>\n<meta property=\"article:modified_time\" content=\"2025-11-10T18:11:50+00:00\" \/>\n<meta property=\"og:image\" content=\"https:\/\/wfh.org\/wp-content\/uploads\/2025\/08\/GF-reg-open-article-header-FR.jpg\" \/>\n\t<meta property=\"og:image:width\" content=\"1200\" \/>\n\t<meta property=\"og:image:height\" content=\"627\" \/>\n\t<meta property=\"og:image:type\" content=\"image\/jpeg\" \/>\n<meta name=\"twitter:card\" content=\"summary_large_image\" \/>\n<meta name=\"twitter:label1\" content=\"Dur\u00e9e de lecture estim\u00e9e\" \/>\n\t<meta name=\"twitter:data1\" content=\"39 minutes\" \/>\n<script type=\"application\/ld+json\" class=\"yoast-schema-graph\">{\"@context\":\"https:\/\/schema.org\",\"@graph\":[{\"@type\":\"WebPage\",\"@id\":\"https:\/\/wfh.org\/fr\/forum-mondial\/\",\"url\":\"https:\/\/wfh.org\/fr\/forum-mondial\/\",\"name\":\"Forum mondial 2025 de la FMH | FMH - F\u00e9d\u00e9ration mondiale de l\u2019h\u00e9mophilie\",\"isPartOf\":{\"@id\":\"https:\/\/wfh.org\/fr\/#website\"},\"primaryImageOfPage\":{\"@id\":\"https:\/\/wfh.org\/fr\/forum-mondial\/#primaryimage\"},\"image\":{\"@id\":\"https:\/\/wfh.org\/fr\/forum-mondial\/#primaryimage\"},\"thumbnailUrl\":\"https:\/\/wfh.org\/wp-content\/uploads\/2025\/08\/GF-reg-open-article-header-FR.jpg\",\"datePublished\":\"2025-07-24T12:51:01+00:00\",\"dateModified\":\"2025-11-10T18:11:50+00:00\",\"inLanguage\":\"fr-FR\",\"potentialAction\":[{\"@type\":\"ReadAction\",\"target\":[\"https:\/\/wfh.org\/fr\/forum-mondial\/\"]}]},{\"@type\":\"ImageObject\",\"inLanguage\":\"fr-FR\",\"@id\":\"https:\/\/wfh.org\/fr\/forum-mondial\/#primaryimage\",\"url\":\"https:\/\/wfh.org\/wp-content\/uploads\/2025\/08\/GF-reg-open-article-header-FR.jpg\",\"contentUrl\":\"https:\/\/wfh.org\/wp-content\/uploads\/2025\/08\/GF-reg-open-article-header-FR.jpg\",\"width\":1200,\"height\":627,\"caption\":\"Ouverture des inscriptions : rejoignez-nous pour le 14e Forum mondial de la FMH\"},{\"@type\":\"WebSite\",\"@id\":\"https:\/\/wfh.org\/fr\/#website\",\"url\":\"https:\/\/wfh.org\/fr\/\",\"name\":\"FMH - F\u00e9d\u00e9ration mondiale de l\u2019h\u00e9mophilie\",\"description\":\"WFH - World Federation of Hemophilia\",\"publisher\":{\"@id\":\"https:\/\/wfh.org\/fr\/#organization\"},\"potentialAction\":[{\"@type\":\"SearchAction\",\"target\":{\"@type\":\"EntryPoint\",\"urlTemplate\":\"https:\/\/wfh.org\/fr\/?s={search_term_string}\"},\"query-input\":{\"@type\":\"PropertyValueSpecification\",\"valueRequired\":true,\"valueName\":\"search_term_string\"}}],\"inLanguage\":\"fr-FR\"},{\"@type\":\"Organization\",\"@id\":\"https:\/\/wfh.org\/fr\/#organization\",\"name\":\"World Federation of Hemophilia\",\"url\":\"https:\/\/wfh.org\/fr\/\",\"logo\":{\"@type\":\"ImageObject\",\"inLanguage\":\"fr-FR\",\"@id\":\"https:\/\/wfh.org\/fr\/#\/schema\/logo\/image\/\",\"url\":\"https:\/\/wfh.org\/wp-content\/uploads\/2021\/10\/WFH-LOGO-ENGLISH.svg\",\"contentUrl\":\"https:\/\/wfh.org\/wp-content\/uploads\/2021\/10\/WFH-LOGO-ENGLISH.svg\",\"width\":210,\"height\":63,\"caption\":\"World Federation of Hemophilia\"},\"image\":{\"@id\":\"https:\/\/wfh.org\/fr\/#\/schema\/logo\/image\/\"},\"sameAs\":[\"https:\/\/www.facebook.com\/wfhemophilia\/\"]}]}<\/script>\n<!-- \/ Yoast SEO Premium plugin. -->","yoast_head_json":{"title":"Forum mondial 2025 de la FMH | FMH - F\u00e9d\u00e9ration mondiale de l\u2019h\u00e9mophilie","robots":{"index":"index","follow":"follow","max-snippet":"max-snippet:-1","max-image-preview":"max-image-preview:large","max-video-preview":"max-video-preview:-1"},"canonical":"https:\/\/wfh.org\/fr\/forum-mondial\/","og_locale":"fr_FR","og_type":"article","og_title":"Forum mondial 2025 de la FMH","og_description":"LIENS RAPIDES \u00c0 propos du Forum mondial Communication gouvernementale Programme Informations sur l\u2019inscription Comit\u00e9 et conf\u00e9renciers Lieu Voyage Actualit\u00e9s du Forum mondial Partenaires Advances and access to safe treatment products [&hellip;]","og_url":"https:\/\/wfh.org\/fr\/forum-mondial\/","og_site_name":"FMH - F\u00e9d\u00e9ration mondiale de l\u2019h\u00e9mophilie","article_publisher":"https:\/\/www.facebook.com\/wfhemophilia\/","article_modified_time":"2025-11-10T18:11:50+00:00","og_image":[{"width":1200,"height":627,"url":"https:\/\/wfh.org\/wp-content\/uploads\/2025\/08\/GF-reg-open-article-header-FR.jpg","type":"image\/jpeg"}],"twitter_card":"summary_large_image","twitter_misc":{"Dur\u00e9e de lecture estim\u00e9e":"39 minutes"},"schema":{"@context":"https:\/\/schema.org","@graph":[{"@type":"WebPage","@id":"https:\/\/wfh.org\/fr\/forum-mondial\/","url":"https:\/\/wfh.org\/fr\/forum-mondial\/","name":"Forum mondial 2025 de la FMH | FMH - F\u00e9d\u00e9ration mondiale de l\u2019h\u00e9mophilie","isPartOf":{"@id":"https:\/\/wfh.org\/fr\/#website"},"primaryImageOfPage":{"@id":"https:\/\/wfh.org\/fr\/forum-mondial\/#primaryimage"},"image":{"@id":"https:\/\/wfh.org\/fr\/forum-mondial\/#primaryimage"},"thumbnailUrl":"https:\/\/wfh.org\/wp-content\/uploads\/2025\/08\/GF-reg-open-article-header-FR.jpg","datePublished":"2025-07-24T12:51:01+00:00","dateModified":"2025-11-10T18:11:50+00:00","inLanguage":"fr-FR","potentialAction":[{"@type":"ReadAction","target":["https:\/\/wfh.org\/fr\/forum-mondial\/"]}]},{"@type":"ImageObject","inLanguage":"fr-FR","@id":"https:\/\/wfh.org\/fr\/forum-mondial\/#primaryimage","url":"https:\/\/wfh.org\/wp-content\/uploads\/2025\/08\/GF-reg-open-article-header-FR.jpg","contentUrl":"https:\/\/wfh.org\/wp-content\/uploads\/2025\/08\/GF-reg-open-article-header-FR.jpg","width":1200,"height":627,"caption":"Ouverture des inscriptions : rejoignez-nous pour le 14e Forum mondial de la FMH"},{"@type":"WebSite","@id":"https:\/\/wfh.org\/fr\/#website","url":"https:\/\/wfh.org\/fr\/","name":"FMH - F\u00e9d\u00e9ration mondiale de l\u2019h\u00e9mophilie","description":"WFH - World Federation of Hemophilia","publisher":{"@id":"https:\/\/wfh.org\/fr\/#organization"},"potentialAction":[{"@type":"SearchAction","target":{"@type":"EntryPoint","urlTemplate":"https:\/\/wfh.org\/fr\/?s={search_term_string}"},"query-input":{"@type":"PropertyValueSpecification","valueRequired":true,"valueName":"search_term_string"}}],"inLanguage":"fr-FR"},{"@type":"Organization","@id":"https:\/\/wfh.org\/fr\/#organization","name":"World Federation of Hemophilia","url":"https:\/\/wfh.org\/fr\/","logo":{"@type":"ImageObject","inLanguage":"fr-FR","@id":"https:\/\/wfh.org\/fr\/#\/schema\/logo\/image\/","url":"https:\/\/wfh.org\/wp-content\/uploads\/2021\/10\/WFH-LOGO-ENGLISH.svg","contentUrl":"https:\/\/wfh.org\/wp-content\/uploads\/2021\/10\/WFH-LOGO-ENGLISH.svg","width":210,"height":63,"caption":"World Federation of Hemophilia"},"image":{"@id":"https:\/\/wfh.org\/fr\/#\/schema\/logo\/image\/"},"sameAs":["https:\/\/www.facebook.com\/wfhemophilia\/"]}]}},"_links":{"self":[{"href":"https:\/\/wfh.org\/fr\/wp-json\/wp\/v2\/pages\/149747","targetHints":{"allow":["GET"]}}],"collection":[{"href":"https:\/\/wfh.org\/fr\/wp-json\/wp\/v2\/pages"}],"about":[{"href":"https:\/\/wfh.org\/fr\/wp-json\/wp\/v2\/types\/page"}],"author":[{"embeddable":true,"href":"https:\/\/wfh.org\/fr\/wp-json\/wp\/v2\/users\/3"}],"replies":[{"embeddable":true,"href":"https:\/\/wfh.org\/fr\/wp-json\/wp\/v2\/comments?post=149747"}],"version-history":[{"count":0,"href":"https:\/\/wfh.org\/fr\/wp-json\/wp\/v2\/pages\/149747\/revisions"}],"wp:featuredmedia":[{"embeddable":true,"href":"https:\/\/wfh.org\/fr\/wp-json\/wp\/v2\/media\/154352"}],"wp:attachment":[{"href":"https:\/\/wfh.org\/fr\/wp-json\/wp\/v2\/media?parent=149747"}],"wp:term":[{"taxonomy":"search-category","embeddable":true,"href":"https:\/\/wfh.org\/fr\/wp-json\/wp\/v2\/search-category?post=149747"}],"curies":[{"name":"wp","href":"https:\/\/api.w.org\/{rel}","templated":true}]}}