{"version":"1.0","provider_name":"FMH - F\u00e9d\u00e9ration mondiale de l\u2019h\u00e9mophilie","provider_url":"https:\/\/wfh.org\/fr\/","author_name":"Mitch Semienchuk","author_url":"https:\/\/wfh.org\/fr\/article\/author\/msemienchukwfh-org\/","title":"Journ\u00e9e mondiale de l\u2019h\u00e9mophilie 2026 : le th\u00e8me r\u00e9v\u00e9l\u00e9 !","type":"rich","width":600,"height":338,"html":"<blockquote class=\"wp-embedded-content\" data-secret=\"pwNpY3EmGh\"><a href=\"https:\/\/wfh.org\/fr\/article\/journee-mondiale-de-lhemophilie-2026-le-theme-revele\/\">Journ\u00e9e mondiale de l\u2019h\u00e9mophilie 2026 : le th\u00e8me r\u00e9v\u00e9l\u00e9 !<\/a><\/blockquote><iframe sandbox=\"allow-scripts\" security=\"restricted\" src=\"https:\/\/wfh.org\/fr\/article\/journee-mondiale-de-lhemophilie-2026-le-theme-revele\/embed\/#?secret=pwNpY3EmGh\" width=\"600\" height=\"338\" title=\"\u00ab\u00a0Journ\u00e9e mondiale de l\u2019h\u00e9mophilie 2026 : le th\u00e8me r\u00e9v\u00e9l\u00e9 !\u00a0\u00bb &#8212; FMH - F\u00e9d\u00e9ration mondiale de l\u2019h\u00e9mophilie\" data-secret=\"pwNpY3EmGh\" frameborder=\"0\" marginwidth=\"0\" marginheight=\"0\" scrolling=\"no\" class=\"wp-embedded-content\"><\/iframe><script>\n\/*! This file is auto-generated *\/\n!function(d,l){\"use strict\";l.querySelector&&d.addEventListener&&\"undefined\"!=typeof URL&&(d.wp=d.wp||{},d.wp.receiveEmbedMessage||(d.wp.receiveEmbedMessage=function(e){var t=e.data;if((t||t.secret||t.message||t.value)&&!\/[^a-zA-Z0-9]\/.test(t.secret)){for(var s,r,n,a=l.querySelectorAll('iframe[data-secret=\"'+t.secret+'\"]'),o=l.querySelectorAll('blockquote[data-secret=\"'+t.secret+'\"]'),c=new RegExp(\"^https?:$\",\"i\"),i=0;i<o.length;i++)o[i].style.display=\"none\";for(i=0;i<a.length;i++)s=a[i],e.source===s.contentWindow&&(s.removeAttribute(\"style\"),\"height\"===t.message?(1e3<(r=parseInt(t.value,10))?r=1e3:~~r<200&&(r=200),s.height=r):\"link\"===t.message&&(r=new URL(s.getAttribute(\"src\")),n=new URL(t.value),c.test(n.protocol))&&n.host===r.host&&l.activeElement===s&&(d.top.location.href=t.value))}},d.addEventListener(\"message\",d.wp.receiveEmbedMessage,!1),l.addEventListener(\"DOMContentLoaded\",function(){for(var e,t,s=l.querySelectorAll(\"iframe.wp-embedded-content\"),r=0;r<s.length;r++)(t=(e=s[r]).getAttribute(\"data-secret\"))||(t=Math.random().toString(36).substring(2,12),e.src+=\"#?secret=\"+t,e.setAttribute(\"data-secret\",t)),e.contentWindow.postMessage({message:\"ready\",secret:t},\"*\")},!1)))}(window,document);\n\/\/# sourceURL=https:\/\/wfh.org\/wp-includes\/js\/wp-embed.min.js\n<\/script>\n","thumbnail_url":"https:\/\/wfh.org\/wp-content\/uploads\/2025\/10\/WHD-2026-article-header-FR2.jpg","thumbnail_width":1200,"thumbnail_height":628,"description":"Le 17 avril 2026, la communaut\u00e9 mondiale des troubles h\u00e9r\u00e9ditaires de la coagulation se r\u00e9unira \u00e0 l'occasion de la Journ\u00e9e mondiale de l'h\u00e9mophilie afin de sensibiliser le public \u00e0 tous les troubles h\u00e9r\u00e9ditaires de la coagulation. Le th\u00e8me de cette ann\u00e9e, \u00ab Diagnostic : premi\u00e8re \u00e9tape du soin \u00bb, souligne l'importance cruciale du diagnostic, premi\u00e8re \u00e9tape essentielle du traitement et des soins. La FMH estime que plus des trois quarts de la population mondiale atteinte d'h\u00e9mophilie n'est pas diagnostiqu\u00e9e, et que cet \u00e9cart est encore plus important pour les autres troubles de la coagulation. Cela signifie que des centaines de milliers de personnes atteintes de troubles de la coagulation dans le monde n'ont toujours pas acc\u00e8s aux soins \u00e9l\u00e9mentaires. Nous avons le pouvoir et la volont\u00e9 commune de changer cette situation. Nous pouvons am\u00e9liorer les r\u00e9sultats diagnostiques en renfor\u00e7ant les comp\u00e9tences des professionnels de sant\u00e9 et en am\u00e9liorant l'efficacit\u00e9 des laboratoires."}